{"id":969,"date":"2016-01-29T15:14:20","date_gmt":"2016-01-29T14:14:20","guid":{"rendered":"http:\/\/bedooo.com\/?page_id=969"},"modified":"2018-10-30T20:08:30","modified_gmt":"2018-10-30T19:08:30","slug":"fia-swift-cup-europe-2015","status":"publish","type":"page","link":"https:\/\/www.swiftcupeurope.com\/en\/bajnoksagold\/fia-swift-cup-europe-2015\/","title":{"rendered":"FIA Swift Cup Europe 2015"},"content":{"rendered":"<p>[av_section min_height=&#8217;custom&#8217; min_height_px=&#8217;500px&#8217; padding=&#8217;default&#8217; shadow=&#8217;no-border-styling&#8217; bottom_border=&#8217;no-border-styling&#8217; bottom_border_diagonal_color=&#8217;#333333&#8242; bottom_border_diagonal_direction=&#8221; bottom_border_style=&#8221; custom_arrow_bg=&#8221; id=&#8221; color=&#8217;main_color&#8217; background=&#8217;bg_color&#8217; custom_bg=&#8217;#333333&#8242; background_gradient_color1=&#8221; background_gradient_color2=&#8221; background_gradient_direction=&#8217;vertical&#8217; src=&#8217;http:\/\/supercar.s3w.hu\/wp-content\/uploads\/2018\/07\/elvalaszto-2.png&#8217; attachment=&#8217;120&#8242; attachment_size=&#8217;full&#8217; attach=&#8217;scroll&#8217; position=&#8217;top center&#8217; repeat=&#8217;no-repeat&#8217; video=&#8221; video_ratio=&#8217;16:9&#8242; overlay_opacity=&#8217;0.5&#8242; overlay_color=&#8221; overlay_pattern=&#8221; overlay_custom_pattern=&#8221; av_element_hidden_in_editor=&#8217;0&#8242; av_uid=&#8217;av-jjtzeh7h&#8217; custom_class=&#8221;]<\/p>\n<p>[av_two_third first min_height=&#8221; vertical_alignment=&#8221; space=&#8221; custom_margin=&#8221; margin=&#8217;0px&#8217; link=&#8221; linktarget=&#8221; link_hover=&#8221; padding=&#8217;0px&#8217; border=&#8221; border_color=&#8221; radius=&#8217;0px&#8217; background=&#8217;bg_color&#8217; background_color=&#8221; background_gradient_color1=&#8221; background_gradient_color2=&#8221; background_gradient_direction=&#8217;vertical&#8217; src=&#8221; background_position=&#8217;top left&#8217; background_repeat=&#8217;no-repeat&#8217; animation=&#8221; mobile_breaking=&#8221; mobile_display=&#8221; av_uid=&#8217;av-oaft&#8217;]<\/p>\n<p>[av_heading tag=&#8217;h1&#8242; padding=&#8217;10&#8217; heading=&#8217;FIA Swift Cup Europe 2015&#8242; color=&#8217;custom-color-heading&#8217; style=&#8221; custom_font=&#8217;#ffffff&#8217; size=&#8221; subheading_active=&#8221; subheading_size=&#8217;15&#8217; custom_class=&#8221; admin_preview_bg=&#8221; av-desktop-hide=&#8221; av-medium-hide=&#8221; av-small-hide=&#8221; av-mini-hide=&#8221; av-medium-font-size-title=&#8221; av-small-font-size-title=&#8221; av-mini-font-size-title=&#8221; av-medium-font-size=&#8221; av-small-font-size=&#8221; av-mini-font-size=&#8221; margin=&#8221;][\/av_heading]<\/p>\n<p>[av_tab_container position=&#8217;top_tab&#8217; boxed=&#8217;border_tabs&#8217; initial=&#8217;1&#8242; av_uid=&#8217;av-jnua998c&#8217; custom_class=&#8221;]<br \/>\n[av_tab title=&#8217;FIA Swift Cup Europe International&#8217; icon_select=&#8217;no&#8217; icon=&#8217;ue800&#8242; font=&#8217;entypo-fontello&#8217;]<\/p>\n<table width=\"384\">\n<tbody>\n<tr>\n<td width=\"44\">No.<\/td>\n<td width=\"131\">Name<\/td>\n<td width=\"152\">Team<\/td>\n<td width=\"57\">Points<\/td>\n<\/tr>\n<tr>\n<td>1<\/td>\n<td>Tomas Bizub<\/td>\n<td>GFS Racing Team<\/td>\n<td>166<\/td>\n<\/tr>\n<tr>\n<td>1<\/td>\n<td>Bernula Istva\u0301n<\/td>\n<td>GFS Racing Team<\/td>\n<td>166<\/td>\n<\/tr>\n<tr>\n<td>3<\/td>\n<td>Tim Ga\u0301bor<\/td>\n<td>Apex Racing<\/td>\n<td>141<\/td>\n<\/tr>\n<tr>\n<td>4<\/td>\n<td>Csi\u0301k Ja\u0301nos<\/td>\n<td>GFS Racing Team<\/td>\n<td>112<\/td>\n<\/tr>\n<tr>\n<td>5<\/td>\n<td>Balogh Zolta\u0301n<\/td>\n<td>BZ Racing<\/td>\n<td>101<\/td>\n<\/tr>\n<tr>\n<td>6<\/td>\n<td>Tobias Weichenberger<\/td>\n<td>Suzuki Team Austria<\/td>\n<td>100<\/td>\n<\/tr>\n<tr>\n<td>7<\/td>\n<td>Christoph Zellhofer<\/td>\n<td>Suzuki Team Austria<\/td>\n<td>85<\/td>\n<\/tr>\n<tr>\n<td>8<\/td>\n<td>Me\u0301sza\u0301ros Ga\u0301bor<\/td>\n<td>GFS Racing Team<\/td>\n<td>77<\/td>\n<\/tr>\n<tr>\n<td>9<\/td>\n<td>Keijo-Keke Platzer<\/td>\n<td>Niedertscheider Motorsport<\/td>\n<td>70<\/td>\n<\/tr>\n<tr>\n<td>10<\/td>\n<td>Ga\u0301spa\u0301r Zsolt<\/td>\n<td>GFS Racing Team<\/td>\n<td>67<\/td>\n<\/tr>\n<tr>\n<td>11<\/td>\n<td>F\u00fcge Krisztia\u0301n<\/td>\n<td>Wixxico<\/td>\n<td>65<\/td>\n<\/tr>\n<tr>\n<td>12<\/td>\n<td>Ga\u0301spa\u0301r Csaba<\/td>\n<td>Unicorse<\/td>\n<td>62<\/td>\n<\/tr>\n<tr>\n<td>13<\/td>\n<td>Lukas Puchinger<\/td>\n<td>Suzuki Team Austria<\/td>\n<td>57<\/td>\n<\/tr>\n<tr>\n<td>14<\/td>\n<td>Alexander Maier<\/td>\n<td>Suzuki Team Austria<\/td>\n<td>52<\/td>\n<\/tr>\n<tr>\n<td>15<\/td>\n<td>Martin Zelhofer<\/td>\n<td>Suzuki Team Austria<\/td>\n<td>50<\/td>\n<\/tr>\n<tr>\n<td>16<\/td>\n<td>Egy\u00fcd Ga\u0301bor<\/td>\n<td>GFS Racing Team<\/td>\n<td>48<\/td>\n<\/tr>\n<tr>\n<td>17<\/td>\n<td>Balogh Bence<\/td>\n<td>GFS Racing Team<\/td>\n<td>48<\/td>\n<\/tr>\n<tr>\n<td>18<\/td>\n<td>Markus Hilberger<\/td>\n<td>Suzuki Team Austria<\/td>\n<td>39<\/td>\n<\/tr>\n<tr>\n<td>19<\/td>\n<td>Burkus Egon<\/td>\n<td>GFS Racing Team<\/td>\n<td>38<\/td>\n<\/tr>\n<tr>\n<td>20<\/td>\n<td>Zigmars Lapa<\/td>\n<td>Suzuki Team Austria<\/td>\n<td>37<\/td>\n<\/tr>\n<tr>\n<td>21<\/td>\n<td>Thomas Berger<\/td>\n<td>Suzuki Team Austria<\/td>\n<td>35<\/td>\n<\/tr>\n<tr>\n<td>22<\/td>\n<td>Forrai Ga\u0301bor<\/td>\n<td>Apex Racing<\/td>\n<td>32<\/td>\n<\/tr>\n<tr>\n<td>23<\/td>\n<td>Me\u0301he\u0301sz Attila<\/td>\n<td>GFS Racing Team<\/td>\n<td>25<\/td>\n<\/tr>\n<tr>\n<td>24<\/td>\n<td>Straub Krisztia\u0301n<\/td>\n<td>GFS Racing Team<\/td>\n<td>19<\/td>\n<\/tr>\n<tr>\n<td>25<\/td>\n<td>Max Wimmer<\/td>\n<td>Suzuki Team Austria<\/td>\n<td>19<\/td>\n<\/tr>\n<tr>\n<td>26<\/td>\n<td>Szi\u0301jj Csaba<\/td>\n<td>Speedy Motorsport<\/td>\n<td>17<\/td>\n<\/tr>\n<tr>\n<td>27<\/td>\n<td>Michael Bohm<\/td>\n<td>Suzuki Team Austria<\/td>\n<td>14<\/td>\n<\/tr>\n<tr>\n<td>28<\/td>\n<td>Ra\u0301cz Gyula<\/td>\n<td>Botka Rallye Team<\/td>\n<td>11<\/td>\n<\/tr>\n<tr>\n<td>29<\/td>\n<td>Peter Eibisberger<\/td>\n<td>Suzuki Team Austria<\/td>\n<td>9<\/td>\n<\/tr>\n<tr>\n<td>30<\/td>\n<td>Walter Kuss<\/td>\n<td>Suzuki Team Austria<\/td>\n<td>7<\/td>\n<\/tr>\n<tr>\n<td>31<\/td>\n<td>Andreas Aigner<\/td>\n<td>Suzuki Team Austria<\/td>\n<td>6<\/td>\n<\/tr>\n<tr>\n<td>32<\/td>\n<td>Werner Jedinger<\/td>\n<td>Suzuki Team Austria<\/td>\n<td>4<\/td>\n<\/tr>\n<tr>\n<td>33<\/td>\n<td>Wolfgang Rehberger<\/td>\n<td>Suzuki Team Austria<\/td>\n<td>3<\/td>\n<\/tr>\n<tr>\n<td>34<\/td>\n<td>Anton Bauer<\/td>\n<td>Suzuki Team Austria<\/td>\n<td>3<\/td>\n<\/tr>\n<tr>\n<td>35<\/td>\n<td>J\u00fcrgen Norbert Fux<\/td>\n<td>Suzuki Team Austria<\/td>\n<td>2<\/td>\n<\/tr>\n<tr>\n<td>36<\/td>\n<td>Johannes Maderthaner<\/td>\n<td>Suzuki Team Austria<\/td>\n<td>1<\/td>\n<\/tr>\n<tr>\n<td>37<\/td>\n<td>Vizin Tama\u0301s<\/td>\n<td>BV Motorsport<\/td>\n<td>0<\/td>\n<\/tr>\n<tr>\n<td>38<\/td>\n<td>Peter Gross<\/td>\n<td>Suzuki Team Austria<\/td>\n<td>0<\/td>\n<\/tr>\n<tr>\n<td>39<\/td>\n<td>Marcel Krailler<\/td>\n<td>Suzuki Team Austria<\/td>\n<td>0<\/td>\n<\/tr>\n<tr>\n<td>40<\/td>\n<td>Vnoucsekne\u0301 Ilus<\/td>\n<td>Formula Student<\/td>\n<td>0<\/td>\n<\/tr>\n<tr>\n<td>41<\/td>\n<td>Hermann Neubauer<\/td>\n<td>Suzuki Team Austria<\/td>\n<td>0<\/td>\n<\/tr>\n<\/tbody>\n<\/table>\n<p>[\/av_tab]<br \/>\n[av_tab title=&#8217;SCE Magyar&#8217; icon_select=&#8217;no&#8217; icon=&#8217;ue800&#8242; font=&#8217;entypo-fontello&#8217;]<\/p>\n<table border=\"0\" width=\"384\" cellspacing=\"0\" cellpadding=\"0\">\n<tbody>\n<tr>\n<td class=\"xl66\" width=\"44\" height=\"15\">No.<\/td>\n<td class=\"xl65\" width=\"131\">Name<\/td>\n<td class=\"xl65\" width=\"152\">Team<\/td>\n<td class=\"xl68\" width=\"57\">Points<\/td>\n<\/tr>\n<tr>\n<td class=\"xl66\" height=\"15\">1<\/td>\n<td class=\"xl65\">Bernula Istv\u00e1n<\/td>\n<td class=\"xl65\">GFS Racing Team<\/td>\n<td class=\"xl67\">295<\/td>\n<\/tr>\n<tr>\n<td class=\"xl66\" height=\"15\">2<\/td>\n<td class=\"xl65\">Balogh Zolt\u00e1n<\/td>\n<td class=\"xl65\">BZ Racing<\/td>\n<td class=\"xl67\">272<\/td>\n<\/tr>\n<tr>\n<td class=\"xl66\" height=\"15\">3<\/td>\n<td class=\"xl65\">Keszthelyi Vivien<\/td>\n<td class=\"xl65\">Oxxo Motorpsort<\/td>\n<td class=\"xl67\">238<\/td>\n<\/tr>\n<tr>\n<td class=\"xl66\" height=\"15\">4<\/td>\n<td class=\"xl65\">M\u00e9sz\u00e1ros G\u00e1bor<\/td>\n<td class=\"xl69\">GFS Racing Team<\/td>\n<td class=\"xl67\">207<\/td>\n<\/tr>\n<tr>\n<td class=\"xl66\" height=\"15\">5<\/td>\n<td class=\"xl65\">Fekete Bal\u00e1zs<\/td>\n<td class=\"xl69\">GFS Racing Team<\/td>\n<td class=\"xl67\">162<\/td>\n<\/tr>\n<tr>\n<td class=\"xl66\" height=\"15\">6<\/td>\n<td class=\"xl65\">F\u00fcge Kriszti\u00e1n<\/td>\n<td class=\"xl65\">Wixxico<\/td>\n<td class=\"xl67\">151<\/td>\n<\/tr>\n<tr>\n<td class=\"xl66\" height=\"15\">7<\/td>\n<td class=\"xl65\">Tim G\u00e1bor<\/td>\n<td class=\"xl65\">Apex Racing<\/td>\n<td class=\"xl67\">140<\/td>\n<\/tr>\n<tr>\n<td class=\"xl66\" height=\"15\">8<\/td>\n<td class=\"xl65\">Cs\u00edk J\u00e1nos<\/td>\n<td class=\"xl69\">GFS Racing Team<\/td>\n<td class=\"xl67\">130<\/td>\n<\/tr>\n<tr>\n<td class=\"xl66\" height=\"15\">9<\/td>\n<td class=\"xl65\">Egy\u00fcd G\u00e1bor<\/td>\n<td class=\"xl69\">GFS Racing Team<\/td>\n<td class=\"xl67\">115<\/td>\n<\/tr>\n<tr>\n<td class=\"xl66\" height=\"15\">10<\/td>\n<td class=\"xl65\">Forrai G\u00e1bor<\/td>\n<td class=\"xl65\">Apex Racing<\/td>\n<td class=\"xl67\">82<\/td>\n<\/tr>\n<tr>\n<td class=\"xl66\" height=\"15\">11<\/td>\n<td class=\"xl65\">G\u00e1sp\u00e1r Zsolt<\/td>\n<td class=\"xl69\">GFS Racing Team<\/td>\n<td class=\"xl67\">74<\/td>\n<\/tr>\n<tr>\n<td class=\"xl66\" height=\"15\">12<\/td>\n<td class=\"xl65\">G\u00e1sp\u00e1r Csaba<\/td>\n<td class=\"xl65\">Unicorse<\/td>\n<td class=\"xl67\">67<\/td>\n<\/tr>\n<tr>\n<td class=\"xl66\" height=\"15\">13<\/td>\n<td class=\"xl65\">Burkus Egon<\/td>\n<td class=\"xl69\">GFS Racing Team<\/td>\n<td class=\"xl67\">47<\/td>\n<\/tr>\n<tr>\n<td class=\"xl66\" height=\"15\">14<\/td>\n<td class=\"xl65\">M\u00e9h\u00e9sz Attila<\/td>\n<td class=\"xl69\">GFS Racing Team<\/td>\n<td class=\"xl67\">41<\/td>\n<\/tr>\n<tr>\n<td class=\"xl66\" height=\"15\">15<\/td>\n<td class=\"xl65\">Vnoucsekn\u00e9 Ilus<\/td>\n<td class=\"xl65\">Formula Student<\/td>\n<td class=\"xl67\">36<\/td>\n<\/tr>\n<tr>\n<td class=\"xl66\" height=\"15\">16<\/td>\n<td class=\"xl65\">Straub Kriszti\u00e1n<\/td>\n<td class=\"xl69\">GFS Racing Team<\/td>\n<td class=\"xl67\">28<\/td>\n<\/tr>\n<tr>\n<td class=\"xl66\" height=\"15\">17<\/td>\n<td class=\"xl65\">Sz\u00edjj Csaba<\/td>\n<td class=\"xl65\">Speedy Motorsport<\/td>\n<td class=\"xl67\">18<\/td>\n<\/tr>\n<tr>\n<td class=\"xl66\" height=\"15\">18<\/td>\n<td class=\"xl65\">Simon Di\u00e1na<\/td>\n<td class=\"xl65\">Oxxo Motorpsort<\/td>\n<td class=\"xl67\">12<\/td>\n<\/tr>\n<tr>\n<td class=\"xl66\" height=\"15\">19<\/td>\n<td class=\"xl65\">R\u00e1cz Gyula<\/td>\n<td class=\"xl65\">Botka Rallye Team<\/td>\n<td class=\"xl67\">12<\/td>\n<\/tr>\n<tr>\n<td class=\"xl66\" height=\"15\">20<\/td>\n<td class=\"xl65\">Vizin Tam\u00e1s<\/td>\n<td class=\"xl65\">BV Motorsport<\/td>\n<td class=\"xl67\">0<\/td>\n<\/tr>\n<tr>\n<td class=\"xl66\" height=\"15\">21<\/td>\n<td class=\"xl65\">Beny\u00f3 M\u00e1t\u00e9<\/td>\n<td class=\"xl69\">GFS Racing Team<\/td>\n<td class=\"xl67\">0<\/td>\n<\/tr>\n<tr>\n<td class=\"xl66\" height=\"15\">22<\/td>\n<td class=\"xl65\">Simon Bendeg\u00faz<\/td>\n<td class=\"xl65\">Oxxo Motorpsort<\/td>\n<td class=\"xl67\">0<\/td>\n<\/tr>\n<\/tbody>\n<\/table>\n<p>[\/av_tab]<br \/>\n[av_tab title=&#8217;SCE Junior&#8217; icon_select=&#8217;no&#8217; icon=&#8217;ue800&#8242; font=&#8217;entypo-fontello&#8217;]<\/p>\n<table border=\"0\" width=\"384\" cellspacing=\"0\" cellpadding=\"0\">\n<tbody>\n<tr>\n<td class=\"xl66\" height=\"15\">No.<\/td>\n<td class=\"xl65\">Name<\/td>\n<td class=\"xl65\">Team<\/td>\n<td class=\"xl68\">Points<\/td>\n<\/tr>\n<tr>\n<td class=\"xl66\" height=\"15\">1<\/td>\n<td class=\"xl65\">Balogh Zolt\u00e1n<\/td>\n<td class=\"xl65\">BZ Racing<\/td>\n<td class=\"xl67\">361<\/td>\n<\/tr>\n<tr>\n<td class=\"xl66\" height=\"15\">2<\/td>\n<td class=\"xl65\">Keszthelyi Vivien<\/td>\n<td class=\"xl65\">Oxxo Motorpsort<\/td>\n<td class=\"xl67\">294<\/td>\n<\/tr>\n<tr>\n<td class=\"xl66\" height=\"15\">3<\/td>\n<td class=\"xl65\">Fekete Bal\u00e1zs<\/td>\n<td class=\"xl69\">GFS Racing Team<\/td>\n<td class=\"xl67\">268<\/td>\n<\/tr>\n<tr>\n<td class=\"xl66\" height=\"15\">4<\/td>\n<td class=\"xl65\">Simon Di\u00e1na<\/td>\n<td class=\"xl65\">Oxxo Motorpsort<\/td>\n<td class=\"xl67\">28<\/td>\n<\/tr>\n<tr>\n<td class=\"xl66\" height=\"15\">5<\/td>\n<td class=\"xl65\">Simon Bendeg\u00faz<\/td>\n<td class=\"xl65\">Oxxo Motorpsort<\/td>\n<td class=\"xl67\">0<\/td>\n<\/tr>\n<\/tbody>\n<\/table>\n<p>[\/av_tab]<br \/>\n[av_tab title=&#8217;SCE Lady&#8217; icon_select=&#8217;no&#8217; icon=&#8217;ue800&#8242; font=&#8217;entypo-fontello&#8217;]<\/p>\n<table border=\"0\" width=\"384\" cellspacing=\"0\" cellpadding=\"0\">\n<tbody>\n<tr>\n<td class=\"xl66\" height=\"15\">No.<\/td>\n<td class=\"xl65\">Name<\/td>\n<td class=\"xl65\">Team<\/td>\n<td class=\"xl68\">Points<\/td>\n<\/tr>\n<tr>\n<td class=\"xl66\" height=\"15\">1<\/td>\n<td class=\"xl65\">Keszthelyi Vivien<\/td>\n<td class=\"xl65\">Oxxo Motorpsort<\/td>\n<td class=\"xl67\">335<\/td>\n<\/tr>\n<tr>\n<td class=\"xl66\" height=\"15\">2<\/td>\n<td class=\"xl65\">Vnoucsekn\u00e9 Ilus<\/td>\n<td class=\"xl65\">Formula Student<\/td>\n<td class=\"xl67\">85<\/td>\n<\/tr>\n<tr>\n<td class=\"xl66\" height=\"15\">3<\/td>\n<td class=\"xl65\">Simon Di\u00e1na<\/td>\n<td class=\"xl65\">Oxxo Motorpsort<\/td>\n<td class=\"xl67\">41<\/td>\n<\/tr>\n<\/tbody>\n<\/table>\n<p>[\/av_tab]<br \/>\n[\/av_tab_container]<\/p>\n<p>[\/av_two_third][av_one_third min_height=&#8221; vertical_alignment=&#8221; space=&#8221; custom_margin=&#8221; margin=&#8217;0px&#8217; link=&#8221; linktarget=&#8221; link_hover=&#8221; padding=&#8217;0px&#8217; border=&#8221; border_color=&#8221; radius=&#8217;0px&#8217; background=&#8217;bg_color&#8217; background_color=&#8221; background_gradient_color1=&#8221; background_gradient_color2=&#8221; background_gradient_direction=&#8217;vertical&#8217; src=&#8221; background_position=&#8217;top left&#8217; background_repeat=&#8217;no-repeat&#8217; animation=&#8221; mobile_breaking=&#8221; mobile_display=&#8221; av_uid=&#8217;av-w6aa&#8217;]<\/p>\n<p>[av_sidebar av_uid=&#8217;av-b8thy&#8217; widget_area=&#8217;Displayed Everywhere&#8217;]<\/p>\n<p>[\/av_one_third][\/av_section][av_section min_height=&#8217;custom&#8217; min_height_px=&#8217;227px&#8217; padding=&#8217;no-padding&#8217; shadow=&#8217;no-border-styling&#8217; bottom_border=&#8217;no-border-styling&#8217; bottom_border_diagonal_color=&#8217;#333333&#8242; bottom_border_diagonal_direction=&#8221; bottom_border_style=&#8221; custom_arrow_bg=&#8221; id=&#8221; color=&#8217;main_color&#8217; background=&#8217;bg_color&#8217; custom_bg=&#8217;#333333&#8242; background_gradient_color1=&#8221; background_gradient_color2=&#8221; background_gradient_direction=&#8217;vertical&#8217; src=&#8217;http:\/\/supercar.s3w.hu\/wp-content\/uploads\/2018\/07\/elvalaszto3.png&#8217; attachment=&#8217;146&#8242; attachment_size=&#8217;full&#8217; attach=&#8217;scroll&#8217; position=&#8217;bottom center&#8217; repeat=&#8217;stretch&#8217; video=&#8221; video_ratio=&#8217;16:9&#8242; overlay_opacity=&#8217;0.5&#8242; overlay_color=&#8221; overlay_pattern=&#8221; overlay_custom_pattern=&#8221; av_element_hidden_in_editor=&#8217;0&#8242; av_uid=&#8217;av-jjzmhkob&#8217; custom_class=&#8221;][\/av_section]<\/p>","protected":false},"excerpt":{"rendered":"<p>[av_section min_height=&#8217;custom&#8217; min_height_px=&#8217;500px&#8217; padding=&#8217;default&#8217; shadow=&#8217;no-border-styling&#8217; bottom_border=&#8217;no-border-styling&#8217; bottom_border_diagonal_color=&#8217;#333333&#8242; bottom_border_diagonal_direction=&#8221; bottom_border_style=&#8221; custom_arrow_bg=&#8221; id=&#8221; color=&#8217;main_color&#8217; background=&#8217;bg_color&#8217; custom_bg=&#8217;#333333&#8242; background_gradient_color1=&#8221; background_gradient_color2=&#8221; background_gradient_direction=&#8217;vertical&#8217; src=&#8217;http:\/\/supercar.s3w.hu\/wp-content\/uploads\/2018\/07\/elvalaszto-2.png&#8217; attachment=&#8217;120&#8242; attachment_size=&#8217;full&#8217; attach=&#8217;scroll&#8217; position=&#8217;top center&#8217; repeat=&#8217;no-repeat&#8217; video=&#8221; video_ratio=&#8217;16:9&#8242; overlay_opacity=&#8217;0.5&#8242; overlay_color=&#8221; overlay_pattern=&#8221; overlay_custom_pattern=&#8221; av_element_hidden_in_editor=&#8217;0&#8242; av_uid=&#8217;av-jjtzeh7h&#8217; custom_class=&#8221;] [av_two_third first min_height=&#8221; vertical_alignment=&#8221; space=&#8221; custom_margin=&#8221; margin=&#8217;0px&#8217; link=&#8221; linktarget=&#8221; link_hover=&#8221; padding=&#8217;0px&#8217; border=&#8221; border_color=&#8221; radius=&#8217;0px&#8217; background=&#8217;bg_color&#8217; background_color=&#8221; background_gradient_color1=&#8221; background_gradient_color2=&#8221; background_gradient_direction=&#8217;vertical&#8217; src=&#8221; background_position=&#8217;top left&#8217; [&hellip;]<\/p>","protected":false},"author":2,"featured_media":0,"parent":254,"menu_order":1,"comment_status":"closed","ping_status":"closed","template":"","meta":{"footnotes":""},"yoast_head":"<!-- This site is optimized with the Yoast SEO Premium plugin v21.1 (Yoast SEO v21.7) - https:\/\/yoast.com\/wordpress\/plugins\/seo\/ -->\n<title>FIA Swift Cup Europe 2015 - FIA Swift Cup Europe<\/title>\n<meta name=\"robots\" content=\"index, follow, max-snippet:-1, max-image-preview:large, max-video-preview:-1\" \/>\n<link rel=\"canonical\" href=\"https:\/\/www.swiftcupeurope.com\/en\/bajnoksagold\/fia-swift-cup-europe-2015\/\" \/>\n<meta property=\"og:locale\" content=\"en_US\" \/>\n<meta property=\"og:type\" content=\"article\" \/>\n<meta property=\"og:title\" content=\"FIA Swift Cup Europe 2015\" \/>\n<meta property=\"og:description\" content=\"[av_section min_height=&#8217;custom&#8217; min_height_px=&#8217;500px&#8217; padding=&#8217;default&#8217; shadow=&#8217;no-border-styling&#8217; bottom_border=&#8217;no-border-styling&#8217; bottom_border_diagonal_color=&#8217;#333333&#8242; bottom_border_diagonal_direction=&#8221; bottom_border_style=&#8221; custom_arrow_bg=&#8221; id=&#8221; color=&#8217;main_color&#8217; background=&#8217;bg_color&#8217; custom_bg=&#8217;#333333&#8242; background_gradient_color1=&#8221; background_gradient_color2=&#8221; background_gradient_direction=&#8217;vertical&#8217; src=&#8217;http:\/\/supercar.s3w.hu\/wp-content\/uploads\/2018\/07\/elvalaszto-2.png&#8217; attachment=&#8217;120&#8242; attachment_size=&#8217;full&#8217; attach=&#8217;scroll&#8217; position=&#8217;top center&#8217; repeat=&#8217;no-repeat&#8217; video=&#8221; video_ratio=&#8217;16:9&#8242; overlay_opacity=&#8217;0.5&#8242; overlay_color=&#8221; overlay_pattern=&#8221; overlay_custom_pattern=&#8221; av_element_hidden_in_editor=&#8217;0&#8242; av_uid=&#8217;av-jjtzeh7h&#8217; custom_class=&#8221;] [av_two_third first min_height=&#8221; vertical_alignment=&#8221; space=&#8221; custom_margin=&#8221; margin=&#8217;0px&#8217; link=&#8221; linktarget=&#8221; link_hover=&#8221; padding=&#8217;0px&#8217; border=&#8221; border_color=&#8221; radius=&#8217;0px&#8217; background=&#8217;bg_color&#8217; background_color=&#8221; background_gradient_color1=&#8221; background_gradient_color2=&#8221; background_gradient_direction=&#8217;vertical&#8217; src=&#8221; background_position=&#8217;top left&#8217; [&hellip;]\" \/>\n<meta property=\"og:url\" content=\"https:\/\/www.swiftcupeurope.com\/en\/bajnoksagold\/fia-swift-cup-europe-2015\/\" \/>\n<meta property=\"og:site_name\" content=\"FIA Swift Cup Europe\" \/>\n<meta property=\"article:modified_time\" content=\"2018-10-30T19:08:30+00:00\" \/>\n<meta name=\"twitter:card\" content=\"summary_large_image\" \/>\n<meta name=\"twitter:label1\" content=\"Est. reading time\" \/>\n\t<meta name=\"twitter:data1\" content=\"5 minutes\" \/>\n<script type=\"application\/ld+json\" class=\"yoast-schema-graph\">{\"@context\":\"https:\/\/schema.org\",\"@graph\":[{\"@type\":\"WebPage\",\"@id\":\"https:\/\/www.swiftcupeurope.com\/bajnoksagold\/fia-swift-cup-europe-2015\/\",\"url\":\"https:\/\/www.swiftcupeurope.com\/bajnoksagold\/fia-swift-cup-europe-2015\/\",\"name\":\"FIA Swift Cup Europe 2015 - FIA Swift Cup Europe\",\"isPartOf\":{\"@id\":\"https:\/\/www.swiftcupeurope.com\/#website\"},\"datePublished\":\"2016-01-29T14:14:20+00:00\",\"dateModified\":\"2018-10-30T19:08:30+00:00\",\"breadcrumb\":{\"@id\":\"https:\/\/www.swiftcupeurope.com\/bajnoksagold\/fia-swift-cup-europe-2015\/#breadcrumb\"},\"inLanguage\":\"en-US\",\"potentialAction\":[{\"@type\":\"ReadAction\",\"target\":[\"https:\/\/www.swiftcupeurope.com\/bajnoksagold\/fia-swift-cup-europe-2015\/\"]}]},{\"@type\":\"BreadcrumbList\",\"@id\":\"https:\/\/www.swiftcupeurope.com\/bajnoksagold\/fia-swift-cup-europe-2015\/#breadcrumb\",\"itemListElement\":[{\"@type\":\"ListItem\",\"position\":1,\"name\":\"Kezd\u0151lap\",\"item\":\"https:\/\/www.swiftcupeurope.com\/\"},{\"@type\":\"ListItem\",\"position\":2,\"name\":\"BAJNOKS\u00c1G\",\"item\":\"https:\/\/www.swiftcupeurope.com\/bajnoksagold\/\"},{\"@type\":\"ListItem\",\"position\":3,\"name\":\"FIA Swift Cup Europe 2015\"}]},{\"@type\":\"WebSite\",\"@id\":\"https:\/\/www.swiftcupeurope.com\/#website\",\"url\":\"https:\/\/www.swiftcupeurope.com\/\",\"name\":\"FIA Swift Cup Europe\",\"description\":\"FIA Swift Cup Europe \/ Official Website\",\"publisher\":{\"@id\":\"https:\/\/www.swiftcupeurope.com\/#organization\"},\"potentialAction\":[{\"@type\":\"SearchAction\",\"target\":{\"@type\":\"EntryPoint\",\"urlTemplate\":\"https:\/\/www.swiftcupeurope.com\/?s={search_term_string}\"},\"query-input\":\"required name=search_term_string\"}],\"inLanguage\":\"en-US\"},{\"@type\":\"Organization\",\"@id\":\"https:\/\/www.swiftcupeurope.com\/#organization\",\"name\":\"FIA Swift Cup Europe\",\"url\":\"https:\/\/www.swiftcupeurope.com\/\",\"logo\":{\"@type\":\"ImageObject\",\"inLanguage\":\"en-US\",\"@id\":\"https:\/\/www.swiftcupeurope.com\/#\/schema\/logo\/image\/\",\"url\":\"https:\/\/www.swiftcupeurope.com\/wp-content\/uploads\/2021\/04\/cropped-sce_logo_2021inv.png\",\"contentUrl\":\"https:\/\/www.swiftcupeurope.com\/wp-content\/uploads\/2021\/04\/cropped-sce_logo_2021inv.png\",\"width\":600,\"height\":120,\"caption\":\"FIA Swift Cup Europe\"},\"image\":{\"@id\":\"https:\/\/www.swiftcupeurope.com\/#\/schema\/logo\/image\/\"}}]}<\/script>\n<!-- \/ Yoast SEO Premium plugin. -->","yoast_head_json":{"title":"FIA Swift Cup Europe 2015 - FIA Swift Cup Europe","robots":{"index":"index","follow":"follow","max-snippet":"max-snippet:-1","max-image-preview":"max-image-preview:large","max-video-preview":"max-video-preview:-1"},"canonical":"https:\/\/www.swiftcupeurope.com\/en\/bajnoksagold\/fia-swift-cup-europe-2015\/","og_locale":"en_US","og_type":"article","og_title":"FIA Swift Cup Europe 2015","og_description":"[av_section min_height=&#8217;custom&#8217; min_height_px=&#8217;500px&#8217; padding=&#8217;default&#8217; shadow=&#8217;no-border-styling&#8217; bottom_border=&#8217;no-border-styling&#8217; bottom_border_diagonal_color=&#8217;#333333&#8242; bottom_border_diagonal_direction=&#8221; bottom_border_style=&#8221; custom_arrow_bg=&#8221; id=&#8221; color=&#8217;main_color&#8217; background=&#8217;bg_color&#8217; custom_bg=&#8217;#333333&#8242; background_gradient_color1=&#8221; background_gradient_color2=&#8221; background_gradient_direction=&#8217;vertical&#8217; src=&#8217;http:\/\/supercar.s3w.hu\/wp-content\/uploads\/2018\/07\/elvalaszto-2.png&#8217; attachment=&#8217;120&#8242; attachment_size=&#8217;full&#8217; attach=&#8217;scroll&#8217; position=&#8217;top center&#8217; repeat=&#8217;no-repeat&#8217; video=&#8221; video_ratio=&#8217;16:9&#8242; overlay_opacity=&#8217;0.5&#8242; overlay_color=&#8221; overlay_pattern=&#8221; overlay_custom_pattern=&#8221; av_element_hidden_in_editor=&#8217;0&#8242; av_uid=&#8217;av-jjtzeh7h&#8217; custom_class=&#8221;] [av_two_third first min_height=&#8221; vertical_alignment=&#8221; space=&#8221; custom_margin=&#8221; margin=&#8217;0px&#8217; link=&#8221; linktarget=&#8221; link_hover=&#8221; padding=&#8217;0px&#8217; border=&#8221; border_color=&#8221; radius=&#8217;0px&#8217; background=&#8217;bg_color&#8217; background_color=&#8221; background_gradient_color1=&#8221; background_gradient_color2=&#8221; background_gradient_direction=&#8217;vertical&#8217; src=&#8221; background_position=&#8217;top left&#8217; [&hellip;]","og_url":"https:\/\/www.swiftcupeurope.com\/en\/bajnoksagold\/fia-swift-cup-europe-2015\/","og_site_name":"FIA Swift Cup Europe","article_modified_time":"2018-10-30T19:08:30+00:00","twitter_card":"summary_large_image","twitter_misc":{"Est. reading time":"5 minutes"},"schema":{"@context":"https:\/\/schema.org","@graph":[{"@type":"WebPage","@id":"https:\/\/www.swiftcupeurope.com\/bajnoksagold\/fia-swift-cup-europe-2015\/","url":"https:\/\/www.swiftcupeurope.com\/bajnoksagold\/fia-swift-cup-europe-2015\/","name":"FIA Swift Cup Europe 2015 - FIA Swift Cup Europe","isPartOf":{"@id":"https:\/\/www.swiftcupeurope.com\/#website"},"datePublished":"2016-01-29T14:14:20+00:00","dateModified":"2018-10-30T19:08:30+00:00","breadcrumb":{"@id":"https:\/\/www.swiftcupeurope.com\/bajnoksagold\/fia-swift-cup-europe-2015\/#breadcrumb"},"inLanguage":"en-US","potentialAction":[{"@type":"ReadAction","target":["https:\/\/www.swiftcupeurope.com\/bajnoksagold\/fia-swift-cup-europe-2015\/"]}]},{"@type":"BreadcrumbList","@id":"https:\/\/www.swiftcupeurope.com\/bajnoksagold\/fia-swift-cup-europe-2015\/#breadcrumb","itemListElement":[{"@type":"ListItem","position":1,"name":"Kezd\u0151lap","item":"https:\/\/www.swiftcupeurope.com\/"},{"@type":"ListItem","position":2,"name":"BAJNOKS\u00c1G","item":"https:\/\/www.swiftcupeurope.com\/bajnoksagold\/"},{"@type":"ListItem","position":3,"name":"FIA Swift Cup Europe 2015"}]},{"@type":"WebSite","@id":"https:\/\/www.swiftcupeurope.com\/#website","url":"https:\/\/www.swiftcupeurope.com\/","name":"FIA Swift Cup Europe","description":"FIA Swift Cup Europe \/ Official Website","publisher":{"@id":"https:\/\/www.swiftcupeurope.com\/#organization"},"potentialAction":[{"@type":"SearchAction","target":{"@type":"EntryPoint","urlTemplate":"https:\/\/www.swiftcupeurope.com\/?s={search_term_string}"},"query-input":"required name=search_term_string"}],"inLanguage":"en-US"},{"@type":"Organization","@id":"https:\/\/www.swiftcupeurope.com\/#organization","name":"FIA Swift Cup Europe","url":"https:\/\/www.swiftcupeurope.com\/","logo":{"@type":"ImageObject","inLanguage":"en-US","@id":"https:\/\/www.swiftcupeurope.com\/#\/schema\/logo\/image\/","url":"https:\/\/www.swiftcupeurope.com\/wp-content\/uploads\/2021\/04\/cropped-sce_logo_2021inv.png","contentUrl":"https:\/\/www.swiftcupeurope.com\/wp-content\/uploads\/2021\/04\/cropped-sce_logo_2021inv.png","width":600,"height":120,"caption":"FIA Swift Cup Europe"},"image":{"@id":"https:\/\/www.swiftcupeurope.com\/#\/schema\/logo\/image\/"}}]}},"_links":{"self":[{"href":"https:\/\/www.swiftcupeurope.com\/en\/wp-json\/wp\/v2\/pages\/969"}],"collection":[{"href":"https:\/\/www.swiftcupeurope.com\/en\/wp-json\/wp\/v2\/pages"}],"about":[{"href":"https:\/\/www.swiftcupeurope.com\/en\/wp-json\/wp\/v2\/types\/page"}],"author":[{"embeddable":true,"href":"https:\/\/www.swiftcupeurope.com\/en\/wp-json\/wp\/v2\/users\/2"}],"replies":[{"embeddable":true,"href":"https:\/\/www.swiftcupeurope.com\/en\/wp-json\/wp\/v2\/comments?post=969"}],"version-history":[{"count":5,"href":"https:\/\/www.swiftcupeurope.com\/en\/wp-json\/wp\/v2\/pages\/969\/revisions"}],"predecessor-version":[{"id":5803,"href":"https:\/\/www.swiftcupeurope.com\/en\/wp-json\/wp\/v2\/pages\/969\/revisions\/5803"}],"up":[{"embeddable":true,"href":"https:\/\/www.swiftcupeurope.com\/en\/wp-json\/wp\/v2\/pages\/254"}],"wp:attachment":[{"href":"https:\/\/www.swiftcupeurope.com\/en\/wp-json\/wp\/v2\/media?parent=969"}],"curies":[{"name":"wp","href":"https:\/\/api.w.org\/{rel}","templated":true}]}}