{"id":79,"date":"2018-07-20T13:25:09","date_gmt":"2018-07-20T11:25:09","guid":{"rendered":"http:\/\/supercar.s3w.hu\/?page_id=79"},"modified":"2021-05-21T20:05:34","modified_gmt":"2021-05-21T18:05:34","slug":"pilotakold","status":"publish","type":"page","link":"https:\/\/www.swiftcupeurope.com\/en\/pilotakold\/","title":{"rendered":"PIL\u00d3T\u00c1K"},"content":{"rendered":"<p>[av_section min_height=&#8217;custom&#8217; min_height_px=&#8217;500px&#8217; padding=&#8217;default&#8217; shadow=&#8217;no-border-styling&#8217; bottom_border=&#8217;no-border-styling&#8217; bottom_border_diagonal_color=&#8217;#333333&#8242; bottom_border_diagonal_direction=&#8221; bottom_border_style=&#8221; custom_arrow_bg=&#8221; id=&#8221; color=&#8217;main_color&#8217; background=&#8217;bg_color&#8217; custom_bg=&#8217;#333333&#8242; background_gradient_color1=&#8221; background_gradient_color2=&#8221; background_gradient_direction=&#8217;vertical&#8217; src=&#8217;http:\/\/supercar.s3w.hu\/wp-content\/uploads\/2018\/07\/elvalaszto-2.png&#8217; attachment=&#8217;120&#8242; attachment_size=&#8217;full&#8217; attach=&#8217;scroll&#8217; position=&#8217;top center&#8217; repeat=&#8217;no-repeat&#8217; video=&#8221; video_ratio=&#8217;16:9&#8242; overlay_opacity=&#8217;0.5&#8242; overlay_color=&#8221; overlay_pattern=&#8221; overlay_custom_pattern=&#8221; av_element_hidden_in_editor=&#8217;0&#8242; av_uid=&#8217;av-jjtzeh7h&#8217; custom_class=&#8221;]<\/p>\n<p>[av_one_full first min_height=&#8221; vertical_alignment=&#8221; space=&#8221; custom_margin=&#8221; margin=&#8217;0px&#8217; link=&#8221; linktarget=&#8221; link_hover=&#8221; padding=&#8217;0px&#8217; border=&#8221; border_color=&#8221; radius=&#8217;0px&#8217; background=&#8217;bg_color&#8217; background_color=&#8221; background_gradient_color1=&#8221; background_gradient_color2=&#8221; background_gradient_direction=&#8217;vertical&#8217; src=&#8221; background_position=&#8217;top left&#8217; background_repeat=&#8217;no-repeat&#8217; animation=&#8221; mobile_breaking=&#8221; mobile_display=&#8221; av_uid=&#8217;av-d0v&#8217;]<\/p>\n<p>[av_heading tag=&#8217;h1&#8242; padding=&#8217;10&#8217; heading=&#8217;Pil\u00f3t\u00e1k 2016&#8242; color=&#8217;custom-color-heading&#8217; style=&#8221; custom_font=&#8217;#ffffff&#8217; size=&#8221; subheading_active=&#8221; subheading_size=&#8217;15&#8217; custom_class=&#8221; admin_preview_bg=&#8221; av-desktop-hide=&#8221; av-medium-hide=&#8221; av-small-hide=&#8221; av-mini-hide=&#8221; av-medium-font-size-title=&#8221; av-small-font-size-title=&#8221; av-mini-font-size-title=&#8221; av-medium-font-size=&#8221; av-small-font-size=&#8221; av-mini-font-size=&#8221; margin=&#8221;][\/av_heading]<\/p>\n<p>[\/av_one_full][av_one_fourth first min_height=&#8217;av-equal-height-column&#8217; vertical_alignment=&#8217;av-align-top&#8217; space=&#8221; margin=&#8217;0px&#8217; margin_sync=&#8217;true&#8217; link=&#8221; linktarget=&#8221; link_hover=&#8221; padding=&#8217;0px&#8217; padding_sync=&#8217;true&#8217; border=&#8221; border_color=&#8221; radius=&#8217;0px&#8217; radius_sync=&#8217;true&#8217; background=&#8217;bg_color&#8217; background_color=&#8221; background_gradient_color1=&#8221; background_gradient_color2=&#8221; background_gradient_direction=&#8217;vertical&#8217; src=&#8221; attachment=&#8221; attachment_size=&#8221; background_position=&#8217;top left&#8217; background_repeat=&#8217;no-repeat&#8217; animation=&#8221; mobile_breaking=&#8221; mobile_display=&#8221; av_uid=&#8217;av-oaft&#8217; custom_class=&#8221;]<\/p>\n<p>[av_team_member name=&#8217;Csik J\u00e1nos&#8217; job=&#8217;GFS Racing Team&#8217; src=&#8217;http:\/\/swiftcupeurope.s3w.hu\/wp-content\/uploads\/2018\/10\/csikjanos-300&#215;300.jpg&#8217; attachment=&#8217;5562&#8242; attachment_size=&#8217;full&#8217; image_width=&#8221; description=&#8221; font_color=&#8221; custom_title=&#8221; custom_content=&#8221; av_uid=&#8217;av-jnuec8k8&#8242; custom_class=&#8221; admin_preview_bg=&#8221;][\/av_team_member]<\/p>\n<p>[av_team_member name=&#8217;Moln\u00e1r Bendeg\u00faz&#8217; job=&#8217;GFS Racing Team&#8217; src=&#8217;http:\/\/swiftcupeurope.s3w.hu\/wp-content\/uploads\/2018\/10\/molnar-300&#215;300.jpg&#8217; attachment=&#8217;5567&#8242; attachment_size=&#8217;full&#8217; image_width=&#8221; description=&#8221; font_color=&#8221; custom_title=&#8221; custom_content=&#8221; av_uid=&#8217;av-jnuec8k8&#8242; custom_class=&#8221; admin_preview_bg=&#8221;][\/av_team_member]<\/p>\n<p>[av_team_member name=&#8217;Marcel Krailler&#8217; job=&#8217;Felix Wimmer Motorsport&#8217; src=&#8217;http:\/\/swiftcupeurope.s3w.hu\/wp-content\/uploads\/2018\/10\/krailer.jpg&#8217; attachment=&#8217;5595&#8242; attachment_size=&#8217;full&#8217; image_width=&#8221; description=&#8221; font_color=&#8221; custom_title=&#8221; custom_content=&#8221; av_uid=&#8217;av-jnuec8k8&#8242; custom_class=&#8221; admin_preview_bg=&#8221;][\/av_team_member]<\/p>\n<p>[av_team_member name=&#8217;Christoph Zellhofer&#8217; job=&#8217;Suzuki Team Austria&#8217; src=&#8217;http:\/\/swiftcupeurope.s3w.hu\/wp-content\/uploads\/2018\/10\/Christoph-Zellhofer-300&#215;300.jpg&#8217; attachment=&#8217;5583&#8242; attachment_size=&#8217;full&#8217; image_width=&#8221; description=&#8221; font_color=&#8221; custom_title=&#8221; custom_content=&#8221; av_uid=&#8217;av-jnuec8k8&#8242; custom_class=&#8221; admin_preview_bg=&#8221;][\/av_team_member]<\/p>\n<p>[av_team_member name=&#8217;Max Wimmer&#8217; job=&#8217;Felix Wimmer Motorsport&#8217; src=&#8217;http:\/\/swiftcupeurope.s3w.hu\/wp-content\/uploads\/2018\/10\/Max-Wimmer.jpg&#8217; attachment=&#8217;5597&#8242; attachment_size=&#8217;full&#8217; image_width=&#8221; description=&#8221; font_color=&#8221; custom_title=&#8221; custom_content=&#8221; av_uid=&#8217;av-jnuec8k8&#8242; custom_class=&#8221; admin_preview_bg=&#8221;][\/av_team_member]<\/p>\n<p>[av_team_member name=&#8217;Fekete Bal\u00e1zs&#8217; job=&#8217;GFS Racing Team&#8217; src=&#8217;http:\/\/swiftcupeurope.s3w.hu\/wp-content\/uploads\/2018\/10\/fekete-300&#215;300.jpg&#8217; attachment=&#8217;5586&#8242; attachment_size=&#8217;full&#8217; image_width=&#8221; description=&#8221; font_color=&#8221; custom_title=&#8221; custom_content=&#8221; av_uid=&#8217;av-jnuec8k8&#8242; custom_class=&#8221; admin_preview_bg=&#8221;][\/av_team_member]<\/p>\n<p>[av_team_member name=&#8217;Beny\u00f3 M\u00e1t\u00e9&#8217; job=&#8217;GFS Racing Team&#8217; src=&#8217;http:\/\/swiftcupeurope.s3w.hu\/wp-content\/uploads\/2018\/10\/benyo-300&#215;300.jpg&#8217; attachment=&#8217;5580&#8242; attachment_size=&#8217;full&#8217; image_width=&#8221; description=&#8221; font_color=&#8221; custom_title=&#8221; custom_content=&#8221; av_uid=&#8217;av-jnuec8k8&#8242; custom_class=&#8221; admin_preview_bg=&#8221;][\/av_team_member]<\/p>\n<p>[av_team_member name=&#8217;Me\u0301he\u0301sz Attila&#8217; job=&#8217;GFS Racing Team&#8217; src=&#8217;http:\/\/swiftcupeurope.s3w.hu\/wp-content\/uploads\/2018\/10\/mehesz-300&#215;300.jpg&#8217; attachment=&#8217;5598&#8242; attachment_size=&#8217;full&#8217; image_width=&#8221; description=&#8221; font_color=&#8221; custom_title=&#8221; custom_content=&#8221; av_uid=&#8217;av-jnuec8k8&#8242; custom_class=&#8221; admin_preview_bg=&#8221;][\/av_team_member]<\/p>\n<p>[av_team_member name=&#8217;F\u00e1cz\u00e1n Zsolt&#8217; job=&#8217;GFS Racing Team&#8217; src=&#8217;http:\/\/swiftcupeurope.s3w.hu\/wp-content\/uploads\/2018\/10\/faczan.jpg&#8217; attachment=&#8217;5585&#8242; attachment_size=&#8217;full&#8217; image_width=&#8221; description=&#8221; font_color=&#8221; custom_title=&#8221; custom_content=&#8221; av_uid=&#8217;av-jnuec8k8&#8242; custom_class=&#8221; admin_preview_bg=&#8221;][\/av_team_member]<\/p>\n<p>[\/av_one_fourth][av_one_fourth min_height=&#8221; vertical_alignment=&#8221; space=&#8221; custom_margin=&#8221; margin=&#8217;0px&#8217; link=&#8221; linktarget=&#8221; link_hover=&#8221; padding=&#8217;0px&#8217; border=&#8221; border_color=&#8221; radius=&#8217;0px&#8217; background=&#8217;bg_color&#8217; background_color=&#8221; background_gradient_color1=&#8221; background_gradient_color2=&#8221; background_gradient_direction=&#8217;vertical&#8217; src=&#8221; background_position=&#8217;top left&#8217; background_repeat=&#8217;no-repeat&#8217; animation=&#8221; mobile_breaking=&#8221; mobile_display=&#8221; av_uid=&#8217;av-oaft&#8217;]<\/p>\n<p>[av_team_member name=&#8217;Forrai G\u00e1bor&#8217; job=&#8217;Apex Racing&#8217; src=&#8217;http:\/\/swiftcupeurope.s3w.hu\/wp-content\/uploads\/2018\/10\/forrai-300&#215;300.jpg&#8217; attachment=&#8217;5588&#8242; attachment_size=&#8217;full&#8217; image_width=&#8221; description=&#8221; font_color=&#8221; custom_title=&#8221; custom_content=&#8221; av_uid=&#8217;av-jnuec8k8&#8242; custom_class=&#8221; admin_preview_bg=&#8221;][\/av_team_member]<\/p>\n<p>[av_team_member name=&#8217;G\u00e1sp\u00e1r Zsolt&#8217; job=&#8217;GFS Racing Team&#8217; src=&#8217;http:\/\/swiftcupeurope.s3w.hu\/wp-content\/uploads\/2018\/10\/gaspar-300&#215;300.jpg&#8217; attachment=&#8217;5590&#8242; attachment_size=&#8217;full&#8217; image_width=&#8221; description=&#8221; font_color=&#8221; custom_title=&#8221; custom_content=&#8221; av_uid=&#8217;av-jnuec8k8&#8242; custom_class=&#8221; admin_preview_bg=&#8221;][\/av_team_member]<\/p>\n<p>[av_team_member name=&#8217;Anton Bauer&#8217; job=&#8217;Suzuki Team Austria&#8217; src=&#8217;http:\/\/swiftcupeurope.s3w.hu\/wp-content\/uploads\/2018\/10\/bauer.jpg&#8217; attachment=&#8217;5579&#8242; attachment_size=&#8217;full&#8217; image_width=&#8221; description=&#8221; font_color=&#8221; custom_title=&#8221; custom_content=&#8221; av_uid=&#8217;av-jnuec8k8&#8242; custom_class=&#8221; admin_preview_bg=&#8221;][\/av_team_member]<\/p>\n<p>[av_team_member name=&#8217;G\u00fcnther Wiesmeier&#8217; job=&#8217;Felix Wimmer Motorsport&#8217; src=&#8217;http:\/\/swiftcupeurope.s3w.hu\/wp-content\/uploads\/2018\/10\/weismeier.jpg&#8217; attachment=&#8217;5574&#8242; attachment_size=&#8217;full&#8217; image_width=&#8221; description=&#8221; font_color=&#8221; custom_title=&#8221; custom_content=&#8221; av_uid=&#8217;av-jnuec8k8&#8242; custom_class=&#8221; admin_preview_bg=&#8221;][\/av_team_member]<\/p>\n<p>[av_team_member name=&#8217;Straub Krisztia\u0301n&#8217; job=&#8217;GFS Racing Team&#8217; src=&#8217;http:\/\/swiftcupeurope.s3w.hu\/wp-content\/uploads\/2018\/10\/straub-300&#215;300.jpg&#8217; attachment=&#8217;5569&#8242; attachment_size=&#8217;full&#8217; image_width=&#8221; description=&#8221; font_color=&#8221; custom_title=&#8221; custom_content=&#8221; av_uid=&#8217;av-jnuec8k8&#8242; custom_class=&#8221; admin_preview_bg=&#8221;][\/av_team_member]<\/p>\n<p>[av_team_member name=&#8217;Egy\u00fcd Ga\u0301bor&#8217; job=&#8217;GFS Racing Team&#8217; src=&#8217;http:\/\/swiftcupeurope.s3w.hu\/wp-content\/uploads\/2018\/10\/egyud-300&#215;300.jpg&#8217; attachment=&#8217;5584&#8242; attachment_size=&#8217;full&#8217; image_width=&#8221; description=&#8221; font_color=&#8221; custom_title=&#8221; custom_content=&#8221; av_uid=&#8217;av-jnuec8k8&#8242; custom_class=&#8221; admin_preview_bg=&#8221;][\/av_team_member]<\/p>\n<p>[av_team_member name=&#8217;J\u00fcrgen Norbert Fux&#8217; job=&#8217;Suzuki Team Austria&#8217; src=&#8217;http:\/\/swiftcupeurope.s3w.hu\/wp-content\/uploads\/2018\/10\/Jurgen-Norbert-Fux.jpg&#8217; attachment=&#8217;5592&#8242; attachment_size=&#8217;full&#8217; image_width=&#8221; description=&#8221; font_color=&#8221; custom_title=&#8221; custom_content=&#8221; av_uid=&#8217;av-jnuec8k8&#8242; custom_class=&#8221; admin_preview_bg=&#8221;][\/av_team_member]<\/p>\n<p>[av_team_member name=&#8217;Fodor \u00c1rp\u00e1d&#8217; job=&#8217;GFS Racing Team&#8217; src=&#8217;http:\/\/swiftcupeurope.s3w.hu\/wp-content\/uploads\/2018\/10\/fodor-300&#215;300.jpg&#8217; attachment=&#8217;5587&#8242; attachment_size=&#8217;full&#8217; image_width=&#8221; description=&#8221; font_color=&#8221; custom_title=&#8221; custom_content=&#8221; av_uid=&#8217;av-jnuec8k8&#8242; custom_class=&#8221; admin_preview_bg=&#8221;][\/av_team_member]<\/p>\n<p>[av_team_member name=&#8217;Wieszt Jank\u00f3&#8217; job=&#8217;GFS Racing Team&#8217; src=&#8217;http:\/\/swiftcupeurope.s3w.hu\/wp-content\/uploads\/2018\/10\/wieszt.jpg&#8217; attachment=&#8217;5575&#8242; attachment_size=&#8217;full&#8217; image_width=&#8221; description=&#8221; font_color=&#8221; custom_title=&#8221; custom_content=&#8221; av_uid=&#8217;av-jnuec8k8&#8242; custom_class=&#8221; admin_preview_bg=&#8221;][\/av_team_member]<\/p>\n<p>[\/av_one_fourth][av_one_fourth min_height=&#8221; vertical_alignment=&#8221; space=&#8221; custom_margin=&#8221; margin=&#8217;0px&#8217; link=&#8221; linktarget=&#8221; link_hover=&#8221; padding=&#8217;0px&#8217; border=&#8221; border_color=&#8221; radius=&#8217;0px&#8217; background=&#8217;bg_color&#8217; background_color=&#8221; background_gradient_color1=&#8221; background_gradient_color2=&#8221; background_gradient_direction=&#8217;vertical&#8217; src=&#8221; background_position=&#8217;top left&#8217; background_repeat=&#8217;no-repeat&#8217; animation=&#8221; mobile_breaking=&#8221; mobile_display=&#8221; av_uid=&#8217;av-1eabn&#8217;]<\/p>\n<p>[av_team_member name=&#8217;Bernula Istva\u0301n&#8217; job=&#8217;GFS Racing Team&#8217; src=&#8217;http:\/\/swiftcupeurope.s3w.hu\/wp-content\/uploads\/2018\/10\/bernula-300&#215;300.jpg&#8217; attachment=&#8217;5581&#8242; attachment_size=&#8217;full&#8217; image_width=&#8221; description=&#8221; font_color=&#8221; custom_title=&#8221; custom_content=&#8221; av_uid=&#8217;av-jnuec8k8&#8242; custom_class=&#8221; admin_preview_bg=&#8221;][\/av_team_member]<\/p>\n<p>[av_team_member name=&#8217;Maximilian Hofer&#8217; job=&#8217;Suzuki Team Austria&#8217; src=&#8217;http:\/\/swiftcupeurope.s3w.hu\/wp-content\/uploads\/2018\/10\/Untitled-1.jpg&#8217; attachment=&#8217;5572&#8242; attachment_size=&#8217;full&#8217; image_width=&#8221; description=&#8221; font_color=&#8221; custom_title=&#8221; custom_content=&#8221; av_uid=&#8217;av-jnuec8k8&#8242; custom_class=&#8221; admin_preview_bg=&#8221;][\/av_team_member]<\/p>\n<p>[av_team_member name=&#8217;Me\u0301sza\u0301ros Ga\u0301bor&#8217; job=&#8217;GFS Racing Team&#8217; src=&#8217;http:\/\/swiftcupeurope.s3w.hu\/wp-content\/uploads\/2018\/10\/meszaros-300&#215;300.jpg&#8217; attachment=&#8217;5566&#8242; attachment_size=&#8217;full&#8217; image_width=&#8221; description=&#8221; font_color=&#8221; custom_title=&#8221; custom_content=&#8221; av_uid=&#8217;av-jnuec8k8&#8242; custom_class=&#8221; admin_preview_bg=&#8221;][\/av_team_member]<\/p>\n<p>[av_team_member name=&#8217;Martin Zellhofer&#8217; job=&#8217;Suzuki Team Austria&#8217; src=&#8217;http:\/\/swiftcupeurope.s3w.hu\/wp-content\/uploads\/2018\/10\/zelhoffer-300&#215;300.jpg&#8217; attachment=&#8217;5576&#8242; attachment_size=&#8217;full&#8217; image_width=&#8221; description=&#8221; font_color=&#8221; custom_title=&#8221; custom_content=&#8221; av_uid=&#8217;av-jnuec8k8&#8242; custom_class=&#8221; admin_preview_bg=&#8221;][\/av_team_member]<\/p>\n<p>[av_team_member name=&#8217;F\u00fcge Krisztia\u0301n&#8217; job=&#8217;CarColor Motorsport&#8217; src=&#8217;http:\/\/swiftcupeurope.s3w.hu\/wp-content\/uploads\/2018\/10\/fuge-300&#215;300.jpg&#8217; attachment=&#8217;5589&#8242; attachment_size=&#8217;full&#8217; image_width=&#8221; description=&#8221; font_color=&#8221; custom_title=&#8221; custom_content=&#8221; av_uid=&#8217;av-jnuec8k8&#8242; custom_class=&#8221; admin_preview_bg=&#8221;][\/av_team_member]<\/p>\n<p>[av_team_member name=&#8217;Dr. Szalai Zsolt&#8217; job=&#8217;GFS Racing Team&#8217; src=&#8217;http:\/\/swiftcupeurope.s3w.hu\/wp-content\/uploads\/2018\/10\/szalai-300&#215;300.jpg&#8217; attachment=&#8217;5570&#8242; attachment_size=&#8217;full&#8217; image_width=&#8221; description=&#8221; font_color=&#8221; custom_title=&#8221; custom_content=&#8221; av_uid=&#8217;av-jnuec8k8&#8242; custom_class=&#8221; admin_preview_bg=&#8221;][\/av_team_member]<\/p>\n<p>[av_team_member name=&#8217;Hefler R\u00f3bert&#8217; job=&#8217;GFS Racing Team&#8217; src=&#8217;http:\/\/swiftcupeurope.s3w.hu\/wp-content\/uploads\/2018\/10\/hefler-300&#215;300.jpg&#8217; attachment=&#8217;5591&#8242; attachment_size=&#8217;full&#8217; image_width=&#8221; description=&#8221; font_color=&#8221; custom_title=&#8221; custom_content=&#8221; av_uid=&#8217;av-jnuec8k8&#8242; custom_class=&#8221; admin_preview_bg=&#8221;][\/av_team_member]<\/p>\n<p>[av_team_member name=&#8217;Vnoucsekne\u0301 Ilus&#8217; job=&#8217;Formula Student&#8217; src=&#8217;http:\/\/swiftcupeurope.s3w.hu\/wp-content\/uploads\/2018\/10\/vnousekne-300&#215;300.jpg&#8217; attachment=&#8217;5573&#8242; attachment_size=&#8217;full&#8217; image_width=&#8221; description=&#8221; font_color=&#8221; custom_title=&#8221; custom_content=&#8221; av_uid=&#8217;av-jnuec8k8&#8242; custom_class=&#8221; admin_preview_bg=&#8221;][\/av_team_member]<\/p>\n<p>[av_team_member name=&#8217;Alexander Maier&#8217; job=&#8217;Suzuki Team Austria&#8217; src=&#8217;http:\/\/swiftcupeurope.s3w.hu\/wp-content\/uploads\/2018\/10\/maier.jpg&#8217; attachment=&#8217;5596&#8242; attachment_size=&#8217;full&#8217; image_width=&#8221; description=&#8221; font_color=&#8221; custom_title=&#8221; custom_content=&#8221; av_uid=&#8217;av-jnuec8k8&#8242; custom_class=&#8221; admin_preview_bg=&#8221;][\/av_team_member]<\/p>\n<p>[\/av_one_fourth][av_one_fourth min_height=&#8221; vertical_alignment=&#8221; space=&#8221; custom_margin=&#8221; margin=&#8217;0px&#8217; link=&#8221; linktarget=&#8221; link_hover=&#8221; padding=&#8217;0px&#8217; border=&#8221; border_color=&#8221; radius=&#8217;0px&#8217; background=&#8217;bg_color&#8217; background_color=&#8221; background_gradient_color1=&#8221; background_gradient_color2=&#8221; background_gradient_direction=&#8217;vertical&#8217; src=&#8221; background_position=&#8217;top left&#8217; background_repeat=&#8217;no-repeat&#8217; animation=&#8221; mobile_breaking=&#8221; mobile_display=&#8221; av_uid=&#8217;av-12rcr&#8217;]<\/p>\n<p>[av_team_member name=&#8217;Balogh Zolt\u00e1n&#8217; job=&#8217;BZ Racing&#8217; src=&#8217;http:\/\/swiftcupeurope.s3w.hu\/wp-content\/uploads\/2018\/10\/balogh-300&#215;300.jpg&#8217; attachment=&#8217;5578&#8242; attachment_size=&#8217;full&#8217; image_width=&#8221; description=&#8221; font_color=&#8221; custom_title=&#8221; custom_content=&#8221; av_uid=&#8217;av-jnuec8k8&#8242; custom_class=&#8221; admin_preview_bg=&#8221;][\/av_team_member]<\/p>\n<p>[av_team_member name=&#8217;Keijo-Keke Platzer&#8217; job=&#8217;Suzuki Team Austria&#8217; src=&#8217;http:\/\/swiftcupeurope.s3w.hu\/wp-content\/uploads\/2018\/10\/keke.jpg&#8217; attachment=&#8217;5593&#8242; attachment_size=&#8217;full&#8217; image_width=&#8221; description=&#8221; font_color=&#8221; custom_title=&#8221; custom_content=&#8221; av_uid=&#8217;av-jnuec8k8&#8242; custom_class=&#8221; admin_preview_bg=&#8221;][\/av_team_member]<\/p>\n<p>[av_team_member name=&#8217;Borsi Gerg\u0151&#8217; job=&#8217;GFS Racing Team&#8217; src=&#8217;http:\/\/swiftcupeurope.s3w.hu\/wp-content\/uploads\/2018\/10\/borsi-300&#215;300.jpg&#8217; attachment=&#8217;5582&#8242; attachment_size=&#8217;full&#8217; image_width=&#8221; description=&#8221; font_color=&#8221; custom_title=&#8221; custom_content=&#8221; av_uid=&#8217;av-jnuec8k8&#8242; custom_class=&#8221; admin_preview_bg=&#8221;][\/av_team_member]<\/p>\n<p>[av_team_member name=&#8217;Stefan Artner&#8217; job=&#8217;Felix Wimmer Motorsport&#8217; src=&#8217;http:\/\/swiftcupeurope.s3w.hu\/wp-content\/uploads\/2018\/10\/Artner.jpg&#8217; attachment=&#8217;5577&#8242; attachment_size=&#8217;full&#8217; image_width=&#8221; description=&#8221; font_color=&#8221; custom_title=&#8221; custom_content=&#8221; av_uid=&#8217;av-jnuec8k8&#8242; custom_class=&#8221; admin_preview_bg=&#8221;][\/av_team_member]<\/p>\n<p>[av_team_member name=&#8217;Merk J\u00f3zsef&#8217; job=&#8217;Apex Racing&#8217; src=&#8217;http:\/\/swiftcupeurope.s3w.hu\/wp-content\/uploads\/2018\/10\/merk-300&#215;300.jpg&#8217; attachment=&#8217;5565&#8242; attachment_size=&#8217;full&#8217; image_width=&#8221; description=&#8221; font_color=&#8221; custom_title=&#8221; custom_content=&#8221; av_uid=&#8217;av-jnuec8k8&#8242; custom_class=&#8221; admin_preview_bg=&#8221;][\/av_team_member]<\/p>\n<p>[av_team_member name=&#8217;Thomas Berger&#8217; job=&#8217;Suzuki Team Austria&#8217; src=&#8217;http:\/\/swiftcupeurope.s3w.hu\/wp-content\/uploads\/2018\/10\/Thomas-Berger.jpg&#8217; attachment=&#8217;5571&#8242; attachment_size=&#8217;full&#8217; image_width=&#8221; description=&#8221; font_color=&#8221; custom_title=&#8221; custom_content=&#8221; av_uid=&#8217;av-jnuec8k8&#8242; custom_class=&#8221; admin_preview_bg=&#8221;][\/av_team_member]<\/p>\n<p>[av_team_member name=&#8217;Kov\u00e1cs Kolos&#8217; job=&#8217;BZ Racing Team&#8217; src=&#8217;http:\/\/swiftcupeurope.s3w.hu\/wp-content\/uploads\/2018\/10\/kolos-300&#215;300.jpg&#8217; attachment=&#8217;5594&#8242; attachment_size=&#8217;full&#8217; image_width=&#8221; description=&#8221; font_color=&#8221; custom_title=&#8221; custom_content=&#8221; av_uid=&#8217;av-jnuec8k8&#8242; custom_class=&#8221; admin_preview_bg=&#8221;][\/av_team_member]<\/p>\n<p>[av_team_member name=&#8217;Peter Eibisberger&#8217; job=&#8217;Suzuki Team Austria&#8217; src=&#8217;http:\/\/swiftcupeurope.s3w.hu\/wp-content\/uploads\/2018\/10\/Peter-Eibisberger.jpg&#8217; attachment=&#8217;5568&#8242; attachment_size=&#8217;full&#8217; image_width=&#8221; description=&#8221; font_color=&#8221; custom_title=&#8221; custom_content=&#8221; av_uid=&#8217;av-jnuec8k8&#8242; custom_class=&#8221; admin_preview_bg=&#8221;][\/av_team_member]<\/p>\n<p>[\/av_one_fourth][\/av_section][av_section min_height=&#8217;custom&#8217; min_height_px=&#8217;227px&#8217; padding=&#8217;no-padding&#8217; shadow=&#8217;no-border-styling&#8217; bottom_border=&#8217;no-border-styling&#8217; bottom_border_diagonal_color=&#8217;#333333&#8242; bottom_border_diagonal_direction=&#8221; bottom_border_style=&#8221; custom_arrow_bg=&#8221; id=&#8221; color=&#8217;main_color&#8217; background=&#8217;bg_color&#8217; custom_bg=&#8217;#333333&#8242; background_gradient_color1=&#8221; background_gradient_color2=&#8221; background_gradient_direction=&#8217;vertical&#8217; src=&#8217;http:\/\/supercar.s3w.hu\/wp-content\/uploads\/2018\/07\/elvalaszto3.png&#8217; attachment=&#8217;146&#8242; attachment_size=&#8217;full&#8217; attach=&#8217;scroll&#8217; position=&#8217;bottom center&#8217; repeat=&#8217;stretch&#8217; video=&#8221; video_ratio=&#8217;16:9&#8242; overlay_opacity=&#8217;0.5&#8242; overlay_color=&#8221; overlay_pattern=&#8221; overlay_custom_pattern=&#8221; av_element_hidden_in_editor=&#8217;0&#8242; av_uid=&#8217;av-jjzmhkob&#8217; custom_class=&#8221;][\/av_section]<\/p>","protected":false},"excerpt":{"rendered":"<p>[av_section min_height=&#8217;custom&#8217; min_height_px=&#8217;500px&#8217; padding=&#8217;default&#8217; shadow=&#8217;no-border-styling&#8217; bottom_border=&#8217;no-border-styling&#8217; bottom_border_diagonal_color=&#8217;#333333&#8242; bottom_border_diagonal_direction=&#8221; bottom_border_style=&#8221; custom_arrow_bg=&#8221; id=&#8221; color=&#8217;main_color&#8217; background=&#8217;bg_color&#8217; custom_bg=&#8217;#333333&#8242; background_gradient_color1=&#8221; background_gradient_color2=&#8221; background_gradient_direction=&#8217;vertical&#8217; src=&#8217;http:\/\/supercar.s3w.hu\/wp-content\/uploads\/2018\/07\/elvalaszto-2.png&#8217; attachment=&#8217;120&#8242; attachment_size=&#8217;full&#8217; attach=&#8217;scroll&#8217; position=&#8217;top center&#8217; repeat=&#8217;no-repeat&#8217; video=&#8221; video_ratio=&#8217;16:9&#8242; overlay_opacity=&#8217;0.5&#8242; overlay_color=&#8221; overlay_pattern=&#8221; overlay_custom_pattern=&#8221; av_element_hidden_in_editor=&#8217;0&#8242; av_uid=&#8217;av-jjtzeh7h&#8217; custom_class=&#8221;] [av_one_full first min_height=&#8221; vertical_alignment=&#8221; space=&#8221; custom_margin=&#8221; margin=&#8217;0px&#8217; link=&#8221; linktarget=&#8221; link_hover=&#8221; padding=&#8217;0px&#8217; border=&#8221; border_color=&#8221; radius=&#8217;0px&#8217; background=&#8217;bg_color&#8217; background_color=&#8221; background_gradient_color1=&#8221; background_gradient_color2=&#8221; background_gradient_direction=&#8217;vertical&#8217; src=&#8221; background_position=&#8217;top left&#8217; [&hellip;]<\/p>","protected":false},"author":1,"featured_media":0,"parent":0,"menu_order":5,"comment_status":"closed","ping_status":"closed","template":"","meta":{"footnotes":""},"yoast_head":"<!-- This site is optimized with the Yoast SEO Premium plugin v21.1 (Yoast SEO v21.7) - https:\/\/yoast.com\/wordpress\/plugins\/seo\/ -->\n<title>PIL\u00d3T\u00c1K - FIA Swift Cup Europe<\/title>\n<meta name=\"robots\" content=\"index, follow, max-snippet:-1, max-image-preview:large, max-video-preview:-1\" \/>\n<link rel=\"canonical\" href=\"https:\/\/www.swiftcupeurope.com\/en\/pilotakold\/\" \/>\n<meta property=\"og:locale\" content=\"en_US\" \/>\n<meta property=\"og:type\" content=\"article\" \/>\n<meta property=\"og:title\" content=\"PIL\u00d3T\u00c1K\" \/>\n<meta property=\"og:description\" content=\"[av_section min_height=&#8217;custom&#8217; min_height_px=&#8217;500px&#8217; padding=&#8217;default&#8217; shadow=&#8217;no-border-styling&#8217; bottom_border=&#8217;no-border-styling&#8217; bottom_border_diagonal_color=&#8217;#333333&#8242; bottom_border_diagonal_direction=&#8221; bottom_border_style=&#8221; custom_arrow_bg=&#8221; id=&#8221; color=&#8217;main_color&#8217; background=&#8217;bg_color&#8217; custom_bg=&#8217;#333333&#8242; background_gradient_color1=&#8221; background_gradient_color2=&#8221; background_gradient_direction=&#8217;vertical&#8217; src=&#8217;http:\/\/supercar.s3w.hu\/wp-content\/uploads\/2018\/07\/elvalaszto-2.png&#8217; attachment=&#8217;120&#8242; attachment_size=&#8217;full&#8217; attach=&#8217;scroll&#8217; position=&#8217;top center&#8217; repeat=&#8217;no-repeat&#8217; video=&#8221; video_ratio=&#8217;16:9&#8242; overlay_opacity=&#8217;0.5&#8242; overlay_color=&#8221; overlay_pattern=&#8221; overlay_custom_pattern=&#8221; av_element_hidden_in_editor=&#8217;0&#8242; av_uid=&#8217;av-jjtzeh7h&#8217; custom_class=&#8221;] [av_one_full first min_height=&#8221; vertical_alignment=&#8221; space=&#8221; custom_margin=&#8221; margin=&#8217;0px&#8217; link=&#8221; linktarget=&#8221; link_hover=&#8221; padding=&#8217;0px&#8217; border=&#8221; border_color=&#8221; radius=&#8217;0px&#8217; background=&#8217;bg_color&#8217; background_color=&#8221; background_gradient_color1=&#8221; background_gradient_color2=&#8221; background_gradient_direction=&#8217;vertical&#8217; src=&#8221; background_position=&#8217;top left&#8217; [&hellip;]\" \/>\n<meta property=\"og:url\" content=\"https:\/\/www.swiftcupeurope.com\/en\/pilotakold\/\" \/>\n<meta property=\"og:site_name\" content=\"FIA Swift Cup Europe\" \/>\n<meta property=\"article:modified_time\" content=\"2021-05-21T18:05:34+00:00\" \/>\n<meta name=\"twitter:card\" content=\"summary_large_image\" \/>\n<meta name=\"twitter:label1\" content=\"Est. reading time\" \/>\n\t<meta name=\"twitter:data1\" content=\"13 minutes\" \/>\n<script type=\"application\/ld+json\" class=\"yoast-schema-graph\">{\"@context\":\"https:\/\/schema.org\",\"@graph\":[{\"@type\":\"WebPage\",\"@id\":\"https:\/\/www.swiftcupeurope.com\/pilotakold\/\",\"url\":\"https:\/\/www.swiftcupeurope.com\/pilotakold\/\",\"name\":\"PIL\u00d3T\u00c1K - FIA Swift Cup Europe\",\"isPartOf\":{\"@id\":\"https:\/\/www.swiftcupeurope.com\/#website\"},\"datePublished\":\"2018-07-20T11:25:09+00:00\",\"dateModified\":\"2021-05-21T18:05:34+00:00\",\"breadcrumb\":{\"@id\":\"https:\/\/www.swiftcupeurope.com\/pilotakold\/#breadcrumb\"},\"inLanguage\":\"en-US\",\"potentialAction\":[{\"@type\":\"ReadAction\",\"target\":[\"https:\/\/www.swiftcupeurope.com\/pilotakold\/\"]}]},{\"@type\":\"BreadcrumbList\",\"@id\":\"https:\/\/www.swiftcupeurope.com\/pilotakold\/#breadcrumb\",\"itemListElement\":[{\"@type\":\"ListItem\",\"position\":1,\"name\":\"Kezd\u0151lap\",\"item\":\"https:\/\/www.swiftcupeurope.com\/\"},{\"@type\":\"ListItem\",\"position\":2,\"name\":\"PIL\u00d3T\u00c1K\"}]},{\"@type\":\"WebSite\",\"@id\":\"https:\/\/www.swiftcupeurope.com\/#website\",\"url\":\"https:\/\/www.swiftcupeurope.com\/\",\"name\":\"FIA Swift Cup Europe\",\"description\":\"FIA Swift Cup Europe \/ Official Website\",\"publisher\":{\"@id\":\"https:\/\/www.swiftcupeurope.com\/#organization\"},\"potentialAction\":[{\"@type\":\"SearchAction\",\"target\":{\"@type\":\"EntryPoint\",\"urlTemplate\":\"https:\/\/www.swiftcupeurope.com\/?s={search_term_string}\"},\"query-input\":\"required name=search_term_string\"}],\"inLanguage\":\"en-US\"},{\"@type\":\"Organization\",\"@id\":\"https:\/\/www.swiftcupeurope.com\/#organization\",\"name\":\"FIA Swift Cup Europe\",\"url\":\"https:\/\/www.swiftcupeurope.com\/\",\"logo\":{\"@type\":\"ImageObject\",\"inLanguage\":\"en-US\",\"@id\":\"https:\/\/www.swiftcupeurope.com\/#\/schema\/logo\/image\/\",\"url\":\"https:\/\/www.swiftcupeurope.com\/wp-content\/uploads\/2021\/04\/cropped-sce_logo_2021inv.png\",\"contentUrl\":\"https:\/\/www.swiftcupeurope.com\/wp-content\/uploads\/2021\/04\/cropped-sce_logo_2021inv.png\",\"width\":600,\"height\":120,\"caption\":\"FIA Swift Cup Europe\"},\"image\":{\"@id\":\"https:\/\/www.swiftcupeurope.com\/#\/schema\/logo\/image\/\"}}]}<\/script>\n<!-- \/ Yoast SEO Premium plugin. -->","yoast_head_json":{"title":"PIL\u00d3T\u00c1K - FIA Swift Cup Europe","robots":{"index":"index","follow":"follow","max-snippet":"max-snippet:-1","max-image-preview":"max-image-preview:large","max-video-preview":"max-video-preview:-1"},"canonical":"https:\/\/www.swiftcupeurope.com\/en\/pilotakold\/","og_locale":"en_US","og_type":"article","og_title":"PIL\u00d3T\u00c1K","og_description":"[av_section min_height=&#8217;custom&#8217; min_height_px=&#8217;500px&#8217; padding=&#8217;default&#8217; shadow=&#8217;no-border-styling&#8217; bottom_border=&#8217;no-border-styling&#8217; bottom_border_diagonal_color=&#8217;#333333&#8242; bottom_border_diagonal_direction=&#8221; bottom_border_style=&#8221; custom_arrow_bg=&#8221; id=&#8221; color=&#8217;main_color&#8217; background=&#8217;bg_color&#8217; custom_bg=&#8217;#333333&#8242; background_gradient_color1=&#8221; background_gradient_color2=&#8221; background_gradient_direction=&#8217;vertical&#8217; src=&#8217;http:\/\/supercar.s3w.hu\/wp-content\/uploads\/2018\/07\/elvalaszto-2.png&#8217; attachment=&#8217;120&#8242; attachment_size=&#8217;full&#8217; attach=&#8217;scroll&#8217; position=&#8217;top center&#8217; repeat=&#8217;no-repeat&#8217; video=&#8221; video_ratio=&#8217;16:9&#8242; overlay_opacity=&#8217;0.5&#8242; overlay_color=&#8221; overlay_pattern=&#8221; overlay_custom_pattern=&#8221; av_element_hidden_in_editor=&#8217;0&#8242; av_uid=&#8217;av-jjtzeh7h&#8217; custom_class=&#8221;] [av_one_full first min_height=&#8221; vertical_alignment=&#8221; space=&#8221; custom_margin=&#8221; margin=&#8217;0px&#8217; link=&#8221; linktarget=&#8221; link_hover=&#8221; padding=&#8217;0px&#8217; border=&#8221; border_color=&#8221; radius=&#8217;0px&#8217; background=&#8217;bg_color&#8217; background_color=&#8221; background_gradient_color1=&#8221; background_gradient_color2=&#8221; background_gradient_direction=&#8217;vertical&#8217; src=&#8221; background_position=&#8217;top left&#8217; [&hellip;]","og_url":"https:\/\/www.swiftcupeurope.com\/en\/pilotakold\/","og_site_name":"FIA Swift Cup Europe","article_modified_time":"2021-05-21T18:05:34+00:00","twitter_card":"summary_large_image","twitter_misc":{"Est. reading time":"13 minutes"},"schema":{"@context":"https:\/\/schema.org","@graph":[{"@type":"WebPage","@id":"https:\/\/www.swiftcupeurope.com\/pilotakold\/","url":"https:\/\/www.swiftcupeurope.com\/pilotakold\/","name":"PIL\u00d3T\u00c1K - FIA Swift Cup Europe","isPartOf":{"@id":"https:\/\/www.swiftcupeurope.com\/#website"},"datePublished":"2018-07-20T11:25:09+00:00","dateModified":"2021-05-21T18:05:34+00:00","breadcrumb":{"@id":"https:\/\/www.swiftcupeurope.com\/pilotakold\/#breadcrumb"},"inLanguage":"en-US","potentialAction":[{"@type":"ReadAction","target":["https:\/\/www.swiftcupeurope.com\/pilotakold\/"]}]},{"@type":"BreadcrumbList","@id":"https:\/\/www.swiftcupeurope.com\/pilotakold\/#breadcrumb","itemListElement":[{"@type":"ListItem","position":1,"name":"Kezd\u0151lap","item":"https:\/\/www.swiftcupeurope.com\/"},{"@type":"ListItem","position":2,"name":"PIL\u00d3T\u00c1K"}]},{"@type":"WebSite","@id":"https:\/\/www.swiftcupeurope.com\/#website","url":"https:\/\/www.swiftcupeurope.com\/","name":"FIA Swift Cup Europe","description":"FIA Swift Cup Europe \/ Official Website","publisher":{"@id":"https:\/\/www.swiftcupeurope.com\/#organization"},"potentialAction":[{"@type":"SearchAction","target":{"@type":"EntryPoint","urlTemplate":"https:\/\/www.swiftcupeurope.com\/?s={search_term_string}"},"query-input":"required name=search_term_string"}],"inLanguage":"en-US"},{"@type":"Organization","@id":"https:\/\/www.swiftcupeurope.com\/#organization","name":"FIA Swift Cup Europe","url":"https:\/\/www.swiftcupeurope.com\/","logo":{"@type":"ImageObject","inLanguage":"en-US","@id":"https:\/\/www.swiftcupeurope.com\/#\/schema\/logo\/image\/","url":"https:\/\/www.swiftcupeurope.com\/wp-content\/uploads\/2021\/04\/cropped-sce_logo_2021inv.png","contentUrl":"https:\/\/www.swiftcupeurope.com\/wp-content\/uploads\/2021\/04\/cropped-sce_logo_2021inv.png","width":600,"height":120,"caption":"FIA Swift Cup Europe"},"image":{"@id":"https:\/\/www.swiftcupeurope.com\/#\/schema\/logo\/image\/"}}]}},"_links":{"self":[{"href":"https:\/\/www.swiftcupeurope.com\/en\/wp-json\/wp\/v2\/pages\/79"}],"collection":[{"href":"https:\/\/www.swiftcupeurope.com\/en\/wp-json\/wp\/v2\/pages"}],"about":[{"href":"https:\/\/www.swiftcupeurope.com\/en\/wp-json\/wp\/v2\/types\/page"}],"author":[{"embeddable":true,"href":"https:\/\/www.swiftcupeurope.com\/en\/wp-json\/wp\/v2\/users\/1"}],"replies":[{"embeddable":true,"href":"https:\/\/www.swiftcupeurope.com\/en\/wp-json\/wp\/v2\/comments?post=79"}],"version-history":[{"count":16,"href":"https:\/\/www.swiftcupeurope.com\/en\/wp-json\/wp\/v2\/pages\/79\/revisions"}],"predecessor-version":[{"id":5706,"href":"https:\/\/www.swiftcupeurope.com\/en\/wp-json\/wp\/v2\/pages\/79\/revisions\/5706"}],"wp:attachment":[{"href":"https:\/\/www.swiftcupeurope.com\/en\/wp-json\/wp\/v2\/media?parent=79"}],"curies":[{"name":"wp","href":"https:\/\/api.w.org\/{rel}","templated":true}]}}