{"id":2753,"date":"2016-04-19T18:48:37","date_gmt":"2016-04-19T16:48:37","guid":{"rendered":"http:\/\/swiftcupeurope.com\/?page_id=2753"},"modified":"2018-10-30T19:53:57","modified_gmt":"2018-10-30T18:53:57","slug":"fia-swift-cup-europe-2016","status":"publish","type":"page","link":"https:\/\/www.swiftcupeurope.com\/en\/bajnoksagold\/fia-swift-cup-europe-2016\/","title":{"rendered":"FIA Swift Cup Europe 2016"},"content":{"rendered":"<p>[av_section min_height=&#8217;custom&#8217; min_height_px=&#8217;500px&#8217; padding=&#8217;default&#8217; shadow=&#8217;no-border-styling&#8217; bottom_border=&#8217;no-border-styling&#8217; bottom_border_diagonal_color=&#8217;#333333&#8242; bottom_border_diagonal_direction=&#8221; bottom_border_style=&#8221; custom_arrow_bg=&#8221; id=&#8221; color=&#8217;main_color&#8217; background=&#8217;bg_color&#8217; custom_bg=&#8217;#333333&#8242; background_gradient_color1=&#8221; background_gradient_color2=&#8221; background_gradient_direction=&#8217;vertical&#8217; src=&#8217;http:\/\/supercar.s3w.hu\/wp-content\/uploads\/2018\/07\/elvalaszto-2.png&#8217; attachment=&#8217;120&#8242; attachment_size=&#8217;full&#8217; attach=&#8217;scroll&#8217; position=&#8217;top center&#8217; repeat=&#8217;no-repeat&#8217; video=&#8221; video_ratio=&#8217;16:9&#8242; overlay_opacity=&#8217;0.5&#8242; overlay_color=&#8221; overlay_pattern=&#8221; overlay_custom_pattern=&#8221; av_element_hidden_in_editor=&#8217;0&#8242; av_uid=&#8217;av-jjtzeh7h&#8217; custom_class=&#8221;]<br \/>\n[av_two_third first min_height=&#8221; vertical_alignment=&#8221; space=&#8221; custom_margin=&#8221; margin=&#8217;0px&#8217; link=&#8221; linktarget=&#8221; link_hover=&#8221; padding=&#8217;0px&#8217; border=&#8221; border_color=&#8221; radius=&#8217;0px&#8217; background=&#8217;bg_color&#8217; background_color=&#8221; background_gradient_color1=&#8221; background_gradient_color2=&#8221; background_gradient_direction=&#8217;vertical&#8217; src=&#8221; background_position=&#8217;top left&#8217; background_repeat=&#8217;no-repeat&#8217; animation=&#8221; mobile_breaking=&#8221; mobile_display=&#8221; av_uid=&#8217;av-oaft&#8217;]<\/p>\n<p>[av_heading heading=&#8217;FIA Swift Cup Europe 2016&#8242; tag=&#8217;h1&#8242; style=&#8221; size=&#8221; subheading_active=&#8221; subheading_size=&#8217;15&#8217; margin=&#8221; margin_sync=&#8217;true&#8217; padding=&#8217;10&#8217; color=&#8217;custom-color-heading&#8217; custom_font=&#8217;#ffffff&#8217; av-medium-font-size-title=&#8221; av-small-font-size-title=&#8221; av-mini-font-size-title=&#8221; av-medium-font-size=&#8221; av-small-font-size=&#8221; av-mini-font-size=&#8221; av_uid=&#8217;av-jnucjzvv&#8217; custom_class=&#8221; admin_preview_bg=&#8221;][\/av_heading]<\/p>\n<p>[av_tab_container position=&#8217;top_tab&#8217; boxed=&#8217;border_tabs&#8217; initial=&#8217;1&#8242; av_uid=&#8217;av-jnua998c&#8217; custom_class=&#8221;]<br \/>\n[av_tab title=&#8217;FIA Swift Cup Europe International&#8217; icon_select=&#8217;no&#8217; icon=&#8217;ue800&#8242; font=&#8217;entypo-fontello&#8217; av_uid=&#8217;av-v7l9q&#8217;]<\/p>\n<table width=\"700\" cellspacing=\"0\" cellpadding=\"0\">\n<tbody>\n<tr>\n<td width=\"50\">Pos.<\/td>\n<td width=\"200\">Name<\/td>\n<td width=\"50\">Nat.<\/td>\n<td width=\"250\">Team<\/td>\n<td align=\"right\" width=\"150\">Final Results<\/td>\n<\/tr>\n<tr>\n<td>1<\/td>\n<td>Csik J\u00e1nos<\/td>\n<td>HUN<\/td>\n<td>GFS Racing Team<\/td>\n<td align=\"right\">203<\/td>\n<\/tr>\n<tr>\n<td>2<\/td>\n<td>Moln\u00e1r Bendeg\u00faz<\/td>\n<td>HUN<\/td>\n<td>GFS Racing Team<\/td>\n<td align=\"right\">202<\/td>\n<\/tr>\n<tr>\n<td>3<\/td>\n<td>Bernula Istv\u00e1n<\/td>\n<td>HUN<\/td>\n<td>GFS Racing Team<\/td>\n<td align=\"right\">188<\/td>\n<\/tr>\n<tr>\n<td>4<\/td>\n<td>Forrai G\u00e1bor<\/td>\n<td>HUN<\/td>\n<td>Apex Racing Team<\/td>\n<td align=\"right\">181<\/td>\n<\/tr>\n<tr>\n<td>5<\/td>\n<td>Balogh Zolt\u00e1n<\/td>\n<td>HUN<\/td>\n<td>BZ Racing Team<\/td>\n<td align=\"right\">178<\/td>\n<\/tr>\n<tr>\n<td>6<\/td>\n<td>M\u00e9sz\u00e1ros G\u00e1bor<\/td>\n<td>HUN<\/td>\n<td>GFS Racing Team<\/td>\n<td align=\"right\">146<\/td>\n<\/tr>\n<tr>\n<td>7<\/td>\n<td>Keijo-Keke Platzer<\/td>\n<td>AUT<\/td>\n<td>Suzuki Team Austria<\/td>\n<td align=\"right\">110<\/td>\n<\/tr>\n<tr>\n<td>8<\/td>\n<td>Max Wimmer<\/td>\n<td>AUT<\/td>\n<td>Felix Wimmer Motorsport<\/td>\n<td align=\"right\">98<\/td>\n<\/tr>\n<tr>\n<td>9<\/td>\n<td>Stefan Artner<\/td>\n<td>AUT<\/td>\n<td>Felix Wimmer Motorsport<\/td>\n<td align=\"right\">76<\/td>\n<\/tr>\n<tr>\n<td>10<\/td>\n<td>Christoph Zellhofer<\/td>\n<td>AUT<\/td>\n<td>Suzuki Team Austria<\/td>\n<td align=\"right\">64<\/td>\n<\/tr>\n<tr>\n<td>11<\/td>\n<td>Marcel Krailler<\/td>\n<td>AUT<\/td>\n<td>Felix Wimmer Motorsport<\/td>\n<td align=\"right\">63<\/td>\n<\/tr>\n<tr>\n<td>12<\/td>\n<td>Borsi Gerg\u0151<\/td>\n<td>HUN<\/td>\n<td>GFS Racing Team<\/td>\n<td align=\"right\">62<\/td>\n<\/tr>\n<tr>\n<td>13<\/td>\n<td>Martin Zellhofer<\/td>\n<td>AUT<\/td>\n<td>Suzuki Team Austria<\/td>\n<td align=\"right\">55<\/td>\n<\/tr>\n<tr>\n<td>14<\/td>\n<td>Anton Bauer<\/td>\n<td>GER<\/td>\n<td>Suzuki Team Austria<\/td>\n<td align=\"right\">41<\/td>\n<\/tr>\n<tr>\n<td>15<\/td>\n<td>Thomas Berger<\/td>\n<td>CH<\/td>\n<td>Suzuki Team Austria<\/td>\n<td align=\"right\">38<\/td>\n<\/tr>\n<tr>\n<td>16<\/td>\n<td>G\u00fcnther Wiesmeier<\/td>\n<td>AUT<\/td>\n<td>Felix Wimmer Motorsport<\/td>\n<td align=\"right\">35<\/td>\n<\/tr>\n<tr>\n<td>17<\/td>\n<td>F\u00fcge Kriszti\u00e1n<\/td>\n<td>HUN<\/td>\n<td>CarColor Motorsport<\/td>\n<td align=\"right\">34<\/td>\n<\/tr>\n<tr>\n<td>18<\/td>\n<td>Egy\u00fcd G\u00e1bor<\/td>\n<td>HUN<\/td>\n<td>GFS Racing Team<\/td>\n<td align=\"right\">24<\/td>\n<\/tr>\n<tr>\n<td>19<\/td>\n<td>Balogh Bence<\/td>\n<td>HUN<\/td>\n<td>GFS Racing Team<\/td>\n<td align=\"right\">22<\/td>\n<\/tr>\n<tr>\n<td>20<\/td>\n<td>Straub Kriszti\u00e1n<\/td>\n<td>HUN<\/td>\n<td>GFS Racing Team<\/td>\n<td align=\"right\">19<\/td>\n<\/tr>\n<tr>\n<td>21<\/td>\n<td>J\u00fcrgen Norbert Fux<\/td>\n<td>AUT<\/td>\n<td>Suzuki Team Austria<\/td>\n<td align=\"right\">17<\/td>\n<\/tr>\n<tr>\n<td>22<\/td>\n<td>Hefler R\u00f3bert<\/td>\n<td>HUN<\/td>\n<td>GFS Racing Team<\/td>\n<td align=\"right\">16<\/td>\n<\/tr>\n<tr>\n<td>23<\/td>\n<td>Peter Eibisberger<\/td>\n<td>AUT<\/td>\n<td>Suzuki Team Austria<\/td>\n<td align=\"right\">14<\/td>\n<\/tr>\n<tr>\n<td>24<\/td>\n<td>Dominik Haselsteiner<\/td>\n<td>AUT<\/td>\n<td>Suzuki Team Austria<\/td>\n<td align=\"right\">12<\/td>\n<\/tr>\n<tr>\n<td>25<\/td>\n<td>Fodor \u00c1rp\u00e1d<\/td>\n<td>HUN<\/td>\n<td>GFS Racing Team<\/td>\n<td align=\"right\">10<\/td>\n<\/tr>\n<tr>\n<td>26<\/td>\n<td>M\u00e9h\u00e9sz Attila<\/td>\n<td>HUN<\/td>\n<td>GFS Racing Team<\/td>\n<td align=\"right\">10<\/td>\n<\/tr>\n<tr>\n<td>27<\/td>\n<td>Merk J\u00f3zsef<\/td>\n<td>HUN<\/td>\n<td>Apex Racing Team<\/td>\n<td align=\"right\">9<\/td>\n<\/tr>\n<tr>\n<td>28<\/td>\n<td>Kov\u00e1cs Kolos<\/td>\n<td>HUN<\/td>\n<td>BZ Racing Team<\/td>\n<td align=\"right\">8<\/td>\n<\/tr>\n<tr>\n<td>29<\/td>\n<td>Baronits G\u00e1bor<\/td>\n<td>HUN<\/td>\n<td>BZ Racing Team<\/td>\n<td align=\"right\">7<\/td>\n<\/tr>\n<tr>\n<td>30<\/td>\n<td>Peter Gross<\/td>\n<td>AUT<\/td>\n<td>Suzuki Team Austria<\/td>\n<td align=\"right\">6<\/td>\n<\/tr>\n<tr>\n<td>31<\/td>\n<td>Lukas Puchinger<\/td>\n<td>AUT<\/td>\n<td>Suzuki Team Austria<\/td>\n<td align=\"right\">3<\/td>\n<\/tr>\n<tr>\n<td>32<\/td>\n<td>G\u00e1sp\u00e1r Zsolt<\/td>\n<td>HUN<\/td>\n<td>GFS Racing Team<\/td>\n<td align=\"right\">0<\/td>\n<\/tr>\n<tr>\n<td>33<\/td>\n<td>Hermann Neubauer<\/td>\n<td>AUT<\/td>\n<td>Suzuki Team Austria<\/td>\n<td align=\"right\">0<\/td>\n<\/tr>\n<tr>\n<td>34<\/td>\n<td>Maximilian Hofer<\/td>\n<td>AUT<\/td>\n<td>Suzuki Team Austria<\/td>\n<td align=\"right\">0<\/td>\n<\/tr>\n<tr>\n<td>35<\/td>\n<td>Alexander Maier<\/td>\n<td>AUT<\/td>\n<td>Suzuki Team Austria<\/td>\n<td align=\"right\">0<\/td>\n<\/tr>\n<tr>\n<td>36<\/td>\n<td>Wieszt Jank\u00f3<\/td>\n<td>HUN<\/td>\n<td>GFS Racing Team<\/td>\n<td align=\"right\">0<\/td>\n<\/tr>\n<tr>\n<td>37<\/td>\n<td>Oliver M\u00fcller<\/td>\n<td>AUT<\/td>\n<td>Suzuki Team Austria<\/td>\n<td align=\"right\">0<\/td>\n<\/tr>\n<tr>\n<td>38<\/td>\n<td>Michael Kittel<\/td>\n<td>AUT<\/td>\n<td>Suzuki Team Austria<\/td>\n<td align=\"right\">0<\/td>\n<\/tr>\n<tr>\n<td>39<\/td>\n<td>Dr. Szalai Zsolt<\/td>\n<td>HUN<\/td>\n<td>GFS Racing Team<\/td>\n<td align=\"right\">0<\/td>\n<\/tr>\n<tr>\n<td>40<\/td>\n<td>Vnoucsekn\u00e9 Illus<\/td>\n<td>HUN<\/td>\n<td>CarColor Motorsport<\/td>\n<td align=\"right\">0<\/td>\n<\/tr>\n<tr>\n<td>41<\/td>\n<td>F\u00e1cz\u00e1n Zsolt<\/td>\n<td>HUN<\/td>\n<td>GFS Racing Team<\/td>\n<td align=\"right\">0<\/td>\n<\/tr>\n<tr>\n<td>42<\/td>\n<td>Zolt\u00e1n Kevin<\/td>\n<td>HUN<\/td>\n<td>GFS Racing Team<\/td>\n<td align=\"right\">0<\/td>\n<\/tr>\n<tr>\n<td>43<\/td>\n<td>Hubert Haselsteiner<\/td>\n<td>AUT<\/td>\n<td>Suzuki Team Austria<\/td>\n<td align=\"right\">0<\/td>\n<\/tr>\n<tr>\n<td>44<\/td>\n<td>K\u00f6rm\u0151czi Bal\u00e1zs<\/td>\n<td>HUN<\/td>\n<td>GFS Racing Team<\/td>\n<td align=\"right\">0<\/td>\n<\/tr>\n<tr>\n<td>45<\/td>\n<td>K\u00f6rm\u0151czi Gerg\u0151<\/td>\n<td>HUN<\/td>\n<td>GFS Racing Team<\/td>\n<td align=\"right\">0<\/td>\n<\/tr>\n<tr>\n<td>46<\/td>\n<td>Beny\u00f3 M\u00e1t\u00e9<\/td>\n<td>HUN<\/td>\n<td>GFS Racing Team<\/td>\n<td align=\"right\">0<\/td>\n<\/tr>\n<tr>\n<td>47<\/td>\n<td>Fekete Bal\u00e1zs<\/td>\n<td>HUN<\/td>\n<td>GFS Racing Team<\/td>\n<td align=\"right\">0<\/td>\n<\/tr>\n<tr>\n<td>48<\/td>\n<td>Szentp\u00e9teri Bal\u00e1zs<\/td>\n<td>HUN<\/td>\n<td>GFS Racing Team<\/td>\n<td align=\"right\">0<\/td>\n<\/tr>\n<tr>\n<td>49<\/td>\n<td>Kov\u00e1cs Marcell<\/td>\n<td>HUN<\/td>\n<td>GFS Racing Team<\/td>\n<td align=\"right\">0<\/td>\n<\/tr>\n<\/tbody>\n<\/table>\n<p>[\/av_tab]<br \/>\n[av_tab title=&#8217;OB 1.6&#8242; icon_select=&#8217;no&#8217; icon=&#8217;ue800&#8242; font=&#8217;entypo-fontello&#8217; av_uid=&#8217;av-v73iu&#8217;]<\/p>\n<table width=\"700\" cellspacing=\"0\" cellpadding=\"0\">\n<tbody>\n<tr>\n<td width=\"50\">Pos.<\/td>\n<td width=\"200\">Name<\/td>\n<td width=\"50\">Nat.<\/td>\n<td width=\"250\">Team<\/td>\n<td align=\"right\" width=\"150\">Final Results<\/td>\n<\/tr>\n<tr>\n<td>1<\/td>\n<td>Csik J\u00e1nos<\/td>\n<td>HUN<\/td>\n<td>GFS Racing Team<\/td>\n<td align=\"right\">215<\/td>\n<\/tr>\n<tr>\n<td>2<\/td>\n<td>Moln\u00e1r Bendeg\u00faz<\/td>\n<td>HUN<\/td>\n<td>GFS Racing Team<\/td>\n<td align=\"right\">210<\/td>\n<\/tr>\n<tr>\n<td>3<\/td>\n<td>Bernula Istv\u00e1n<\/td>\n<td>HUN<\/td>\n<td>GFS Racing Team<\/td>\n<td align=\"right\">201<\/td>\n<\/tr>\n<tr>\n<td>4<\/td>\n<td>Balogh Zolt\u00e1n<\/td>\n<td>HUN<\/td>\n<td>BZ Racing Team<\/td>\n<td align=\"right\">190<\/td>\n<\/tr>\n<tr>\n<td>5<\/td>\n<td>Forrai G\u00e1bor<\/td>\n<td>HUN<\/td>\n<td>Apex Racing Team<\/td>\n<td align=\"right\">189<\/td>\n<\/tr>\n<tr>\n<td>6<\/td>\n<td>M\u00e9sz\u00e1ros G\u00e1bor<\/td>\n<td>HUN<\/td>\n<td>GFS Racing Team<\/td>\n<td align=\"right\">165<\/td>\n<\/tr>\n<tr>\n<td>7<\/td>\n<td>Beny\u00f3 M\u00e1t\u00e9<\/td>\n<td>HUN<\/td>\n<td>GFS Racing Team<\/td>\n<td align=\"right\">135<\/td>\n<\/tr>\n<tr>\n<td>8<\/td>\n<td>Fekete Bal\u00e1zs<\/td>\n<td>HUN<\/td>\n<td>GFS Racing Team<\/td>\n<td align=\"right\">122<\/td>\n<\/tr>\n<tr>\n<td>9<\/td>\n<td>Borsi Gerg\u0151<\/td>\n<td>HUN<\/td>\n<td>GFS Racing Team<\/td>\n<td align=\"right\">100<\/td>\n<\/tr>\n<tr>\n<td>10<\/td>\n<td>Egy\u00fcd G\u00e1bor<\/td>\n<td>HUN<\/td>\n<td>GFS Racing Team<\/td>\n<td align=\"right\">62<\/td>\n<\/tr>\n<tr>\n<td>11<\/td>\n<td>F\u00fcge Kriszti\u00e1n<\/td>\n<td>HUN<\/td>\n<td>CarColor Motorsport<\/td>\n<td align=\"right\">48<\/td>\n<\/tr>\n<tr>\n<td>12<\/td>\n<td>Straub Kriszti\u00e1n<\/td>\n<td>HUN<\/td>\n<td>GFS Racing Team<\/td>\n<td align=\"right\">38<\/td>\n<\/tr>\n<tr>\n<td>13<\/td>\n<td>Merk J\u00f3zsef<\/td>\n<td>HUN<\/td>\n<td>Apex Racing Team<\/td>\n<td align=\"right\">35<\/td>\n<\/tr>\n<tr>\n<td>14<\/td>\n<td>Balogh Bence<\/td>\n<td>HUN<\/td>\n<td>GFS Racing Team<\/td>\n<td align=\"right\">24<\/td>\n<\/tr>\n<tr>\n<td>15<\/td>\n<td>Baronits G\u00e1bor<\/td>\n<td>HUN<\/td>\n<td>BZ Racing Team<\/td>\n<td align=\"right\">21<\/td>\n<\/tr>\n<tr>\n<td>16<\/td>\n<td>Vnoucsekn\u00e9 Illus<\/td>\n<td>HUN<\/td>\n<td>CarColor Motorsport<\/td>\n<td align=\"right\">8<\/td>\n<\/tr>\n<tr>\n<td>17<\/td>\n<td>G\u00e1sp\u00e1r Zsolt<\/td>\n<td>HUN<\/td>\n<td>GFS Racing Team<\/td>\n<td align=\"right\">0<\/td>\n<\/tr>\n<tr>\n<td>18<\/td>\n<td>Wieszt Jank\u00f3<\/td>\n<td>HUN<\/td>\n<td>GFS Racing Team<\/td>\n<td align=\"right\">0<\/td>\n<\/tr>\n<tr>\n<td>19<\/td>\n<td>Dr. Szalai Zsolt<\/td>\n<td>HUN<\/td>\n<td>GFS Racing Team<\/td>\n<td align=\"right\">0<\/td>\n<\/tr>\n<tr>\n<td>20<\/td>\n<td>F\u00e1cz\u00e1n Zsolt<\/td>\n<td>HUN<\/td>\n<td>GFS Racing Team<\/td>\n<td align=\"right\">0<\/td>\n<\/tr>\n<\/tbody>\n<\/table>\n<p>[\/av_tab]<br \/>\n[av_tab title=&#8217;Junior 1.6&#8242; icon_select=&#8217;no&#8217; icon=&#8217;ue800&#8242; font=&#8217;entypo-fontello&#8217; av_uid=&#8217;av-smm1q&#8217;]<\/p>\n<table width=\"700\" cellspacing=\"0\" cellpadding=\"0\">\n<tbody>\n<tr>\n<td width=\"50\">Pos.<\/td>\n<td width=\"200\">Name<\/td>\n<td width=\"50\">Nat.<\/td>\n<td width=\"250\">Team<\/td>\n<td align=\"right\" width=\"150\">Final Results<\/td>\n<\/tr>\n<tr>\n<td>1<\/td>\n<td>Balogh Zolt\u00e1n<\/td>\n<td>HUN<\/td>\n<td>BZ Racing Team<\/td>\n<td align=\"right\">270<\/td>\n<\/tr>\n<tr>\n<td>2<\/td>\n<td>Beny\u00f3 M\u00e1t\u00e9<\/td>\n<td>HUN<\/td>\n<td>GFS Racing Team<\/td>\n<td align=\"right\">225<\/td>\n<\/tr>\n<tr>\n<td>3<\/td>\n<td>Fekete Bal\u00e1zs<\/td>\n<td>HUN<\/td>\n<td>GFS Racing Team<\/td>\n<td align=\"right\">224<\/td>\n<\/tr>\n<\/tbody>\n<\/table>\n<p>[\/av_tab]<br \/>\n[av_tab title=&#8217;Senior 1.6&#8242; icon_select=&#8217;no&#8217; icon=&#8217;ue800&#8242; font=&#8217;entypo-fontello&#8217; av_uid=&#8217;av-jfxq6&#8242;]<\/p>\n<table width=\"700\" cellspacing=\"0\" cellpadding=\"0\">\n<tbody>\n<tr>\n<td width=\"50\">Pos.<\/td>\n<td width=\"200\">Name<\/td>\n<td width=\"50\">Nat.<\/td>\n<td width=\"250\">Team<\/td>\n<td align=\"right\" width=\"150\">Final Results<\/td>\n<\/tr>\n<tr>\n<td>1<\/td>\n<td>Csik J\u00e1nos<\/td>\n<td>HUN<\/td>\n<td>GFS Racing Team<\/td>\n<td align=\"right\">277<\/td>\n<\/tr>\n<tr>\n<td>2<\/td>\n<td>Borsi Gerg\u0151<\/td>\n<td>HUN<\/td>\n<td>GFS Racing Team<\/td>\n<td align=\"right\">226<\/td>\n<\/tr>\n<tr>\n<td>3<\/td>\n<td>Egy\u00fcd G\u00e1bor<\/td>\n<td>HUN<\/td>\n<td>GFS Racing Team<\/td>\n<td align=\"right\">171<\/td>\n<\/tr>\n<tr>\n<td>4<\/td>\n<td>Straub Kriszti\u00e1n<\/td>\n<td>HUN<\/td>\n<td>GFS Racing Team<\/td>\n<td align=\"right\">95<\/td>\n<\/tr>\n<\/tbody>\n<\/table>\n<p>[\/av_tab]<br \/>\n[av_tab title=&#8217;1.3&#8242; icon_select=&#8217;no&#8217; icon=&#8217;ue800&#8242; font=&#8217;entypo-fontello&#8217; av_uid=&#8217;av-ev1rq&#8217;]<\/p>\n<table width=\"700\" cellspacing=\"0\" cellpadding=\"0\">\n<tbody>\n<tr>\n<td width=\"50\">Pos.<\/td>\n<td width=\"200\">Name<\/td>\n<td width=\"50\">Nat.<\/td>\n<td width=\"250\">Team<\/td>\n<td align=\"right\" width=\"150\">Final Results<\/td>\n<\/tr>\n<tr>\n<td>1<\/td>\n<td>Kov\u00e1cs Kolos<\/td>\n<td>HUN<\/td>\n<td>BZ Racing Team<\/td>\n<td align=\"right\">232<\/td>\n<\/tr>\n<tr>\n<td>2<\/td>\n<td>Fodor \u00c1rp\u00e1d<\/td>\n<td>HUN<\/td>\n<td>GFS Racing Team<\/td>\n<td align=\"right\">221<\/td>\n<\/tr>\n<tr>\n<td>3<\/td>\n<td>M\u00e9h\u00e9sz Attila<\/td>\n<td>HUN<\/td>\n<td>GFS Racing Team<\/td>\n<td align=\"right\">172<\/td>\n<\/tr>\n<tr>\n<td>4<\/td>\n<td>Hefler R\u00f3bert<\/td>\n<td>HUN<\/td>\n<td>GFS Racing Team<\/td>\n<td align=\"right\">112<\/td>\n<\/tr>\n<tr>\n<td>5<\/td>\n<td>K\u00f6rm\u0151czi Bal\u00e1zs<\/td>\n<td>HUN<\/td>\n<td>GFS Racing Team<\/td>\n<td align=\"right\">49<\/td>\n<\/tr>\n<tr>\n<td>6<\/td>\n<td>K\u00f6rm\u0151czi Gerg\u0151<\/td>\n<td>HUN<\/td>\n<td>GFS Racing Team<\/td>\n<td align=\"right\">30<\/td>\n<\/tr>\n<tr>\n<td>7<\/td>\n<td>Kov\u00e1cs Marcell<\/td>\n<td>HUN<\/td>\n<td>GFS Racing Team<\/td>\n<td align=\"right\">1<\/td>\n<\/tr>\n<tr>\n<td>8<\/td>\n<td>Zolt\u00e1n Kevin<\/td>\n<td>HUN<\/td>\n<td>GFS Racing Team<\/td>\n<td align=\"right\">0<\/td>\n<\/tr>\n<tr>\n<td>9<\/td>\n<td>Szentp\u00e9teri Bal\u00e1zs<\/td>\n<td>HUN<\/td>\n<td>GFS Racing Team<\/td>\n<td align=\"right\">0<\/td>\n<\/tr>\n<\/tbody>\n<\/table>\n<p>[\/av_tab]<br \/>\n[av_tab title=&#8217;Ladies 1.6&#8242; icon_select=&#8217;no&#8217; icon=&#8217;ue800&#8242; font=&#8217;entypo-fontello&#8217; av_uid=&#8217;av-79346&#8242;]<\/p>\n<table width=\"700\" cellspacing=\"0\" cellpadding=\"0\">\n<tbody>\n<tr>\n<td width=\"50\">Pos.<\/td>\n<td width=\"200\">Name<\/td>\n<td width=\"50\">Nat.<\/td>\n<td width=\"250\">Team<\/td>\n<td align=\"right\" width=\"150\">Final Results<\/td>\n<\/tr>\n<tr>\n<td>1<\/td>\n<td>Vnoucsekn\u00e9 Illus<\/td>\n<td>HUN<\/td>\n<td>CarColor Motorsport<\/td>\n<td align=\"right\">44<\/td>\n<\/tr>\n<\/tbody>\n<\/table>\n<p>[\/av_tab]<br \/>\n[\/av_tab_container]<\/p>\n<p>[\/av_two_third][av_one_third min_height=&#8221; vertical_alignment=&#8221; space=&#8221; custom_margin=&#8221; margin=&#8217;0px&#8217; link=&#8221; linktarget=&#8221; link_hover=&#8221; padding=&#8217;0px&#8217; border=&#8221; border_color=&#8221; radius=&#8217;0px&#8217; background=&#8217;bg_color&#8217; background_color=&#8221; background_gradient_color1=&#8221; background_gradient_color2=&#8221; background_gradient_direction=&#8217;vertical&#8217; src=&#8221; background_position=&#8217;top left&#8217; background_repeat=&#8217;no-repeat&#8217; animation=&#8221; mobile_breaking=&#8221; mobile_display=&#8221; av_uid=&#8217;av-w6aa&#8217;]<\/p>\n<p>[av_sidebar av_uid=&#8217;av-b8thy&#8217; widget_area=&#8217;Displayed Everywhere&#8217;]<\/p>\n<p>[\/av_one_third]<br \/>\n[\/av_section]<\/p>\n<p>[av_section min_height=&#8217;custom&#8217; min_height_px=&#8217;227px&#8217; padding=&#8217;no-padding&#8217; shadow=&#8217;no-border-styling&#8217; bottom_border=&#8217;no-border-styling&#8217; bottom_border_diagonal_color=&#8217;#333333&#8242; bottom_border_diagonal_direction=&#8221; bottom_border_style=&#8221; custom_arrow_bg=&#8221; id=&#8221; color=&#8217;main_color&#8217; background=&#8217;bg_color&#8217; custom_bg=&#8217;#333333&#8242; background_gradient_color1=&#8221; background_gradient_color2=&#8221; background_gradient_direction=&#8217;vertical&#8217; src=&#8217;http:\/\/supercar.s3w.hu\/wp-content\/uploads\/2018\/07\/elvalaszto3.png&#8217; attachment=&#8217;146&#8242; attachment_size=&#8217;full&#8217; attach=&#8217;scroll&#8217; position=&#8217;bottom center&#8217; repeat=&#8217;stretch&#8217; video=&#8221; video_ratio=&#8217;16:9&#8242; overlay_opacity=&#8217;0.5&#8242; overlay_color=&#8221; overlay_pattern=&#8221; overlay_custom_pattern=&#8221; av_element_hidden_in_editor=&#8217;0&#8242; av_uid=&#8217;av-jjzmhkob&#8217; custom_class=&#8221;][\/av_section]<\/p>","protected":false},"excerpt":{"rendered":"<p>[av_section min_height=&#8217;custom&#8217; min_height_px=&#8217;500px&#8217; padding=&#8217;default&#8217; shadow=&#8217;no-border-styling&#8217; bottom_border=&#8217;no-border-styling&#8217; bottom_border_diagonal_color=&#8217;#333333&#8242; bottom_border_diagonal_direction=&#8221; bottom_border_style=&#8221; custom_arrow_bg=&#8221; id=&#8221; color=&#8217;main_color&#8217; background=&#8217;bg_color&#8217; custom_bg=&#8217;#333333&#8242; background_gradient_color1=&#8221; background_gradient_color2=&#8221; background_gradient_direction=&#8217;vertical&#8217; src=&#8217;http:\/\/supercar.s3w.hu\/wp-content\/uploads\/2018\/07\/elvalaszto-2.png&#8217; attachment=&#8217;120&#8242; attachment_size=&#8217;full&#8217; attach=&#8217;scroll&#8217; position=&#8217;top center&#8217; repeat=&#8217;no-repeat&#8217; video=&#8221; video_ratio=&#8217;16:9&#8242; overlay_opacity=&#8217;0.5&#8242; overlay_color=&#8221; overlay_pattern=&#8221; overlay_custom_pattern=&#8221; av_element_hidden_in_editor=&#8217;0&#8242; av_uid=&#8217;av-jjtzeh7h&#8217; custom_class=&#8221;] [av_two_third first min_height=&#8221; vertical_alignment=&#8221; space=&#8221; custom_margin=&#8221; margin=&#8217;0px&#8217; link=&#8221; linktarget=&#8221; link_hover=&#8221; padding=&#8217;0px&#8217; border=&#8221; border_color=&#8221; radius=&#8217;0px&#8217; background=&#8217;bg_color&#8217; background_color=&#8221; background_gradient_color1=&#8221; background_gradient_color2=&#8221; background_gradient_direction=&#8217;vertical&#8217; src=&#8221; background_position=&#8217;top left&#8217; [&hellip;]<\/p>","protected":false},"author":2,"featured_media":0,"parent":254,"menu_order":2,"comment_status":"closed","ping_status":"closed","template":"","meta":{"footnotes":""},"yoast_head":"<!-- This site is optimized with the Yoast SEO Premium plugin v21.1 (Yoast SEO v21.7) - https:\/\/yoast.com\/wordpress\/plugins\/seo\/ -->\n<title>FIA Swift Cup Europe 2016 - FIA Swift Cup Europe<\/title>\n<meta name=\"robots\" content=\"index, follow, max-snippet:-1, max-image-preview:large, max-video-preview:-1\" \/>\n<link rel=\"canonical\" href=\"https:\/\/www.swiftcupeurope.com\/en\/bajnoksagold\/fia-swift-cup-europe-2016\/\" \/>\n<meta property=\"og:locale\" content=\"en_US\" \/>\n<meta property=\"og:type\" content=\"article\" \/>\n<meta property=\"og:title\" content=\"FIA Swift Cup Europe 2016\" \/>\n<meta property=\"og:description\" content=\"[av_section min_height=&#8217;custom&#8217; min_height_px=&#8217;500px&#8217; padding=&#8217;default&#8217; shadow=&#8217;no-border-styling&#8217; bottom_border=&#8217;no-border-styling&#8217; bottom_border_diagonal_color=&#8217;#333333&#8242; bottom_border_diagonal_direction=&#8221; bottom_border_style=&#8221; custom_arrow_bg=&#8221; id=&#8221; color=&#8217;main_color&#8217; background=&#8217;bg_color&#8217; custom_bg=&#8217;#333333&#8242; background_gradient_color1=&#8221; background_gradient_color2=&#8221; background_gradient_direction=&#8217;vertical&#8217; src=&#8217;http:\/\/supercar.s3w.hu\/wp-content\/uploads\/2018\/07\/elvalaszto-2.png&#8217; attachment=&#8217;120&#8242; attachment_size=&#8217;full&#8217; attach=&#8217;scroll&#8217; position=&#8217;top center&#8217; repeat=&#8217;no-repeat&#8217; video=&#8221; video_ratio=&#8217;16:9&#8242; overlay_opacity=&#8217;0.5&#8242; overlay_color=&#8221; overlay_pattern=&#8221; overlay_custom_pattern=&#8221; av_element_hidden_in_editor=&#8217;0&#8242; av_uid=&#8217;av-jjtzeh7h&#8217; custom_class=&#8221;] [av_two_third first min_height=&#8221; vertical_alignment=&#8221; space=&#8221; custom_margin=&#8221; margin=&#8217;0px&#8217; link=&#8221; linktarget=&#8221; link_hover=&#8221; padding=&#8217;0px&#8217; border=&#8221; border_color=&#8221; radius=&#8217;0px&#8217; background=&#8217;bg_color&#8217; background_color=&#8221; background_gradient_color1=&#8221; background_gradient_color2=&#8221; background_gradient_direction=&#8217;vertical&#8217; src=&#8221; background_position=&#8217;top left&#8217; [&hellip;]\" \/>\n<meta property=\"og:url\" content=\"https:\/\/www.swiftcupeurope.com\/en\/bajnoksagold\/fia-swift-cup-europe-2016\/\" \/>\n<meta property=\"og:site_name\" content=\"FIA Swift Cup Europe\" \/>\n<meta property=\"article:modified_time\" content=\"2018-10-30T18:53:57+00:00\" \/>\n<meta name=\"twitter:card\" content=\"summary_large_image\" \/>\n<meta name=\"twitter:label1\" content=\"Est. reading time\" \/>\n\t<meta name=\"twitter:data1\" content=\"6 minutes\" \/>\n<script type=\"application\/ld+json\" class=\"yoast-schema-graph\">{\"@context\":\"https:\/\/schema.org\",\"@graph\":[{\"@type\":\"WebPage\",\"@id\":\"https:\/\/www.swiftcupeurope.com\/bajnoksagold\/fia-swift-cup-europe-2016\/\",\"url\":\"https:\/\/www.swiftcupeurope.com\/bajnoksagold\/fia-swift-cup-europe-2016\/\",\"name\":\"FIA Swift Cup Europe 2016 - FIA Swift Cup Europe\",\"isPartOf\":{\"@id\":\"https:\/\/www.swiftcupeurope.com\/#website\"},\"datePublished\":\"2016-04-19T16:48:37+00:00\",\"dateModified\":\"2018-10-30T18:53:57+00:00\",\"breadcrumb\":{\"@id\":\"https:\/\/www.swiftcupeurope.com\/bajnoksagold\/fia-swift-cup-europe-2016\/#breadcrumb\"},\"inLanguage\":\"en-US\",\"potentialAction\":[{\"@type\":\"ReadAction\",\"target\":[\"https:\/\/www.swiftcupeurope.com\/bajnoksagold\/fia-swift-cup-europe-2016\/\"]}]},{\"@type\":\"BreadcrumbList\",\"@id\":\"https:\/\/www.swiftcupeurope.com\/bajnoksagold\/fia-swift-cup-europe-2016\/#breadcrumb\",\"itemListElement\":[{\"@type\":\"ListItem\",\"position\":1,\"name\":\"Kezd\u0151lap\",\"item\":\"https:\/\/www.swiftcupeurope.com\/\"},{\"@type\":\"ListItem\",\"position\":2,\"name\":\"BAJNOKS\u00c1G\",\"item\":\"https:\/\/www.swiftcupeurope.com\/bajnoksagold\/\"},{\"@type\":\"ListItem\",\"position\":3,\"name\":\"FIA Swift Cup Europe 2016\"}]},{\"@type\":\"WebSite\",\"@id\":\"https:\/\/www.swiftcupeurope.com\/#website\",\"url\":\"https:\/\/www.swiftcupeurope.com\/\",\"name\":\"FIA Swift Cup Europe\",\"description\":\"FIA Swift Cup Europe \/ Official Website\",\"publisher\":{\"@id\":\"https:\/\/www.swiftcupeurope.com\/#organization\"},\"potentialAction\":[{\"@type\":\"SearchAction\",\"target\":{\"@type\":\"EntryPoint\",\"urlTemplate\":\"https:\/\/www.swiftcupeurope.com\/?s={search_term_string}\"},\"query-input\":\"required name=search_term_string\"}],\"inLanguage\":\"en-US\"},{\"@type\":\"Organization\",\"@id\":\"https:\/\/www.swiftcupeurope.com\/#organization\",\"name\":\"FIA Swift Cup Europe\",\"url\":\"https:\/\/www.swiftcupeurope.com\/\",\"logo\":{\"@type\":\"ImageObject\",\"inLanguage\":\"en-US\",\"@id\":\"https:\/\/www.swiftcupeurope.com\/#\/schema\/logo\/image\/\",\"url\":\"https:\/\/www.swiftcupeurope.com\/wp-content\/uploads\/2021\/04\/cropped-sce_logo_2021inv.png\",\"contentUrl\":\"https:\/\/www.swiftcupeurope.com\/wp-content\/uploads\/2021\/04\/cropped-sce_logo_2021inv.png\",\"width\":600,\"height\":120,\"caption\":\"FIA Swift Cup Europe\"},\"image\":{\"@id\":\"https:\/\/www.swiftcupeurope.com\/#\/schema\/logo\/image\/\"}}]}<\/script>\n<!-- \/ Yoast SEO Premium plugin. -->","yoast_head_json":{"title":"FIA Swift Cup Europe 2016 - FIA Swift Cup Europe","robots":{"index":"index","follow":"follow","max-snippet":"max-snippet:-1","max-image-preview":"max-image-preview:large","max-video-preview":"max-video-preview:-1"},"canonical":"https:\/\/www.swiftcupeurope.com\/en\/bajnoksagold\/fia-swift-cup-europe-2016\/","og_locale":"en_US","og_type":"article","og_title":"FIA Swift Cup Europe 2016","og_description":"[av_section min_height=&#8217;custom&#8217; min_height_px=&#8217;500px&#8217; padding=&#8217;default&#8217; shadow=&#8217;no-border-styling&#8217; bottom_border=&#8217;no-border-styling&#8217; bottom_border_diagonal_color=&#8217;#333333&#8242; bottom_border_diagonal_direction=&#8221; bottom_border_style=&#8221; custom_arrow_bg=&#8221; id=&#8221; color=&#8217;main_color&#8217; background=&#8217;bg_color&#8217; custom_bg=&#8217;#333333&#8242; background_gradient_color1=&#8221; background_gradient_color2=&#8221; background_gradient_direction=&#8217;vertical&#8217; src=&#8217;http:\/\/supercar.s3w.hu\/wp-content\/uploads\/2018\/07\/elvalaszto-2.png&#8217; attachment=&#8217;120&#8242; attachment_size=&#8217;full&#8217; attach=&#8217;scroll&#8217; position=&#8217;top center&#8217; repeat=&#8217;no-repeat&#8217; video=&#8221; video_ratio=&#8217;16:9&#8242; overlay_opacity=&#8217;0.5&#8242; overlay_color=&#8221; overlay_pattern=&#8221; overlay_custom_pattern=&#8221; av_element_hidden_in_editor=&#8217;0&#8242; av_uid=&#8217;av-jjtzeh7h&#8217; custom_class=&#8221;] [av_two_third first min_height=&#8221; vertical_alignment=&#8221; space=&#8221; custom_margin=&#8221; margin=&#8217;0px&#8217; link=&#8221; linktarget=&#8221; link_hover=&#8221; padding=&#8217;0px&#8217; border=&#8221; border_color=&#8221; radius=&#8217;0px&#8217; background=&#8217;bg_color&#8217; background_color=&#8221; background_gradient_color1=&#8221; background_gradient_color2=&#8221; background_gradient_direction=&#8217;vertical&#8217; src=&#8221; background_position=&#8217;top left&#8217; [&hellip;]","og_url":"https:\/\/www.swiftcupeurope.com\/en\/bajnoksagold\/fia-swift-cup-europe-2016\/","og_site_name":"FIA Swift Cup Europe","article_modified_time":"2018-10-30T18:53:57+00:00","twitter_card":"summary_large_image","twitter_misc":{"Est. reading time":"6 minutes"},"schema":{"@context":"https:\/\/schema.org","@graph":[{"@type":"WebPage","@id":"https:\/\/www.swiftcupeurope.com\/bajnoksagold\/fia-swift-cup-europe-2016\/","url":"https:\/\/www.swiftcupeurope.com\/bajnoksagold\/fia-swift-cup-europe-2016\/","name":"FIA Swift Cup Europe 2016 - FIA Swift Cup Europe","isPartOf":{"@id":"https:\/\/www.swiftcupeurope.com\/#website"},"datePublished":"2016-04-19T16:48:37+00:00","dateModified":"2018-10-30T18:53:57+00:00","breadcrumb":{"@id":"https:\/\/www.swiftcupeurope.com\/bajnoksagold\/fia-swift-cup-europe-2016\/#breadcrumb"},"inLanguage":"en-US","potentialAction":[{"@type":"ReadAction","target":["https:\/\/www.swiftcupeurope.com\/bajnoksagold\/fia-swift-cup-europe-2016\/"]}]},{"@type":"BreadcrumbList","@id":"https:\/\/www.swiftcupeurope.com\/bajnoksagold\/fia-swift-cup-europe-2016\/#breadcrumb","itemListElement":[{"@type":"ListItem","position":1,"name":"Kezd\u0151lap","item":"https:\/\/www.swiftcupeurope.com\/"},{"@type":"ListItem","position":2,"name":"BAJNOKS\u00c1G","item":"https:\/\/www.swiftcupeurope.com\/bajnoksagold\/"},{"@type":"ListItem","position":3,"name":"FIA Swift Cup Europe 2016"}]},{"@type":"WebSite","@id":"https:\/\/www.swiftcupeurope.com\/#website","url":"https:\/\/www.swiftcupeurope.com\/","name":"FIA Swift Cup Europe","description":"FIA Swift Cup Europe \/ Official Website","publisher":{"@id":"https:\/\/www.swiftcupeurope.com\/#organization"},"potentialAction":[{"@type":"SearchAction","target":{"@type":"EntryPoint","urlTemplate":"https:\/\/www.swiftcupeurope.com\/?s={search_term_string}"},"query-input":"required name=search_term_string"}],"inLanguage":"en-US"},{"@type":"Organization","@id":"https:\/\/www.swiftcupeurope.com\/#organization","name":"FIA Swift Cup Europe","url":"https:\/\/www.swiftcupeurope.com\/","logo":{"@type":"ImageObject","inLanguage":"en-US","@id":"https:\/\/www.swiftcupeurope.com\/#\/schema\/logo\/image\/","url":"https:\/\/www.swiftcupeurope.com\/wp-content\/uploads\/2021\/04\/cropped-sce_logo_2021inv.png","contentUrl":"https:\/\/www.swiftcupeurope.com\/wp-content\/uploads\/2021\/04\/cropped-sce_logo_2021inv.png","width":600,"height":120,"caption":"FIA Swift Cup Europe"},"image":{"@id":"https:\/\/www.swiftcupeurope.com\/#\/schema\/logo\/image\/"}}]}},"_links":{"self":[{"href":"https:\/\/www.swiftcupeurope.com\/en\/wp-json\/wp\/v2\/pages\/2753"}],"collection":[{"href":"https:\/\/www.swiftcupeurope.com\/en\/wp-json\/wp\/v2\/pages"}],"about":[{"href":"https:\/\/www.swiftcupeurope.com\/en\/wp-json\/wp\/v2\/types\/page"}],"author":[{"embeddable":true,"href":"https:\/\/www.swiftcupeurope.com\/en\/wp-json\/wp\/v2\/users\/2"}],"replies":[{"embeddable":true,"href":"https:\/\/www.swiftcupeurope.com\/en\/wp-json\/wp\/v2\/comments?post=2753"}],"version-history":[{"count":3,"href":"https:\/\/www.swiftcupeurope.com\/en\/wp-json\/wp\/v2\/pages\/2753\/revisions"}],"predecessor-version":[{"id":5905,"href":"https:\/\/www.swiftcupeurope.com\/en\/wp-json\/wp\/v2\/pages\/2753\/revisions\/5905"}],"up":[{"embeddable":true,"href":"https:\/\/www.swiftcupeurope.com\/en\/wp-json\/wp\/v2\/pages\/254"}],"wp:attachment":[{"href":"https:\/\/www.swiftcupeurope.com\/en\/wp-json\/wp\/v2\/media?parent=2753"}],"curies":[{"name":"wp","href":"https:\/\/api.w.org\/{rel}","templated":true}]}}