{"id":16773,"date":"2023-05-21T13:43:25","date_gmt":"2023-05-21T11:43:25","guid":{"rendered":"http:\/\/www.swiftcupeurope.com\/?page_id=16773"},"modified":"2023-05-21T13:52:37","modified_gmt":"2023-05-21T11:52:37","slug":"pilotak-2023","status":"publish","type":"page","link":"https:\/\/www.swiftcupeurope.com\/en\/pilotak-2023\/","title":{"rendered":"Pil\u00f3t\u00e1k 2023"},"content":{"rendered":"<div data-elementor-type=\"wp-page\" data-elementor-id=\"16773\" class=\"elementor elementor-16773\">\n\t\t\t\t\t\t\t\t\t<section class=\"elementor-section elementor-top-section elementor-element elementor-element-b34b26e elementor-section-boxed elementor-section-height-default elementor-section-height-default\" data-id=\"b34b26e\" data-element_type=\"section\">\n\t\t\t\t\t\t<div class=\"elementor-container elementor-column-gap-default\">\n\t\t\t\t\t<div class=\"elementor-column elementor-col-100 elementor-top-column elementor-element elementor-element-b4a329c\" data-id=\"b4a329c\" data-element_type=\"column\">\n\t\t\t<div class=\"elementor-widget-wrap elementor-element-populated\">\n\t\t\t\t\t\t\t\t<div class=\"elementor-element elementor-element-f62b60d elementor-widget elementor-widget-heading\" data-id=\"f62b60d\" data-element_type=\"widget\" data-widget_type=\"heading.default\">\n\t\t\t\t<div class=\"elementor-widget-container\">\n\t\t\t<style>\/*! elementor - v3.18.0 - 20-12-2023 *\/\n.elementor-heading-title{padding:0;margin:0;line-height:1}.elementor-widget-heading .elementor-heading-title[class*=elementor-size-]>a{color:inherit;font-size:inherit;line-height:inherit}.elementor-widget-heading .elementor-heading-title.elementor-size-small{font-size:15px}.elementor-widget-heading .elementor-heading-title.elementor-size-medium{font-size:19px}.elementor-widget-heading .elementor-heading-title.elementor-size-large{font-size:29px}.elementor-widget-heading .elementor-heading-title.elementor-size-xl{font-size:39px}.elementor-widget-heading .elementor-heading-title.elementor-size-xxl{font-size:59px}<\/style><h2 class=\"elementor-heading-title elementor-size-default\">Pil\u00f3t\u00e1k 2022<\/h2>\t\t<\/div>\n\t\t\t\t<\/div>\n\t\t\t\t\t<\/div>\n\t\t<\/div>\n\t\t\t\t\t\t\t<\/div>\n\t\t<\/section>\n\t\t\t\t<section class=\"elementor-section elementor-top-section elementor-element elementor-element-e27c93e elementor-section-content-middle elementor-section-boxed elementor-section-height-default elementor-section-height-default\" data-id=\"e27c93e\" data-element_type=\"section\">\n\t\t\t\t\t\t<div class=\"elementor-container elementor-column-gap-no\">\n\t\t\t\t\t<div class=\"elementor-column elementor-col-50 elementor-top-column elementor-element elementor-element-41dcf4b\" data-id=\"41dcf4b\" data-element_type=\"column\">\n\t\t\t<div class=\"elementor-widget-wrap elementor-element-populated\">\n\t\t\t\t\t\t\t\t<div class=\"elementor-element elementor-element-5245dbc elementor-position-left elementor-vertical-align-middle elementor-widget elementor-widget-image-box\" data-id=\"5245dbc\" data-element_type=\"widget\" data-widget_type=\"image-box.default\">\n\t\t\t\t<div class=\"elementor-widget-container\">\n\t\t\t<style>\/*! elementor - v3.18.0 - 20-12-2023 *\/\n.elementor-widget-image-box .elementor-image-box-content{width:100%}@media (min-width:768px){.elementor-widget-image-box.elementor-position-left .elementor-image-box-wrapper,.elementor-widget-image-box.elementor-position-right .elementor-image-box-wrapper{display:flex}.elementor-widget-image-box.elementor-position-right .elementor-image-box-wrapper{text-align:right;flex-direction:row-reverse}.elementor-widget-image-box.elementor-position-left .elementor-image-box-wrapper{text-align:left;flex-direction:row}.elementor-widget-image-box.elementor-position-top .elementor-image-box-img{margin:auto}.elementor-widget-image-box.elementor-vertical-align-top .elementor-image-box-wrapper{align-items:flex-start}.elementor-widget-image-box.elementor-vertical-align-middle .elementor-image-box-wrapper{align-items:center}.elementor-widget-image-box.elementor-vertical-align-bottom .elementor-image-box-wrapper{align-items:flex-end}}@media (max-width:767px){.elementor-widget-image-box .elementor-image-box-img{margin-left:auto!important;margin-right:auto!important;margin-bottom:15px}}.elementor-widget-image-box .elementor-image-box-img{display:inline-block}.elementor-widget-image-box .elementor-image-box-title a{color:inherit}.elementor-widget-image-box .elementor-image-box-wrapper{text-align:center}.elementor-widget-image-box .elementor-image-box-description{margin:0}<\/style><div class=\"elementor-image-box-wrapper\"><figure class=\"elementor-image-box-img\"><img fetchpriority=\"high\" decoding=\"async\" width=\"400\" height=\"400\" src=\"https:\/\/www.swiftcupeurope.com\/wp-content\/uploads\/2021\/05\/christophzellhofer.png\" class=\"attachment-full size-full wp-image-905\" alt=\"\" srcset=\"https:\/\/www.swiftcupeurope.com\/wp-content\/uploads\/2021\/05\/christophzellhofer.png 400w, https:\/\/www.swiftcupeurope.com\/wp-content\/uploads\/2021\/05\/christophzellhofer-300x300.png 300w, https:\/\/www.swiftcupeurope.com\/wp-content\/uploads\/2021\/05\/christophzellhofer-80x80.png 80w\" sizes=\"(max-width: 400px) 100vw, 400px\" \/><\/figure><div class=\"elementor-image-box-content\"><h4 class=\"elementor-image-box-title\">Christoph Zellhofer<\/h4><p class=\"elementor-image-box-description\">110<\/p><\/div><\/div>\t\t<\/div>\n\t\t\t\t<\/div>\n\t\t\t\t<div class=\"elementor-element elementor-element-668c3e7 elementor-widget elementor-widget-text-editor\" data-id=\"668c3e7\" data-element_type=\"widget\" data-widget_type=\"text-editor.default\">\n\t\t\t\t<div class=\"elementor-widget-container\">\n\t\t\t<style>\/*! elementor - v3.18.0 - 20-12-2023 *\/\n.elementor-widget-text-editor.elementor-drop-cap-view-stacked .elementor-drop-cap{background-color:#69727d;color:#fff}.elementor-widget-text-editor.elementor-drop-cap-view-framed .elementor-drop-cap{color:#69727d;border:3px solid;background-color:transparent}.elementor-widget-text-editor:not(.elementor-drop-cap-view-default) .elementor-drop-cap{margin-top:8px}.elementor-widget-text-editor:not(.elementor-drop-cap-view-default) .elementor-drop-cap-letter{width:1em;height:1em}.elementor-widget-text-editor .elementor-drop-cap{float:left;text-align:center;line-height:1;font-size:50px}.elementor-widget-text-editor .elementor-drop-cap-letter{display:inline-block}<\/style>\t\t\t\t<p>Car: Suzuki Swift 1.4 turbo<br \/>Team: Suzuki Team Austria<\/p>\t\t\t\t\t\t<\/div>\n\t\t\t\t<\/div>\n\t\t\t\t\t<\/div>\n\t\t<\/div>\n\t\t\t\t<div class=\"elementor-column elementor-col-50 elementor-top-column elementor-element elementor-element-37784be\" data-id=\"37784be\" data-element_type=\"column\">\n\t\t\t<div class=\"elementor-widget-wrap elementor-element-populated\">\n\t\t\t\t\t\t\t\t<div class=\"elementor-element elementor-element-4a4c316 elementor-position-left elementor-vertical-align-middle elementor-widget elementor-widget-image-box\" data-id=\"4a4c316\" data-element_type=\"widget\" data-widget_type=\"image-box.default\">\n\t\t\t\t<div class=\"elementor-widget-container\">\n\t\t\t<div class=\"elementor-image-box-wrapper\"><figure class=\"elementor-image-box-img\"><img decoding=\"async\" width=\"400\" height=\"400\" src=\"https:\/\/www.swiftcupeurope.com\/wp-content\/uploads\/2021\/05\/serafin.png\" class=\"attachment-full size-full wp-image-13249\" alt=\"\" srcset=\"https:\/\/www.swiftcupeurope.com\/wp-content\/uploads\/2021\/05\/serafin.png 400w, https:\/\/www.swiftcupeurope.com\/wp-content\/uploads\/2021\/05\/serafin-300x300.png 300w, https:\/\/www.swiftcupeurope.com\/wp-content\/uploads\/2021\/05\/serafin-80x80.png 80w\" sizes=\"(max-width: 400px) 100vw, 400px\" \/><\/figure><div class=\"elementor-image-box-content\"><h4 class=\"elementor-image-box-title\">Kamil Serafin<\/h4><p class=\"elementor-image-box-description\">510<\/p><\/div><\/div>\t\t<\/div>\n\t\t\t\t<\/div>\n\t\t\t\t<div class=\"elementor-element elementor-element-c6ad04f elementor-widget elementor-widget-text-editor\" data-id=\"c6ad04f\" data-element_type=\"widget\" data-widget_type=\"text-editor.default\">\n\t\t\t\t<div class=\"elementor-widget-container\">\n\t\t\t\t\t\t\t<p>Car: Suzuki Swift 1.4 turbo<br \/>Team: Serafin Racing<\/p>\t\t\t\t\t\t<\/div>\n\t\t\t\t<\/div>\n\t\t\t\t\t<\/div>\n\t\t<\/div>\n\t\t\t\t\t\t\t<\/div>\n\t\t<\/section>\n\t\t\t\t<section class=\"elementor-section elementor-top-section elementor-element elementor-element-138276d elementor-section-content-middle elementor-section-boxed elementor-section-height-default elementor-section-height-default\" data-id=\"138276d\" data-element_type=\"section\">\n\t\t\t\t\t\t<div class=\"elementor-container elementor-column-gap-no\">\n\t\t\t\t\t<div class=\"elementor-column elementor-col-50 elementor-top-column elementor-element elementor-element-0667de9\" data-id=\"0667de9\" data-element_type=\"column\">\n\t\t\t<div class=\"elementor-widget-wrap elementor-element-populated\">\n\t\t\t\t\t\t\t\t<div class=\"elementor-element elementor-element-6e8b74b elementor-position-left elementor-vertical-align-middle elementor-widget elementor-widget-image-box\" data-id=\"6e8b74b\" data-element_type=\"widget\" data-widget_type=\"image-box.default\">\n\t\t\t\t<div class=\"elementor-widget-container\">\n\t\t\t<div class=\"elementor-image-box-wrapper\"><figure class=\"elementor-image-box-img\"><img decoding=\"async\" width=\"400\" height=\"400\" src=\"https:\/\/www.swiftcupeurope.com\/wp-content\/uploads\/2021\/05\/fabianohrfandl.png\" class=\"attachment-full size-full wp-image-900\" alt=\"\" srcset=\"https:\/\/www.swiftcupeurope.com\/wp-content\/uploads\/2021\/05\/fabianohrfandl.png 400w, https:\/\/www.swiftcupeurope.com\/wp-content\/uploads\/2021\/05\/fabianohrfandl-300x300.png 300w, https:\/\/www.swiftcupeurope.com\/wp-content\/uploads\/2021\/05\/fabianohrfandl-80x80.png 80w\" sizes=\"(max-width: 400px) 100vw, 400px\" \/><\/figure><div class=\"elementor-image-box-content\"><h4 class=\"elementor-image-box-title\">Fabian Ohrfandl<\/h4><p class=\"elementor-image-box-description\">146<\/p><\/div><\/div>\t\t<\/div>\n\t\t\t\t<\/div>\n\t\t\t\t<div class=\"elementor-element elementor-element-238848d elementor-widget elementor-widget-text-editor\" data-id=\"238848d\" data-element_type=\"widget\" data-widget_type=\"text-editor.default\">\n\t\t\t\t<div class=\"elementor-widget-container\">\n\t\t\t\t\t\t\t<p>Car: Suzuki Swift 1.4 turbo<br \/>Team: Suzuki Team Austria<\/p>\t\t\t\t\t\t<\/div>\n\t\t\t\t<\/div>\n\t\t\t\t\t<\/div>\n\t\t<\/div>\n\t\t\t\t<div class=\"elementor-column elementor-col-50 elementor-top-column elementor-element elementor-element-ec5e6c8\" data-id=\"ec5e6c8\" data-element_type=\"column\">\n\t\t\t<div class=\"elementor-widget-wrap elementor-element-populated\">\n\t\t\t\t\t\t\t\t<div class=\"elementor-element elementor-element-ed04bdf elementor-position-left elementor-vertical-align-middle elementor-widget elementor-widget-image-box\" data-id=\"ed04bdf\" data-element_type=\"widget\" data-widget_type=\"image-box.default\">\n\t\t\t\t<div class=\"elementor-widget-container\">\n\t\t\t<div class=\"elementor-image-box-wrapper\"><figure class=\"elementor-image-box-img\"><img loading=\"lazy\" decoding=\"async\" width=\"400\" height=\"400\" src=\"https:\/\/www.swiftcupeurope.com\/wp-content\/uploads\/2021\/05\/martinzellhofer2020.png\" class=\"attachment-full size-full wp-image-898\" alt=\"\" srcset=\"https:\/\/www.swiftcupeurope.com\/wp-content\/uploads\/2021\/05\/martinzellhofer2020.png 400w, https:\/\/www.swiftcupeurope.com\/wp-content\/uploads\/2021\/05\/martinzellhofer2020-300x300.png 300w, https:\/\/www.swiftcupeurope.com\/wp-content\/uploads\/2021\/05\/martinzellhofer2020-80x80.png 80w\" sizes=\"(max-width: 400px) 100vw, 400px\" \/><\/figure><div class=\"elementor-image-box-content\"><h4 class=\"elementor-image-box-title\">Martin Zellhofer<\/h4><p class=\"elementor-image-box-description\">164<\/p><\/div><\/div>\t\t<\/div>\n\t\t\t\t<\/div>\n\t\t\t\t<div class=\"elementor-element elementor-element-3f36c3f elementor-widget elementor-widget-text-editor\" data-id=\"3f36c3f\" data-element_type=\"widget\" data-widget_type=\"text-editor.default\">\n\t\t\t\t<div class=\"elementor-widget-container\">\n\t\t\t\t\t\t\t<p>Car: Suzuki Swift 1.4 turbo<br \/>Team: Suzuki Team Austria<\/p>\t\t\t\t\t\t<\/div>\n\t\t\t\t<\/div>\n\t\t\t\t\t<\/div>\n\t\t<\/div>\n\t\t\t\t\t\t\t<\/div>\n\t\t<\/section>\n\t\t\t\t<section class=\"elementor-section elementor-top-section elementor-element elementor-element-4b76c91 elementor-section-content-middle elementor-section-boxed elementor-section-height-default elementor-section-height-default\" data-id=\"4b76c91\" data-element_type=\"section\">\n\t\t\t\t\t\t<div class=\"elementor-container elementor-column-gap-no\">\n\t\t\t\t\t<div class=\"elementor-column elementor-col-33 elementor-top-column elementor-element elementor-element-2953b43\" data-id=\"2953b43\" data-element_type=\"column\">\n\t\t\t<div class=\"elementor-widget-wrap elementor-element-populated\">\n\t\t\t\t\t\t\t\t<div class=\"elementor-element elementor-element-dbfef1f elementor-position-left elementor-vertical-align-middle elementor-widget elementor-widget-image-box\" data-id=\"dbfef1f\" data-element_type=\"widget\" data-widget_type=\"image-box.default\">\n\t\t\t\t<div class=\"elementor-widget-container\">\n\t\t\t<div class=\"elementor-image-box-wrapper\"><figure class=\"elementor-image-box-img\"><img loading=\"lazy\" decoding=\"async\" width=\"400\" height=\"400\" src=\"https:\/\/www.swiftcupeurope.com\/wp-content\/uploads\/2021\/05\/sowka.png\" class=\"attachment-full size-full wp-image-887\" alt=\"\" srcset=\"https:\/\/www.swiftcupeurope.com\/wp-content\/uploads\/2021\/05\/sowka.png 400w, https:\/\/www.swiftcupeurope.com\/wp-content\/uploads\/2021\/05\/sowka-300x300.png 300w, https:\/\/www.swiftcupeurope.com\/wp-content\/uploads\/2021\/05\/sowka-80x80.png 80w\" sizes=\"(max-width: 400px) 100vw, 400px\" \/><\/figure><div class=\"elementor-image-box-content\"><h4 class=\"elementor-image-box-title\">Aleks S\u00f3wka<\/h4><p class=\"elementor-image-box-description\">586<\/p><\/div><\/div>\t\t<\/div>\n\t\t\t\t<\/div>\n\t\t\t\t<div class=\"elementor-element elementor-element-cc71e7a elementor-widget elementor-widget-text-editor\" data-id=\"cc71e7a\" data-element_type=\"widget\" data-widget_type=\"text-editor.default\">\n\t\t\t\t<div class=\"elementor-widget-container\">\n\t\t\t\t\t\t\t<p>Car: Suzuki Swift 1.4 turbo<br \/>Csapat: <span dir=\"ltr\" role=\"presentation\">Darek Nowicki Racing<\/span><\/p>\t\t\t\t\t\t<\/div>\n\t\t\t\t<\/div>\n\t\t\t\t\t<\/div>\n\t\t<\/div>\n\t\t\t\t<div class=\"elementor-column elementor-col-33 elementor-top-column elementor-element elementor-element-c2bdc96\" data-id=\"c2bdc96\" data-element_type=\"column\">\n\t\t\t<div class=\"elementor-widget-wrap elementor-element-populated\">\n\t\t\t\t\t\t\t\t<div class=\"elementor-element elementor-element-ac85978 elementor-position-left elementor-vertical-align-middle elementor-widget elementor-widget-image-box\" data-id=\"ac85978\" data-element_type=\"widget\" data-widget_type=\"image-box.default\">\n\t\t\t\t<div class=\"elementor-widget-container\">\n\t\t\t<div class=\"elementor-image-box-wrapper\"><figure class=\"elementor-image-box-img\"><img loading=\"lazy\" decoding=\"async\" width=\"400\" height=\"400\" src=\"https:\/\/www.swiftcupeurope.com\/wp-content\/uploads\/2021\/05\/hartmann2021.png\" class=\"attachment-full size-full wp-image-1397\" alt=\"\" srcset=\"https:\/\/www.swiftcupeurope.com\/wp-content\/uploads\/2021\/05\/hartmann2021.png 400w, https:\/\/www.swiftcupeurope.com\/wp-content\/uploads\/2021\/05\/hartmann2021-300x300.png 300w, https:\/\/www.swiftcupeurope.com\/wp-content\/uploads\/2021\/05\/hartmann2021-80x80.png 80w\" sizes=\"(max-width: 400px) 100vw, 400px\" \/><\/figure><div class=\"elementor-image-box-content\"><h4 class=\"elementor-image-box-title\">Hartmann Bal\u00e1zs<\/h4><p class=\"elementor-image-box-description\">505<\/p><\/div><\/div>\t\t<\/div>\n\t\t\t\t<\/div>\n\t\t\t\t<div class=\"elementor-element elementor-element-8c221d0 elementor-widget elementor-widget-text-editor\" data-id=\"8c221d0\" data-element_type=\"widget\" data-widget_type=\"text-editor.default\">\n\t\t\t\t<div class=\"elementor-widget-container\">\n\t\t\t\t\t\t\t<p>Car: Suzuki Swift 1.4 turbo<br \/>Csapat: Q9 Ferenoval Racing Team<\/p>\t\t\t\t\t\t<\/div>\n\t\t\t\t<\/div>\n\t\t\t\t\t<\/div>\n\t\t<\/div>\n\t\t\t\t<div class=\"elementor-column elementor-col-33 elementor-top-column elementor-element elementor-element-e9069ce\" data-id=\"e9069ce\" data-element_type=\"column\">\n\t\t\t<div class=\"elementor-widget-wrap elementor-element-populated\">\n\t\t\t\t\t\t\t\t<div class=\"elementor-element elementor-element-7454ec8 elementor-position-left elementor-vertical-align-middle elementor-widget elementor-widget-image-box\" data-id=\"7454ec8\" data-element_type=\"widget\" data-widget_type=\"image-box.default\">\n\t\t\t\t<div class=\"elementor-widget-container\">\n\t\t\t<div class=\"elementor-image-box-wrapper\"><figure class=\"elementor-image-box-img\"><img loading=\"lazy\" decoding=\"async\" width=\"400\" height=\"400\" src=\"https:\/\/www.swiftcupeurope.com\/wp-content\/uploads\/2021\/08\/MichaelMayr.png\" class=\"attachment-full size-full wp-image-15233\" alt=\"\" srcset=\"https:\/\/www.swiftcupeurope.com\/wp-content\/uploads\/2021\/08\/MichaelMayr.png 400w, https:\/\/www.swiftcupeurope.com\/wp-content\/uploads\/2021\/08\/MichaelMayr-300x300.png 300w, https:\/\/www.swiftcupeurope.com\/wp-content\/uploads\/2021\/08\/MichaelMayr-80x80.png 80w, https:\/\/www.swiftcupeurope.com\/wp-content\/uploads\/2021\/08\/MichaelMayr-12x12.png 12w\" sizes=\"(max-width: 400px) 100vw, 400px\" \/><\/figure><div class=\"elementor-image-box-content\"><h4 class=\"elementor-image-box-title\">Michael Mayr<\/h4><p class=\"elementor-image-box-description\">107<\/p><\/div><\/div>\t\t<\/div>\n\t\t\t\t<\/div>\n\t\t\t\t<div class=\"elementor-element elementor-element-fc1bc23 elementor-widget elementor-widget-text-editor\" data-id=\"fc1bc23\" data-element_type=\"widget\" data-widget_type=\"text-editor.default\">\n\t\t\t\t<div class=\"elementor-widget-container\">\n\t\t\t\t\t\t\t<p>Car: Suzuki Swift 1.4 turbo<br \/>Team: Suzuki Team Austria<\/p>\t\t\t\t\t\t<\/div>\n\t\t\t\t<\/div>\n\t\t\t\t\t<\/div>\n\t\t<\/div>\n\t\t\t\t\t\t\t<\/div>\n\t\t<\/section>\n\t\t\t\t<section class=\"elementor-section elementor-top-section elementor-element elementor-element-06f0f36 elementor-section-content-middle elementor-section-boxed elementor-section-height-default elementor-section-height-default\" data-id=\"06f0f36\" data-element_type=\"section\">\n\t\t\t\t\t\t<div class=\"elementor-container elementor-column-gap-no\">\n\t\t\t\t\t<div class=\"elementor-column elementor-col-100 elementor-top-column elementor-element elementor-element-d58c964\" data-id=\"d58c964\" data-element_type=\"column\">\n\t\t\t<div class=\"elementor-widget-wrap\">\n\t\t\t\t\t\t\t\t\t<\/div>\n\t\t<\/div>\n\t\t\t\t\t\t\t<\/div>\n\t\t<\/section>\n\t\t\t\t<section class=\"elementor-section elementor-top-section elementor-element elementor-element-64e78be elementor-section-content-middle elementor-section-boxed elementor-section-height-default elementor-section-height-default\" data-id=\"64e78be\" data-element_type=\"section\">\n\t\t\t\t\t\t<div class=\"elementor-container elementor-column-gap-no\">\n\t\t\t\t\t<div class=\"elementor-column elementor-col-100 elementor-top-column elementor-element elementor-element-1098745\" data-id=\"1098745\" data-element_type=\"column\">\n\t\t\t<div class=\"elementor-widget-wrap\">\n\t\t\t\t\t\t\t\t\t<\/div>\n\t\t<\/div>\n\t\t\t\t\t\t\t<\/div>\n\t\t<\/section>\n\t\t\t\t<section class=\"elementor-section elementor-top-section elementor-element elementor-element-66ac7d3 elementor-section-content-middle elementor-section-boxed elementor-section-height-default elementor-section-height-default\" data-id=\"66ac7d3\" data-element_type=\"section\">\n\t\t\t\t\t\t<div class=\"elementor-container elementor-column-gap-no\">\n\t\t\t\t\t<div class=\"elementor-column elementor-col-100 elementor-top-column elementor-element elementor-element-bee77dd\" data-id=\"bee77dd\" data-element_type=\"column\">\n\t\t\t<div class=\"elementor-widget-wrap elementor-element-populated\">\n\t\t\t\t\t\t\t\t<div class=\"elementor-element elementor-element-bc92074 elementor-position-left elementor-vertical-align-middle elementor-widget elementor-widget-image-box\" data-id=\"bc92074\" data-element_type=\"widget\" data-widget_type=\"image-box.default\">\n\t\t\t\t<div class=\"elementor-widget-container\">\n\t\t\t<div class=\"elementor-image-box-wrapper\"><figure class=\"elementor-image-box-img\"><img loading=\"lazy\" decoding=\"async\" width=\"400\" height=\"400\" src=\"https:\/\/www.swiftcupeurope.com\/wp-content\/uploads\/2021\/05\/Maderthaner.png\" class=\"attachment-full size-full wp-image-14644\" alt=\"\" srcset=\"https:\/\/www.swiftcupeurope.com\/wp-content\/uploads\/2021\/05\/Maderthaner.png 400w, https:\/\/www.swiftcupeurope.com\/wp-content\/uploads\/2021\/05\/Maderthaner-300x300.png 300w, https:\/\/www.swiftcupeurope.com\/wp-content\/uploads\/2021\/05\/Maderthaner-80x80.png 80w, https:\/\/www.swiftcupeurope.com\/wp-content\/uploads\/2021\/05\/Maderthaner-12x12.png 12w\" sizes=\"(max-width: 400px) 100vw, 400px\" \/><\/figure><div class=\"elementor-image-box-content\"><h4 class=\"elementor-image-box-title\">Johannes Maderthaner<\/h4><p class=\"elementor-image-box-description\">114<\/p><\/div><\/div>\t\t<\/div>\n\t\t\t\t<\/div>\n\t\t\t\t<div class=\"elementor-element elementor-element-1341c1c elementor-widget elementor-widget-text-editor\" data-id=\"1341c1c\" data-element_type=\"widget\" data-widget_type=\"text-editor.default\">\n\t\t\t\t<div class=\"elementor-widget-container\">\n\t\t\t\t\t\t\t<p>Car: Suzuki Swift 1.4 turbo<br \/>Team: Suzuki Team Austria<\/p>\t\t\t\t\t\t<\/div>\n\t\t\t\t<\/div>\n\t\t\t\t\t<\/div>\n\t\t<\/div>\n\t\t\t\t\t\t\t<\/div>\n\t\t<\/section>\n\t\t\t\t<section class=\"elementor-section elementor-top-section elementor-element elementor-element-7df35ea elementor-section-content-middle elementor-section-boxed elementor-section-height-default elementor-section-height-default\" data-id=\"7df35ea\" data-element_type=\"section\">\n\t\t\t\t\t\t<div class=\"elementor-container elementor-column-gap-no\">\n\t\t\t\t\t<div class=\"elementor-column elementor-col-50 elementor-top-column elementor-element elementor-element-cd5c85d\" data-id=\"cd5c85d\" data-element_type=\"column\">\n\t\t\t<div class=\"elementor-widget-wrap elementor-element-populated\">\n\t\t\t\t\t\t\t\t<div class=\"elementor-element elementor-element-d72c7cc elementor-position-left elementor-vertical-align-middle elementor-widget elementor-widget-image-box\" data-id=\"d72c7cc\" data-element_type=\"widget\" data-widget_type=\"image-box.default\">\n\t\t\t\t<div class=\"elementor-widget-container\">\n\t\t\t<div class=\"elementor-image-box-wrapper\"><figure class=\"elementor-image-box-img\"><img loading=\"lazy\" decoding=\"async\" width=\"400\" height=\"400\" src=\"https:\/\/www.swiftcupeurope.com\/wp-content\/uploads\/2021\/08\/MaximilianMayr.png\" class=\"attachment-full size-full wp-image-15232\" alt=\"\" srcset=\"https:\/\/www.swiftcupeurope.com\/wp-content\/uploads\/2021\/08\/MaximilianMayr.png 400w, https:\/\/www.swiftcupeurope.com\/wp-content\/uploads\/2021\/08\/MaximilianMayr-300x300.png 300w, https:\/\/www.swiftcupeurope.com\/wp-content\/uploads\/2021\/08\/MaximilianMayr-80x80.png 80w, https:\/\/www.swiftcupeurope.com\/wp-content\/uploads\/2021\/08\/MaximilianMayr-12x12.png 12w\" sizes=\"(max-width: 400px) 100vw, 400px\" \/><\/figure><div class=\"elementor-image-box-content\"><h4 class=\"elementor-image-box-title\">Maximilan Mayr<\/h4><p class=\"elementor-image-box-description\">112<\/p><\/div><\/div>\t\t<\/div>\n\t\t\t\t<\/div>\n\t\t\t\t<div class=\"elementor-element elementor-element-ece5f15 elementor-widget elementor-widget-text-editor\" data-id=\"ece5f15\" data-element_type=\"widget\" data-widget_type=\"text-editor.default\">\n\t\t\t\t<div class=\"elementor-widget-container\">\n\t\t\t\t\t\t\t<p>Car: Suzuki Swift 1.4 turbo<br \/>Team: Suzuki Team Austria<\/p>\t\t\t\t\t\t<\/div>\n\t\t\t\t<\/div>\n\t\t\t\t\t<\/div>\n\t\t<\/div>\n\t\t\t\t<div class=\"elementor-column elementor-col-50 elementor-top-column elementor-element elementor-element-858be14\" data-id=\"858be14\" data-element_type=\"column\">\n\t\t\t<div class=\"elementor-widget-wrap elementor-element-populated\">\n\t\t\t\t\t\t\t\t<div class=\"elementor-element elementor-element-02f7e6c elementor-position-left elementor-vertical-align-middle elementor-widget elementor-widget-image-box\" data-id=\"02f7e6c\" data-element_type=\"widget\" data-widget_type=\"image-box.default\">\n\t\t\t\t<div class=\"elementor-widget-container\">\n\t\t\t<div class=\"elementor-image-box-wrapper\"><figure class=\"elementor-image-box-img\"><img loading=\"lazy\" decoding=\"async\" width=\"400\" height=\"400\" src=\"https:\/\/www.swiftcupeurope.com\/wp-content\/uploads\/2021\/05\/Weghofer.png\" class=\"attachment-full size-full wp-image-14648\" alt=\"\" srcset=\"https:\/\/www.swiftcupeurope.com\/wp-content\/uploads\/2021\/05\/Weghofer.png 400w, https:\/\/www.swiftcupeurope.com\/wp-content\/uploads\/2021\/05\/Weghofer-300x300.png 300w, https:\/\/www.swiftcupeurope.com\/wp-content\/uploads\/2021\/05\/Weghofer-80x80.png 80w, https:\/\/www.swiftcupeurope.com\/wp-content\/uploads\/2021\/05\/Weghofer-12x12.png 12w\" sizes=\"(max-width: 400px) 100vw, 400px\" \/><\/figure><div class=\"elementor-image-box-content\"><h4 class=\"elementor-image-box-title\">Erich Weghofer<\/h4><p class=\"elementor-image-box-description\">111<\/p><\/div><\/div>\t\t<\/div>\n\t\t\t\t<\/div>\n\t\t\t\t<div class=\"elementor-element elementor-element-db15a9b elementor-widget elementor-widget-text-editor\" data-id=\"db15a9b\" data-element_type=\"widget\" data-widget_type=\"text-editor.default\">\n\t\t\t\t<div class=\"elementor-widget-container\">\n\t\t\t\t\t\t\t<p>Car: Suzuki Swift 1.4 turbo<br \/>Team: Suzuki Team Austria<\/p>\t\t\t\t\t\t<\/div>\n\t\t\t\t<\/div>\n\t\t\t\t\t<\/div>\n\t\t<\/div>\n\t\t\t\t\t\t\t<\/div>\n\t\t<\/section>\n\t\t\t\t<section class=\"elementor-section elementor-top-section elementor-element elementor-element-3431e70 elementor-section-content-middle elementor-section-boxed elementor-section-height-default elementor-section-height-default\" data-id=\"3431e70\" data-element_type=\"section\">\n\t\t\t\t\t\t<div class=\"elementor-container elementor-column-gap-no\">\n\t\t\t\t\t<div class=\"elementor-column elementor-col-50 elementor-top-column elementor-element elementor-element-769739b\" data-id=\"769739b\" data-element_type=\"column\">\n\t\t\t<div class=\"elementor-widget-wrap elementor-element-populated\">\n\t\t\t\t\t\t\t\t<div class=\"elementor-element elementor-element-b833431 elementor-position-left elementor-vertical-align-middle elementor-widget elementor-widget-image-box\" data-id=\"b833431\" data-element_type=\"widget\" data-widget_type=\"image-box.default\">\n\t\t\t\t<div class=\"elementor-widget-container\">\n\t\t\t<div class=\"elementor-image-box-wrapper\"><figure class=\"elementor-image-box-img\"><img loading=\"lazy\" decoding=\"async\" width=\"400\" height=\"400\" src=\"https:\/\/www.swiftcupeurope.com\/wp-content\/uploads\/2021\/06\/burkusegon.png\" class=\"attachment-full size-full wp-image-14810\" alt=\"\" srcset=\"https:\/\/www.swiftcupeurope.com\/wp-content\/uploads\/2021\/06\/burkusegon.png 400w, https:\/\/www.swiftcupeurope.com\/wp-content\/uploads\/2021\/06\/burkusegon-300x300.png 300w, https:\/\/www.swiftcupeurope.com\/wp-content\/uploads\/2021\/06\/burkusegon-80x80.png 80w, https:\/\/www.swiftcupeurope.com\/wp-content\/uploads\/2021\/06\/burkusegon-12x12.png 12w\" sizes=\"(max-width: 400px) 100vw, 400px\" \/><\/figure><div class=\"elementor-image-box-content\"><h4 class=\"elementor-image-box-title\">Burkus Egon<\/h4><p class=\"elementor-image-box-description\">500<\/p><\/div><\/div>\t\t<\/div>\n\t\t\t\t<\/div>\n\t\t\t\t<div class=\"elementor-element elementor-element-67f7588 elementor-widget elementor-widget-text-editor\" data-id=\"67f7588\" data-element_type=\"widget\" data-widget_type=\"text-editor.default\">\n\t\t\t\t<div class=\"elementor-widget-container\">\n\t\t\t\t\t\t\t<p>Car: Suzuki Swift 1.6<br \/>Team: GFS Racing Team<\/p>\t\t\t\t\t\t<\/div>\n\t\t\t\t<\/div>\n\t\t\t\t\t<\/div>\n\t\t<\/div>\n\t\t\t\t<div class=\"elementor-column elementor-col-50 elementor-top-column elementor-element elementor-element-794ffab\" data-id=\"794ffab\" data-element_type=\"column\">\n\t\t\t<div class=\"elementor-widget-wrap elementor-element-populated\">\n\t\t\t\t\t\t\t\t<div class=\"elementor-element elementor-element-5c4f374 elementor-position-left elementor-vertical-align-middle elementor-widget elementor-widget-image-box\" data-id=\"5c4f374\" data-element_type=\"widget\" data-widget_type=\"image-box.default\">\n\t\t\t\t<div class=\"elementor-widget-container\">\n\t\t\t<div class=\"elementor-image-box-wrapper\"><figure class=\"elementor-image-box-img\"><img loading=\"lazy\" decoding=\"async\" width=\"400\" height=\"400\" src=\"https:\/\/www.swiftcupeurope.com\/wp-content\/uploads\/2021\/08\/hartmannferenc.png\" class=\"attachment-full size-full wp-image-15216\" alt=\"\" srcset=\"https:\/\/www.swiftcupeurope.com\/wp-content\/uploads\/2021\/08\/hartmannferenc.png 400w, https:\/\/www.swiftcupeurope.com\/wp-content\/uploads\/2021\/08\/hartmannferenc-300x300.png 300w, https:\/\/www.swiftcupeurope.com\/wp-content\/uploads\/2021\/08\/hartmannferenc-80x80.png 80w, https:\/\/www.swiftcupeurope.com\/wp-content\/uploads\/2021\/08\/hartmannferenc-12x12.png 12w\" sizes=\"(max-width: 400px) 100vw, 400px\" \/><\/figure><div class=\"elementor-image-box-content\"><h4 class=\"elementor-image-box-title\">Hartmann Ferenc<\/h4><p class=\"elementor-image-box-description\">565<\/p><\/div><\/div>\t\t<\/div>\n\t\t\t\t<\/div>\n\t\t\t\t<div class=\"elementor-element elementor-element-90f4ce3 elementor-widget elementor-widget-text-editor\" data-id=\"90f4ce3\" data-element_type=\"widget\" data-widget_type=\"text-editor.default\">\n\t\t\t\t<div class=\"elementor-widget-container\">\n\t\t\t\t\t\t\t<p>Car: Suzuki Swift 1.6<br \/>Csapat: Q9 Ferenoval Racing Team<\/p>\t\t\t\t\t\t<\/div>\n\t\t\t\t<\/div>\n\t\t\t\t\t<\/div>\n\t\t<\/div>\n\t\t\t\t\t\t\t<\/div>\n\t\t<\/section>\n\t\t\t\t<section class=\"elementor-section elementor-top-section elementor-element elementor-element-bd0a583 elementor-section-content-middle elementor-section-boxed elementor-section-height-default elementor-section-height-default\" data-id=\"bd0a583\" data-element_type=\"section\">\n\t\t\t\t\t\t<div class=\"elementor-container elementor-column-gap-no\">\n\t\t\t\t\t<div class=\"elementor-column elementor-col-50 elementor-top-column elementor-element elementor-element-dbe68ce\" data-id=\"dbe68ce\" data-element_type=\"column\">\n\t\t\t<div class=\"elementor-widget-wrap elementor-element-populated\">\n\t\t\t\t\t\t\t\t<div class=\"elementor-element elementor-element-40b1cd8 elementor-position-left elementor-vertical-align-middle elementor-widget elementor-widget-image-box\" data-id=\"40b1cd8\" data-element_type=\"widget\" data-widget_type=\"image-box.default\">\n\t\t\t\t<div class=\"elementor-widget-container\">\n\t\t\t<div class=\"elementor-image-box-wrapper\"><figure class=\"elementor-image-box-img\"><img loading=\"lazy\" decoding=\"async\" width=\"400\" height=\"400\" src=\"https:\/\/www.swiftcupeurope.com\/wp-content\/uploads\/2022\/05\/krezelok.png\" class=\"attachment-full size-full wp-image-15797\" alt=\"\" srcset=\"https:\/\/www.swiftcupeurope.com\/wp-content\/uploads\/2022\/05\/krezelok.png 400w, https:\/\/www.swiftcupeurope.com\/wp-content\/uploads\/2022\/05\/krezelok-300x300.png 300w, https:\/\/www.swiftcupeurope.com\/wp-content\/uploads\/2022\/05\/krezelok-80x80.png 80w, https:\/\/www.swiftcupeurope.com\/wp-content\/uploads\/2022\/05\/krezelok-12x12.png 12w\" sizes=\"(max-width: 400px) 100vw, 400px\" \/><\/figure><div class=\"elementor-image-box-content\"><h4 class=\"elementor-image-box-title\">Pawe\u0142 Kr\u0119\u017celok<\/h4><p class=\"elementor-image-box-description\">525<\/p><\/div><\/div>\t\t<\/div>\n\t\t\t\t<\/div>\n\t\t\t\t<div class=\"elementor-element elementor-element-f08f61e elementor-widget elementor-widget-text-editor\" data-id=\"f08f61e\" data-element_type=\"widget\" data-widget_type=\"text-editor.default\">\n\t\t\t\t<div class=\"elementor-widget-container\">\n\t\t\t\t\t\t\t<p>Car: Suzuki Swift 1.4 turbo<br \/>Csapat: JD Racing<\/p>\t\t\t\t\t\t<\/div>\n\t\t\t\t<\/div>\n\t\t\t\t\t<\/div>\n\t\t<\/div>\n\t\t\t\t<div class=\"elementor-column elementor-col-50 elementor-top-column elementor-element elementor-element-f110c37\" data-id=\"f110c37\" data-element_type=\"column\">\n\t\t\t<div class=\"elementor-widget-wrap elementor-element-populated\">\n\t\t\t\t\t\t\t\t<div class=\"elementor-element elementor-element-f39a62c elementor-position-left elementor-vertical-align-middle elementor-widget elementor-widget-image-box\" data-id=\"f39a62c\" data-element_type=\"widget\" data-widget_type=\"image-box.default\">\n\t\t\t\t<div class=\"elementor-widget-container\">\n\t\t\t<div class=\"elementor-image-box-wrapper\"><figure class=\"elementor-image-box-img\"><img loading=\"lazy\" decoding=\"async\" width=\"400\" height=\"400\" src=\"https:\/\/www.swiftcupeurope.com\/wp-content\/uploads\/2022\/07\/alexmaier.png\" class=\"attachment-full size-full wp-image-15921\" alt=\"\" srcset=\"https:\/\/www.swiftcupeurope.com\/wp-content\/uploads\/2022\/07\/alexmaier.png 400w, https:\/\/www.swiftcupeurope.com\/wp-content\/uploads\/2022\/07\/alexmaier-300x300.png 300w, https:\/\/www.swiftcupeurope.com\/wp-content\/uploads\/2022\/07\/alexmaier-80x80.png 80w, https:\/\/www.swiftcupeurope.com\/wp-content\/uploads\/2022\/07\/alexmaier-12x12.png 12w\" sizes=\"(max-width: 400px) 100vw, 400px\" \/><\/figure><div class=\"elementor-image-box-content\"><h4 class=\"elementor-image-box-title\">Alex Maier<\/h4><p class=\"elementor-image-box-description\">174<\/p><\/div><\/div>\t\t<\/div>\n\t\t\t\t<\/div>\n\t\t\t\t<div class=\"elementor-element elementor-element-446d0ba elementor-widget elementor-widget-text-editor\" data-id=\"446d0ba\" data-element_type=\"widget\" data-widget_type=\"text-editor.default\">\n\t\t\t\t<div class=\"elementor-widget-container\">\n\t\t\t\t\t\t\t<p>Car: Suzuki Swift 1.4 turbo<br \/>Team: Suzuki Team Austria<\/p>\t\t\t\t\t\t<\/div>\n\t\t\t\t<\/div>\n\t\t\t\t\t<\/div>\n\t\t<\/div>\n\t\t\t\t\t\t\t<\/div>\n\t\t<\/section>\n\t\t\t\t<section class=\"elementor-section elementor-top-section elementor-element elementor-element-6ffbbb3 elementor-section-content-middle elementor-section-boxed elementor-section-height-default elementor-section-height-default\" data-id=\"6ffbbb3\" data-element_type=\"section\">\n\t\t\t\t\t\t<div class=\"elementor-container elementor-column-gap-no\">\n\t\t\t\t\t<div class=\"elementor-column elementor-col-50 elementor-top-column elementor-element elementor-element-b6656cd\" data-id=\"b6656cd\" data-element_type=\"column\">\n\t\t\t<div class=\"elementor-widget-wrap elementor-element-populated\">\n\t\t\t\t\t\t\t\t<div class=\"elementor-element elementor-element-42b76e3 elementor-position-left elementor-vertical-align-middle elementor-widget elementor-widget-image-box\" data-id=\"42b76e3\" data-element_type=\"widget\" data-widget_type=\"image-box.default\">\n\t\t\t\t<div class=\"elementor-widget-container\">\n\t\t\t<div class=\"elementor-image-box-wrapper\"><figure class=\"elementor-image-box-img\"><img loading=\"lazy\" decoding=\"async\" width=\"400\" height=\"400\" src=\"https:\/\/www.swiftcupeurope.com\/wp-content\/uploads\/2022\/05\/csermely.png\" class=\"attachment-full size-full wp-image-15801\" alt=\"\" srcset=\"https:\/\/www.swiftcupeurope.com\/wp-content\/uploads\/2022\/05\/csermely.png 400w, https:\/\/www.swiftcupeurope.com\/wp-content\/uploads\/2022\/05\/csermely-300x300.png 300w, https:\/\/www.swiftcupeurope.com\/wp-content\/uploads\/2022\/05\/csermely-80x80.png 80w, https:\/\/www.swiftcupeurope.com\/wp-content\/uploads\/2022\/05\/csermely-12x12.png 12w\" sizes=\"(max-width: 400px) 100vw, 400px\" \/><\/figure><div class=\"elementor-image-box-content\"><h4 class=\"elementor-image-box-title\">Csermely M\u00f3ric<\/h4><p class=\"elementor-image-box-description\">507<\/p><\/div><\/div>\t\t<\/div>\n\t\t\t\t<\/div>\n\t\t\t\t<div class=\"elementor-element elementor-element-1b12f18 elementor-widget elementor-widget-text-editor\" data-id=\"1b12f18\" data-element_type=\"widget\" data-widget_type=\"text-editor.default\">\n\t\t\t\t<div class=\"elementor-widget-container\">\n\t\t\t\t\t\t\t<p>Car: Suzuki Swift 1.4 turbo<br \/>Team: M1RA<\/p>\t\t\t\t\t\t<\/div>\n\t\t\t\t<\/div>\n\t\t\t\t\t<\/div>\n\t\t<\/div>\n\t\t\t\t<div class=\"elementor-column elementor-col-50 elementor-top-column elementor-element elementor-element-b08ea61\" data-id=\"b08ea61\" data-element_type=\"column\">\n\t\t\t<div class=\"elementor-widget-wrap elementor-element-populated\">\n\t\t\t\t\t\t\t\t<div class=\"elementor-element elementor-element-5ac88c2 elementor-position-left elementor-vertical-align-middle elementor-widget elementor-widget-image-box\" data-id=\"5ac88c2\" data-element_type=\"widget\" data-widget_type=\"image-box.default\">\n\t\t\t\t<div class=\"elementor-widget-container\">\n\t\t\t<div class=\"elementor-image-box-wrapper\"><figure class=\"elementor-image-box-img\"><img loading=\"lazy\" decoding=\"async\" width=\"400\" height=\"400\" src=\"https:\/\/www.swiftcupeurope.com\/wp-content\/uploads\/2022\/07\/knapen.png\" class=\"attachment-full size-full wp-image-15917\" alt=\"\" srcset=\"https:\/\/www.swiftcupeurope.com\/wp-content\/uploads\/2022\/07\/knapen.png 400w, https:\/\/www.swiftcupeurope.com\/wp-content\/uploads\/2022\/07\/knapen-300x300.png 300w, https:\/\/www.swiftcupeurope.com\/wp-content\/uploads\/2022\/07\/knapen-80x80.png 80w, https:\/\/www.swiftcupeurope.com\/wp-content\/uploads\/2022\/07\/knapen-12x12.png 12w\" sizes=\"(max-width: 400px) 100vw, 400px\" \/><\/figure><div class=\"elementor-image-box-content\"><h4 class=\"elementor-image-box-title\">Toon Knapen<\/h4><p class=\"elementor-image-box-description\">517<\/p><\/div><\/div>\t\t<\/div>\n\t\t\t\t<\/div>\n\t\t\t\t<div class=\"elementor-element elementor-element-b4646cc elementor-widget elementor-widget-text-editor\" data-id=\"b4646cc\" data-element_type=\"widget\" data-widget_type=\"text-editor.default\">\n\t\t\t\t<div class=\"elementor-widget-container\">\n\t\t\t\t\t\t\t<p>Car: Suzuki Swift 1.4 turbo<br \/>Team: GFS Racing Team<\/p>\t\t\t\t\t\t<\/div>\n\t\t\t\t<\/div>\n\t\t\t\t\t<\/div>\n\t\t<\/div>\n\t\t\t\t\t\t\t<\/div>\n\t\t<\/section>\n\t\t\t\t<section class=\"elementor-section elementor-top-section elementor-element elementor-element-192391f elementor-section-content-middle elementor-section-boxed elementor-section-height-default elementor-section-height-default\" data-id=\"192391f\" data-element_type=\"section\">\n\t\t\t\t\t\t<div class=\"elementor-container elementor-column-gap-no\">\n\t\t\t\t\t<div class=\"elementor-column elementor-col-50 elementor-top-column elementor-element elementor-element-7961227\" data-id=\"7961227\" data-element_type=\"column\">\n\t\t\t<div class=\"elementor-widget-wrap elementor-element-populated\">\n\t\t\t\t\t\t\t\t<div class=\"elementor-element elementor-element-5c96be1 elementor-position-left elementor-vertical-align-middle elementor-widget elementor-widget-image-box\" data-id=\"5c96be1\" data-element_type=\"widget\" data-widget_type=\"image-box.default\">\n\t\t\t\t<div class=\"elementor-widget-container\">\n\t\t\t<div class=\"elementor-image-box-wrapper\"><figure class=\"elementor-image-box-img\"><img loading=\"lazy\" decoding=\"async\" width=\"400\" height=\"400\" src=\"https:\/\/www.swiftcupeurope.com\/wp-content\/uploads\/2022\/05\/gyorgy.png\" class=\"attachment-full size-full wp-image-15810\" alt=\"\" srcset=\"https:\/\/www.swiftcupeurope.com\/wp-content\/uploads\/2022\/05\/gyorgy.png 400w, https:\/\/www.swiftcupeurope.com\/wp-content\/uploads\/2022\/05\/gyorgy-300x300.png 300w, https:\/\/www.swiftcupeurope.com\/wp-content\/uploads\/2022\/05\/gyorgy-80x80.png 80w, https:\/\/www.swiftcupeurope.com\/wp-content\/uploads\/2022\/05\/gyorgy-12x12.png 12w\" sizes=\"(max-width: 400px) 100vw, 400px\" \/><\/figure><div class=\"elementor-image-box-content\"><h4 class=\"elementor-image-box-title\">Gy\u00f6rgy G\u00e1bor<\/h4><p class=\"elementor-image-box-description\">544<\/p><\/div><\/div>\t\t<\/div>\n\t\t\t\t<\/div>\n\t\t\t\t<div class=\"elementor-element elementor-element-9c7c225 elementor-widget elementor-widget-text-editor\" data-id=\"9c7c225\" data-element_type=\"widget\" data-widget_type=\"text-editor.default\">\n\t\t\t\t<div class=\"elementor-widget-container\">\n\t\t\t\t\t\t\t<p>Car: Suzuki Swift 1.6<br \/>Csapat: George Racing Team<\/p>\t\t\t\t\t\t<\/div>\n\t\t\t\t<\/div>\n\t\t\t\t\t<\/div>\n\t\t<\/div>\n\t\t\t\t<div class=\"elementor-column elementor-col-50 elementor-top-column elementor-element elementor-element-2b81c60\" data-id=\"2b81c60\" data-element_type=\"column\">\n\t\t\t<div class=\"elementor-widget-wrap elementor-element-populated\">\n\t\t\t\t\t\t\t\t<div class=\"elementor-element elementor-element-6a9052e elementor-position-left elementor-vertical-align-middle elementor-widget elementor-widget-image-box\" data-id=\"6a9052e\" data-element_type=\"widget\" data-widget_type=\"image-box.default\">\n\t\t\t\t<div class=\"elementor-widget-container\">\n\t\t\t<div class=\"elementor-image-box-wrapper\"><figure class=\"elementor-image-box-img\"><img loading=\"lazy\" decoding=\"async\" width=\"400\" height=\"400\" src=\"https:\/\/www.swiftcupeurope.com\/wp-content\/uploads\/2022\/05\/gyorgybalazs.png\" class=\"attachment-full size-full wp-image-15812\" alt=\"\" srcset=\"https:\/\/www.swiftcupeurope.com\/wp-content\/uploads\/2022\/05\/gyorgybalazs.png 400w, https:\/\/www.swiftcupeurope.com\/wp-content\/uploads\/2022\/05\/gyorgybalazs-300x300.png 300w, https:\/\/www.swiftcupeurope.com\/wp-content\/uploads\/2022\/05\/gyorgybalazs-80x80.png 80w, https:\/\/www.swiftcupeurope.com\/wp-content\/uploads\/2022\/05\/gyorgybalazs-12x12.png 12w\" sizes=\"(max-width: 400px) 100vw, 400px\" \/><\/figure><div class=\"elementor-image-box-content\"><h4 class=\"elementor-image-box-title\">Gy\u00f6rgy Bal\u00e1zs<\/h4><p class=\"elementor-image-box-description\">504<\/p><\/div><\/div>\t\t<\/div>\n\t\t\t\t<\/div>\n\t\t\t\t<div class=\"elementor-element elementor-element-3d95ec8 elementor-widget elementor-widget-text-editor\" data-id=\"3d95ec8\" data-element_type=\"widget\" data-widget_type=\"text-editor.default\">\n\t\t\t\t<div class=\"elementor-widget-container\">\n\t\t\t\t\t\t\t<p>Car: Suzuki Swift 1.6<br \/>Csapat: George Racing Team<\/p>\t\t\t\t\t\t<\/div>\n\t\t\t\t<\/div>\n\t\t\t\t\t<\/div>\n\t\t<\/div>\n\t\t\t\t\t\t\t<\/div>\n\t\t<\/section>\n\t\t\t\t<section class=\"elementor-section elementor-top-section elementor-element elementor-element-6c23ff9 elementor-section-content-middle elementor-section-boxed elementor-section-height-default elementor-section-height-default\" data-id=\"6c23ff9\" data-element_type=\"section\">\n\t\t\t\t\t\t<div class=\"elementor-container elementor-column-gap-no\">\n\t\t\t\t\t<div class=\"elementor-column elementor-col-50 elementor-top-column elementor-element elementor-element-8415a2a\" data-id=\"8415a2a\" data-element_type=\"column\">\n\t\t\t<div class=\"elementor-widget-wrap elementor-element-populated\">\n\t\t\t\t\t\t\t\t<div class=\"elementor-element elementor-element-e6ce565 elementor-position-left elementor-vertical-align-middle elementor-widget elementor-widget-image-box\" data-id=\"e6ce565\" data-element_type=\"widget\" data-widget_type=\"image-box.default\">\n\t\t\t\t<div class=\"elementor-widget-container\">\n\t\t\t<div class=\"elementor-image-box-wrapper\"><figure class=\"elementor-image-box-img\"><img loading=\"lazy\" decoding=\"async\" width=\"400\" height=\"400\" src=\"https:\/\/www.swiftcupeurope.com\/wp-content\/uploads\/2022\/05\/FabianDybionka.png\" class=\"attachment-full size-full wp-image-15817\" alt=\"\" srcset=\"https:\/\/www.swiftcupeurope.com\/wp-content\/uploads\/2022\/05\/FabianDybionka.png 400w, https:\/\/www.swiftcupeurope.com\/wp-content\/uploads\/2022\/05\/FabianDybionka-300x300.png 300w, https:\/\/www.swiftcupeurope.com\/wp-content\/uploads\/2022\/05\/FabianDybionka-80x80.png 80w, https:\/\/www.swiftcupeurope.com\/wp-content\/uploads\/2022\/05\/FabianDybionka-12x12.png 12w\" sizes=\"(max-width: 400px) 100vw, 400px\" \/><\/figure><div class=\"elementor-image-box-content\"><h4 class=\"elementor-image-box-title\">Fabian Dybionka<\/h4><p class=\"elementor-image-box-description\">566<\/p><\/div><\/div>\t\t<\/div>\n\t\t\t\t<\/div>\n\t\t\t\t<div class=\"elementor-element elementor-element-edaebc0 elementor-widget elementor-widget-text-editor\" data-id=\"edaebc0\" data-element_type=\"widget\" data-widget_type=\"text-editor.default\">\n\t\t\t\t<div class=\"elementor-widget-container\">\n\t\t\t\t\t\t\t<p>Car: Suzuki Swift 1.6<br \/>Csapat: <span dir=\"ltr\" role=\"presentation\">Darek Nowicki Racing<\/span><\/p>\t\t\t\t\t\t<\/div>\n\t\t\t\t<\/div>\n\t\t\t\t\t<\/div>\n\t\t<\/div>\n\t\t\t\t<div class=\"elementor-column elementor-col-50 elementor-top-column elementor-element elementor-element-b8d9fb8\" data-id=\"b8d9fb8\" data-element_type=\"column\">\n\t\t\t<div class=\"elementor-widget-wrap elementor-element-populated\">\n\t\t\t\t\t\t\t\t<div class=\"elementor-element elementor-element-10f545b elementor-position-left elementor-vertical-align-middle elementor-widget elementor-widget-image-box\" data-id=\"10f545b\" data-element_type=\"widget\" data-widget_type=\"image-box.default\">\n\t\t\t\t<div class=\"elementor-widget-container\">\n\t\t\t<div class=\"elementor-image-box-wrapper\"><figure class=\"elementor-image-box-img\"><img loading=\"lazy\" decoding=\"async\" width=\"400\" height=\"400\" src=\"https:\/\/www.swiftcupeurope.com\/wp-content\/uploads\/2022\/05\/KacperOsek.png\" class=\"attachment-full size-full wp-image-15813\" alt=\"\" srcset=\"https:\/\/www.swiftcupeurope.com\/wp-content\/uploads\/2022\/05\/KacperOsek.png 400w, https:\/\/www.swiftcupeurope.com\/wp-content\/uploads\/2022\/05\/KacperOsek-300x300.png 300w, https:\/\/www.swiftcupeurope.com\/wp-content\/uploads\/2022\/05\/KacperOsek-80x80.png 80w, https:\/\/www.swiftcupeurope.com\/wp-content\/uploads\/2022\/05\/KacperOsek-12x12.png 12w\" sizes=\"(max-width: 400px) 100vw, 400px\" \/><\/figure><div class=\"elementor-image-box-content\"><h4 class=\"elementor-image-box-title\">Kacper Osek<\/h4><p class=\"elementor-image-box-description\">599<\/p><\/div><\/div>\t\t<\/div>\n\t\t\t\t<\/div>\n\t\t\t\t<div class=\"elementor-element elementor-element-2ed2342 elementor-widget elementor-widget-text-editor\" data-id=\"2ed2342\" data-element_type=\"widget\" data-widget_type=\"text-editor.default\">\n\t\t\t\t<div class=\"elementor-widget-container\">\n\t\t\t\t\t\t\t<p>Car: Suzuki Swift 1.4 turbo<br \/>Csapat: <span dir=\"ltr\" role=\"presentation\">Darek Nowicki Racing<\/span><\/p>\t\t\t\t\t\t<\/div>\n\t\t\t\t<\/div>\n\t\t\t\t\t<\/div>\n\t\t<\/div>\n\t\t\t\t\t\t\t<\/div>\n\t\t<\/section>\n\t\t\t\t\t\t\t<\/div>","protected":false},"excerpt":{"rendered":"<p>Pil\u00f3t\u00e1k 2022 Christoph Zellhofer 110 Aut\u00f3: Suzuki Swift 1.4 turboCsapat: Suzuki Team Austria Kamil Serafin 510 Aut\u00f3: Suzuki Swift 1.4 turboCsapat: Serafin Racing Fabian Ohrfandl 146 Aut\u00f3: Suzuki Swift 1.4 turboCsapat: Suzuki Team Austria Martin Zellhofer 164 Aut\u00f3: Suzuki Swift 1.4 turboCsapat: Suzuki Team Austria Aleks S\u00f3wka 586 Aut\u00f3: Suzuki Swift 1.4 turboCsapat: Darek Nowicki [&hellip;]<\/p>","protected":false},"author":2,"featured_media":16629,"parent":0,"menu_order":0,"comment_status":"closed","ping_status":"closed","template":"","meta":{"footnotes":""},"yoast_head":"<!-- This site is optimized with the Yoast SEO Premium plugin v21.1 (Yoast SEO v21.7) - https:\/\/yoast.com\/wordpress\/plugins\/seo\/ -->\n<title>Pil\u00f3t\u00e1k 2023 - FIA Swift Cup Europe<\/title>\n<meta name=\"robots\" content=\"index, follow, max-snippet:-1, max-image-preview:large, max-video-preview:-1\" \/>\n<link rel=\"canonical\" href=\"https:\/\/www.swiftcupeurope.com\/en\/pilotak-2023\/\" \/>\n<meta property=\"og:locale\" content=\"en_US\" \/>\n<meta property=\"og:type\" content=\"article\" \/>\n<meta property=\"og:title\" content=\"Pil\u00f3t\u00e1k 2023\" \/>\n<meta property=\"og:description\" content=\"Pil\u00f3t\u00e1k 2022 Christoph Zellhofer 110 Aut\u00f3: Suzuki Swift 1.4 turboCsapat: Suzuki Team Austria Kamil Serafin 510 Aut\u00f3: Suzuki Swift 1.4 turboCsapat: Serafin Racing Fabian Ohrfandl 146 Aut\u00f3: Suzuki Swift 1.4 turboCsapat: Suzuki Team Austria Martin Zellhofer 164 Aut\u00f3: Suzuki Swift 1.4 turboCsapat: Suzuki Team Austria Aleks S\u00f3wka 586 Aut\u00f3: Suzuki Swift 1.4 turboCsapat: Darek Nowicki [&hellip;]\" \/>\n<meta property=\"og:url\" content=\"https:\/\/www.swiftcupeurope.com\/en\/pilotak-2023\/\" \/>\n<meta property=\"og:site_name\" content=\"FIA Swift Cup Europe\" \/>\n<meta property=\"article:modified_time\" content=\"2023-05-21T11:52:37+00:00\" \/>\n<meta property=\"og:image\" content=\"https:\/\/www.swiftcupeurope.com\/wp-content\/uploads\/2023\/05\/sce2023_hungaroring_105.jpg\" \/>\n\t<meta property=\"og:image:width\" content=\"1920\" \/>\n\t<meta property=\"og:image:height\" content=\"1280\" \/>\n\t<meta property=\"og:image:type\" content=\"image\/jpeg\" \/>\n<meta name=\"twitter:card\" content=\"summary_large_image\" \/>\n<meta name=\"twitter:label1\" content=\"Est. reading time\" \/>\n\t<meta name=\"twitter:data1\" content=\"6 minutes\" \/>\n<script type=\"application\/ld+json\" class=\"yoast-schema-graph\">{\"@context\":\"https:\/\/schema.org\",\"@graph\":[{\"@type\":\"WebPage\",\"@id\":\"https:\/\/www.swiftcupeurope.com\/pilotak-2023\/\",\"url\":\"https:\/\/www.swiftcupeurope.com\/pilotak-2023\/\",\"name\":\"Pil\u00f3t\u00e1k 2023 - FIA Swift Cup Europe\",\"isPartOf\":{\"@id\":\"https:\/\/www.swiftcupeurope.com\/#website\"},\"datePublished\":\"2023-05-21T11:43:25+00:00\",\"dateModified\":\"2023-05-21T11:52:37+00:00\",\"breadcrumb\":{\"@id\":\"https:\/\/www.swiftcupeurope.com\/pilotak-2023\/#breadcrumb\"},\"inLanguage\":\"en-US\",\"potentialAction\":[{\"@type\":\"ReadAction\",\"target\":[\"https:\/\/www.swiftcupeurope.com\/pilotak-2023\/\"]}]},{\"@type\":\"BreadcrumbList\",\"@id\":\"https:\/\/www.swiftcupeurope.com\/pilotak-2023\/#breadcrumb\",\"itemListElement\":[{\"@type\":\"ListItem\",\"position\":1,\"name\":\"Kezd\u0151lap\",\"item\":\"https:\/\/www.swiftcupeurope.com\/\"},{\"@type\":\"ListItem\",\"position\":2,\"name\":\"Pil\u00f3t\u00e1k 2023\"}]},{\"@type\":\"WebSite\",\"@id\":\"https:\/\/www.swiftcupeurope.com\/#website\",\"url\":\"https:\/\/www.swiftcupeurope.com\/\",\"name\":\"FIA Swift Cup Europe\",\"description\":\"FIA Swift Cup Europe \/ Official Website\",\"publisher\":{\"@id\":\"https:\/\/www.swiftcupeurope.com\/#organization\"},\"potentialAction\":[{\"@type\":\"SearchAction\",\"target\":{\"@type\":\"EntryPoint\",\"urlTemplate\":\"https:\/\/www.swiftcupeurope.com\/?s={search_term_string}\"},\"query-input\":\"required name=search_term_string\"}],\"inLanguage\":\"en-US\"},{\"@type\":\"Organization\",\"@id\":\"https:\/\/www.swiftcupeurope.com\/#organization\",\"name\":\"FIA Swift Cup Europe\",\"url\":\"https:\/\/www.swiftcupeurope.com\/\",\"logo\":{\"@type\":\"ImageObject\",\"inLanguage\":\"en-US\",\"@id\":\"https:\/\/www.swiftcupeurope.com\/#\/schema\/logo\/image\/\",\"url\":\"https:\/\/www.swiftcupeurope.com\/wp-content\/uploads\/2021\/04\/cropped-sce_logo_2021inv.png\",\"contentUrl\":\"https:\/\/www.swiftcupeurope.com\/wp-content\/uploads\/2021\/04\/cropped-sce_logo_2021inv.png\",\"width\":600,\"height\":120,\"caption\":\"FIA Swift Cup Europe\"},\"image\":{\"@id\":\"https:\/\/www.swiftcupeurope.com\/#\/schema\/logo\/image\/\"}}]}<\/script>\n<!-- \/ Yoast SEO Premium plugin. -->","yoast_head_json":{"title":"Pil\u00f3t\u00e1k 2023 - FIA Swift Cup Europe","robots":{"index":"index","follow":"follow","max-snippet":"max-snippet:-1","max-image-preview":"max-image-preview:large","max-video-preview":"max-video-preview:-1"},"canonical":"https:\/\/www.swiftcupeurope.com\/en\/pilotak-2023\/","og_locale":"en_US","og_type":"article","og_title":"Pil\u00f3t\u00e1k 2023","og_description":"Pil\u00f3t\u00e1k 2022 Christoph Zellhofer 110 Aut\u00f3: Suzuki Swift 1.4 turboCsapat: Suzuki Team Austria Kamil Serafin 510 Aut\u00f3: Suzuki Swift 1.4 turboCsapat: Serafin Racing Fabian Ohrfandl 146 Aut\u00f3: Suzuki Swift 1.4 turboCsapat: Suzuki Team Austria Martin Zellhofer 164 Aut\u00f3: Suzuki Swift 1.4 turboCsapat: Suzuki Team Austria Aleks S\u00f3wka 586 Aut\u00f3: Suzuki Swift 1.4 turboCsapat: Darek Nowicki [&hellip;]","og_url":"https:\/\/www.swiftcupeurope.com\/en\/pilotak-2023\/","og_site_name":"FIA Swift Cup Europe","article_modified_time":"2023-05-21T11:52:37+00:00","og_image":[{"width":1920,"height":1280,"url":"https:\/\/www.swiftcupeurope.com\/wp-content\/uploads\/2023\/05\/sce2023_hungaroring_105.jpg","type":"image\/jpeg"}],"twitter_card":"summary_large_image","twitter_misc":{"Est. reading time":"6 minutes"},"schema":{"@context":"https:\/\/schema.org","@graph":[{"@type":"WebPage","@id":"https:\/\/www.swiftcupeurope.com\/pilotak-2023\/","url":"https:\/\/www.swiftcupeurope.com\/pilotak-2023\/","name":"Pil\u00f3t\u00e1k 2023 - FIA Swift Cup Europe","isPartOf":{"@id":"https:\/\/www.swiftcupeurope.com\/#website"},"datePublished":"2023-05-21T11:43:25+00:00","dateModified":"2023-05-21T11:52:37+00:00","breadcrumb":{"@id":"https:\/\/www.swiftcupeurope.com\/pilotak-2023\/#breadcrumb"},"inLanguage":"en-US","potentialAction":[{"@type":"ReadAction","target":["https:\/\/www.swiftcupeurope.com\/pilotak-2023\/"]}]},{"@type":"BreadcrumbList","@id":"https:\/\/www.swiftcupeurope.com\/pilotak-2023\/#breadcrumb","itemListElement":[{"@type":"ListItem","position":1,"name":"Kezd\u0151lap","item":"https:\/\/www.swiftcupeurope.com\/"},{"@type":"ListItem","position":2,"name":"Pil\u00f3t\u00e1k 2023"}]},{"@type":"WebSite","@id":"https:\/\/www.swiftcupeurope.com\/#website","url":"https:\/\/www.swiftcupeurope.com\/","name":"FIA Swift Cup Europe","description":"FIA Swift Cup Europe \/ Official Website","publisher":{"@id":"https:\/\/www.swiftcupeurope.com\/#organization"},"potentialAction":[{"@type":"SearchAction","target":{"@type":"EntryPoint","urlTemplate":"https:\/\/www.swiftcupeurope.com\/?s={search_term_string}"},"query-input":"required name=search_term_string"}],"inLanguage":"en-US"},{"@type":"Organization","@id":"https:\/\/www.swiftcupeurope.com\/#organization","name":"FIA Swift Cup Europe","url":"https:\/\/www.swiftcupeurope.com\/","logo":{"@type":"ImageObject","inLanguage":"en-US","@id":"https:\/\/www.swiftcupeurope.com\/#\/schema\/logo\/image\/","url":"https:\/\/www.swiftcupeurope.com\/wp-content\/uploads\/2021\/04\/cropped-sce_logo_2021inv.png","contentUrl":"https:\/\/www.swiftcupeurope.com\/wp-content\/uploads\/2021\/04\/cropped-sce_logo_2021inv.png","width":600,"height":120,"caption":"FIA Swift Cup Europe"},"image":{"@id":"https:\/\/www.swiftcupeurope.com\/#\/schema\/logo\/image\/"}}]}},"_links":{"self":[{"href":"https:\/\/www.swiftcupeurope.com\/en\/wp-json\/wp\/v2\/pages\/16773"}],"collection":[{"href":"https:\/\/www.swiftcupeurope.com\/en\/wp-json\/wp\/v2\/pages"}],"about":[{"href":"https:\/\/www.swiftcupeurope.com\/en\/wp-json\/wp\/v2\/types\/page"}],"author":[{"embeddable":true,"href":"https:\/\/www.swiftcupeurope.com\/en\/wp-json\/wp\/v2\/users\/2"}],"replies":[{"embeddable":true,"href":"https:\/\/www.swiftcupeurope.com\/en\/wp-json\/wp\/v2\/comments?post=16773"}],"version-history":[{"count":4,"href":"https:\/\/www.swiftcupeurope.com\/en\/wp-json\/wp\/v2\/pages\/16773\/revisions"}],"predecessor-version":[{"id":16778,"href":"https:\/\/www.swiftcupeurope.com\/en\/wp-json\/wp\/v2\/pages\/16773\/revisions\/16778"}],"wp:featuredmedia":[{"embeddable":true,"href":"https:\/\/www.swiftcupeurope.com\/en\/wp-json\/wp\/v2\/media\/16629"}],"wp:attachment":[{"href":"https:\/\/www.swiftcupeurope.com\/en\/wp-json\/wp\/v2\/media?parent=16773"}],"curies":[{"name":"wp","href":"https:\/\/api.w.org\/{rel}","templated":true}]}}