{"version":"1.0","provider_name":"FIA Swift Cup Europe","provider_url":"https:\/\/www.swiftcupeurope.com\/en","author_name":"swiftcupeurope","author_url":"https:\/\/www.swiftcupeurope.com\/en\/author\/swiftcupeurope\/","title":"Brno 2025 gal\u00e9ria","type":"rich","width":600,"height":338,"html":"<blockquote class=\"wp-embedded-content\" data-secret=\"cbjm1qpMr0\"><a href=\"https:\/\/www.swiftcupeurope.com\/en\/2025\/kepek\/brno-2025-galeria\/\">Brno 2025 gal\u00e9ria<\/a><\/blockquote><iframe sandbox=\"allow-scripts\" security=\"restricted\" src=\"https:\/\/www.swiftcupeurope.com\/en\/2025\/kepek\/brno-2025-galeria\/embed\/#?secret=cbjm1qpMr0\" width=\"600\" height=\"338\" title=\"&#8220;Brno 2025 gal\u00e9ria&#8221; &#8212; FIA Swift Cup Europe\" data-secret=\"cbjm1qpMr0\" frameborder=\"0\" marginwidth=\"0\" marginheight=\"0\" scrolling=\"no\" class=\"wp-embedded-content\"><\/iframe><script>\n\/*! This file is auto-generated *\/\n!function(d,l){\"use strict\";l.querySelector&&d.addEventListener&&\"undefined\"!=typeof URL&&(d.wp=d.wp||{},d.wp.receiveEmbedMessage||(d.wp.receiveEmbedMessage=function(e){var t=e.data;if((t||t.secret||t.message||t.value)&&!\/[^a-zA-Z0-9]\/.test(t.secret)){for(var s,r,n,a=l.querySelectorAll('iframe[data-secret=\"'+t.secret+'\"]'),o=l.querySelectorAll('blockquote[data-secret=\"'+t.secret+'\"]'),c=new RegExp(\"^https?:$\",\"i\"),i=0;i<o.length;i++)o[i].style.display=\"none\";for(i=0;i<a.length;i++)s=a[i],e.source===s.contentWindow&&(s.removeAttribute(\"style\"),\"height\"===t.message?(1e3<(r=parseInt(t.value,10))?r=1e3:~~r<200&&(r=200),s.height=r):\"link\"===t.message&&(r=new URL(s.getAttribute(\"src\")),n=new URL(t.value),c.test(n.protocol))&&n.host===r.host&&l.activeElement===s&&(d.top.location.href=t.value))}},d.addEventListener(\"message\",d.wp.receiveEmbedMessage,!1),l.addEventListener(\"DOMContentLoaded\",function(){for(var e,t,s=l.querySelectorAll(\"iframe.wp-embedded-content\"),r=0;r<s.length;r++)(t=(e=s[r]).getAttribute(\"data-secret\"))||(t=Math.random().toString(36).substring(2,12),e.src+=\"#?secret=\"+t,e.setAttribute(\"data-secret\",t)),e.contentWindow.postMessage({message:\"ready\",secret:t},\"*\")},!1)))}(window,document);\n<\/script>","thumbnail_url":"https:\/\/www.swiftcupeurope.com\/wp-content\/uploads\/2025\/09\/20250906_sce_brno_r1_099.jpg","thumbnail_width":1920,"thumbnail_height":1280,"description":"Becs\u00e1k J\u00e1nos k\u00e9pei a Swift Cup Europe csehorsz\u00e1gi h\u00e9tv\u00e9g\u00e9j\u00e9r\u0151l, az Automotodrom Brno versenyp\u00e1ly\u00e1n rendezett fordul\u00f3 esem\u00e9nyeir\u0151l. Photos by J\u00e1nos Becs\u00e1k from the Swift Cup Europe Czech weekend, capturing the events of the round held at the Automotodrom Brno circuit."}